{"id":8815,"date":"2024-10-22T23:46:51","date_gmt":"2024-10-22T21:46:51","guid":{"rendered":"https:\/\/www.elspagesos.com\/?post_type=event&#038;p=8815"},"modified":"2024-10-22T23:48:57","modified_gmt":"2024-10-22T21:48:57","slug":"cremats","status":"publish","type":"event","link":"https:\/\/www.elspagesos.com\/es\/agenda\/cremats\/","title":{"rendered":"CREMATS"},"content":{"rendered":"\t\t<div data-elementor-type=\"wp-post\" data-elementor-id=\"8815\" class=\"elementor elementor-8815 elementor-8781\" data-elementor-post-type=\"event\">\n\t\t\t\t<div class=\"elementor-element elementor-element-2a04679 e-flex e-con-boxed e-con e-parent\" data-id=\"2a04679\" data-element_type=\"container\" data-e-type=\"container\">\r\n\t\t\t\t\t<div class=\"e-con-inner\">\r\n\t\t<div class=\"elementor-element elementor-element-7132cda e-con-full e-flex e-con e-child\" data-id=\"7132cda\" data-element_type=\"container\" data-e-type=\"container\">\r\n\t\t\t\t<div class=\"elementor-element elementor-element-1577220 elementor-widget elementor-widget-image\" data-id=\"1577220\" data-element_type=\"widget\" data-e-type=\"widget\" data-widget_type=\"image.default\">\n\t\t\t\t<div class=\"elementor-widget-container\">\n\t\t\t\t\t\t\t\t\t\t\t\t\t\t\t<img fetchpriority=\"high\" decoding=\"async\" width=\"724\" height=\"1024\" src=\"https:\/\/www.elspagesos.com\/wp-content\/uploads\/2024\/10\/POSTERS-2024-cremats-A3-3-724x1024.jpg\" class=\"attachment-large size-large wp-image-8813\" alt=\"\" srcset=\"https:\/\/www.elspagesos.com\/wp-content\/uploads\/2024\/10\/POSTERS-2024-cremats-A3-3-724x1024.jpg 724w, https:\/\/www.elspagesos.com\/wp-content\/uploads\/2024\/10\/POSTERS-2024-cremats-A3-3-640x905.jpg 640w, https:\/\/www.elspagesos.com\/wp-content\/uploads\/2024\/10\/POSTERS-2024-cremats-A3-3-400x566.jpg 400w\" sizes=\"(max-width: 724px) 100vw, 724px\" \/>\t\t\t\t\t\t\t\t\t\t\t\t\t\t\t<\/div>\n\t\t\t\t<\/div>\n\t\t\t\t<\/div>\n\t\t<div class=\"elementor-element elementor-element-f1eb495 e-con-full e-flex e-con e-child\" data-id=\"f1eb495\" data-element_type=\"container\" data-e-type=\"container\">\r\n\t\t\t\t<div class=\"elementor-element elementor-element-ff5435d elementor-widget elementor-widget-text-editor\" data-id=\"ff5435d\" data-element_type=\"widget\" data-e-type=\"widget\" data-widget_type=\"text-editor.default\">\n\t\t\t\t<div class=\"elementor-widget-container\">\n\t\t\t\t\t\t\t\t\t<p>Dijous 24 a les 20h us convidem a venir a la pre-estrena d\u2019un reportatge molt especial: CREMATS, una mirada diferent de les Festes de Tardor 2024, realitzat pel David Mu\u00f1oz i el seu canal InfoTV Sant Feliu.<\/p><p>De la m\u00e0 dels estimats\u00a0Cremats i tota la seva gent, podreu viure des de dintre tot el muntatge de l&#8217;encesa del campanar (poca broma!), el moment m\u00e9s esperat i important de les santfeliuenques. Aquest mini docu ens far\u00e0 ser conscients de tota la feinada que hi ha darrere d&#8217;aquest gran espectacle pirot\u00e8cnic. Respect.<\/p><p>L\u2019endem\u00e0, proper divendres 25 d\u2019octubre a les 20\u202fh s\u2019estrena al canal Youtube d\u2019Info Tv Sant Feliu, i el podreu mirar i remirar tantes vegades com vulgueu.<\/p>\t\t\t\t\t\t\t\t<\/div>\n\t\t\t\t<\/div>\n\t\t\t\t<\/div>\n\t\t<div class=\"elementor-element elementor-element-ad81525 e-con-full e-flex e-con e-child\" data-id=\"ad81525\" data-element_type=\"container\" data-e-type=\"container\">\r\n\t\t\t\t<div class=\"elementor-element elementor-element-c913c68 elementor-widget elementor-widget-video\" data-id=\"c913c68\" data-element_type=\"widget\" data-e-type=\"widget\" data-settings=\"{&quot;youtube_url&quot;:&quot;https:\\\/\\\/www.youtube.com\\\/watch?v=an0m-AUm0rg&quot;,&quot;video_type&quot;:&quot;youtube&quot;,&quot;controls&quot;:&quot;yes&quot;}\" data-widget_type=\"video.default\">\n\t\t\t\t<div class=\"elementor-widget-container\">\n\t\t\t\t\t\t\t<div class=\"elementor-wrapper elementor-open-inline\">\n\t\t\t<div class=\"elementor-video\"><\/div>\t\t<\/div>\n\t\t\t\t\t\t<\/div>\n\t\t\t\t<\/div>\n\t\t\t\t<\/div>\n\t\t\t\t\t<\/div>\n\t\t\t\t<\/div>\n\t\t\t\t<\/div>\n\t\t","protected":false},"excerpt":{"rendered":"<p>Dijous 24 a les 20h us convidem a venir a la pre-estrena d\u2019un reportatge molt especial: CREMATS, una mirada diferent de les Festes de Tardor 2024, realitzat pel David Mu\u00f1oz i el seu canal InfoTV Sant Feliu. De la m\u00e0 dels estimats\u00a0Cremats i tota la seva gent, podreu viure des de dintre tot el muntatge [&hellip;]<\/p>\n","protected":false},"featured_media":8814,"menu_order":0,"template":"","class_list":["post-8815","event","type-event","status-publish","has-post-thumbnail","hentry"],"aioseo_notices":[],"_links":{"self":[{"href":"https:\/\/www.elspagesos.com\/es\/wp-json\/wp\/v2\/event\/8815","targetHints":{"allow":["GET"]}}],"collection":[{"href":"https:\/\/www.elspagesos.com\/es\/wp-json\/wp\/v2\/event"}],"about":[{"href":"https:\/\/www.elspagesos.com\/es\/wp-json\/wp\/v2\/types\/event"}],"version-history":[{"count":4,"href":"https:\/\/www.elspagesos.com\/es\/wp-json\/wp\/v2\/event\/8815\/revisions"}],"predecessor-version":[{"id":8823,"href":"https:\/\/www.elspagesos.com\/es\/wp-json\/wp\/v2\/event\/8815\/revisions\/8823"}],"wp:featuredmedia":[{"embeddable":true,"href":"https:\/\/www.elspagesos.com\/es\/wp-json\/wp\/v2\/media\/8814"}],"wp:attachment":[{"href":"https:\/\/www.elspagesos.com\/es\/wp-json\/wp\/v2\/media?parent=8815"}],"curies":[{"name":"wp","href":"https:\/\/api.w.org\/{rel}","templated":true}]}}