{"id":8421,"date":"2024-05-08T14:00:35","date_gmt":"2024-05-08T12:00:35","guid":{"rendered":"https:\/\/www.elspagesos.com\/agenda\/perreo-intenso-edicio-festes-de-primavera\/"},"modified":"2024-05-08T14:04:23","modified_gmt":"2024-05-08T12:04:23","slug":"perreo-intenso-edicio-festes-de-primavera","status":"publish","type":"event","link":"https:\/\/www.elspagesos.com\/es\/agenda\/perreo-intenso-edicio-festes-de-primavera\/","title":{"rendered":"PERREO INTENSO edici\u00f3 Festes de Primavera"},"content":{"rendered":"\t\t<div data-elementor-type=\"wp-post\" data-elementor-id=\"8421\" class=\"elementor elementor-8421 elementor-8372\" data-elementor-post-type=\"event\">\n\t\t\t\t<div class=\"elementor-element elementor-element-2a04679 e-flex e-con-boxed e-con e-parent\" data-id=\"2a04679\" data-element_type=\"container\" data-e-type=\"container\">\r\n\t\t\t\t\t<div class=\"e-con-inner\">\r\n\t\t<div class=\"elementor-element elementor-element-7132cda e-con-full e-flex e-con e-child\" data-id=\"7132cda\" data-element_type=\"container\" data-e-type=\"container\">\r\n\t\t\t\t<div class=\"elementor-element elementor-element-1577220 elementor-widget elementor-widget-image\" data-id=\"1577220\" data-element_type=\"widget\" data-e-type=\"widget\" data-widget_type=\"image.default\">\n\t\t\t\t<div class=\"elementor-widget-container\">\n\t\t\t\t\t\t\t\t\t\t\t\t\t\t\t<img fetchpriority=\"high\" decoding=\"async\" width=\"724\" height=\"1024\" src=\"https:\/\/www.elspagesos.com\/wp-content\/uploads\/2024\/05\/FESTES-PRIMAVERA-2024-PERREO-INTENSO-724x1024.jpg\" class=\"attachment-large size-large wp-image-8418\" alt=\"\" srcset=\"https:\/\/www.elspagesos.com\/wp-content\/uploads\/2024\/05\/FESTES-PRIMAVERA-2024-PERREO-INTENSO-724x1024.jpg 724w, https:\/\/www.elspagesos.com\/wp-content\/uploads\/2024\/05\/FESTES-PRIMAVERA-2024-PERREO-INTENSO-640x905.jpg 640w, https:\/\/www.elspagesos.com\/wp-content\/uploads\/2024\/05\/FESTES-PRIMAVERA-2024-PERREO-INTENSO-400x566.jpg 400w\" sizes=\"(max-width: 724px) 100vw, 724px\" \/>\t\t\t\t\t\t\t\t\t\t\t\t\t\t\t<\/div>\n\t\t\t\t<\/div>\n\t\t\t\t<\/div>\n\t\t<div class=\"elementor-element elementor-element-f1eb495 e-con-full e-flex e-con e-child\" data-id=\"f1eb495\" data-element_type=\"container\" data-e-type=\"container\">\r\n\t\t\t\t<div class=\"elementor-element elementor-element-ff5435d elementor-widget elementor-widget-text-editor\" data-id=\"ff5435d\" data-element_type=\"widget\" data-e-type=\"widget\" data-widget_type=\"text-editor.default\">\n\t\t\t\t<div class=\"elementor-widget-container\">\n\t\t\t\t\t\t\t\t\t<p>Ha arribat el maig i amb ell, les Festes de Primavera i el seu jaroteo habitual. Que no estan a l\u2019al\u00e7ada de les de Tardor? ho sabem, per\u00f2 nosaltres ho donarem tot igualment.<\/p><p>Aneu escalfant motors pel dissabte, perqu\u00e8 tenim preparada una sessi\u00f3 de puro PERREO INTENSO edici\u00f3 primaveral. Hosted, com no, by el nostre estimat resident: El Chvnco.<\/p><p>A mi me gusta la gasolina!<\/p>\t\t\t\t\t\t\t\t<\/div>\n\t\t\t\t<\/div>\n\t\t\t\t<\/div>\n\t\t<div class=\"elementor-element elementor-element-ad81525 e-con-full e-flex e-con e-child\" data-id=\"ad81525\" data-element_type=\"container\" data-e-type=\"container\">\r\n\t\t\t\t<div class=\"elementor-element elementor-element-c913c68 elementor-widget elementor-widget-video\" data-id=\"c913c68\" data-element_type=\"widget\" data-e-type=\"widget\" data-settings=\"{&quot;youtube_url&quot;:&quot;https:\\\/\\\/www.youtube.com\\\/watch?v=CCF1_jI8Prk&amp;embeds_referring_euri=https%3A%2F%2Fwww.elspagesos.com%2F&amp;source_ve_path=MjM4NTE&amp;feature=emb_title&quot;,&quot;video_type&quot;:&quot;youtube&quot;,&quot;controls&quot;:&quot;yes&quot;}\" data-widget_type=\"video.default\">\n\t\t\t\t<div class=\"elementor-widget-container\">\n\t\t\t\t\t\t\t<div class=\"elementor-wrapper elementor-open-inline\">\n\t\t\t<div class=\"elementor-video\"><\/div>\t\t<\/div>\n\t\t\t\t\t\t<\/div>\n\t\t\t\t<\/div>\n\t\t\t\t<\/div>\n\t\t\t\t\t<\/div>\n\t\t\t\t<\/div>\n\t\t\t\t<\/div>\n\t\t","protected":false},"excerpt":{"rendered":"<p>Ha arribat el maig i amb ell, les Festes de Primavera i el seu jaroteo habitual. Que no estan a l\u2019al\u00e7ada de les de Tardor? ho sabem, per\u00f2 nosaltres ho donarem tot igualment. Aneu escalfant motors pel dissabte, perqu\u00e8 tenim preparada una sessi\u00f3 de puro PERREO INTENSO edici\u00f3 primaveral. Hosted, com no, by el nostre [&hellip;]<\/p>\n","protected":false},"featured_media":8419,"menu_order":0,"template":"","class_list":["post-8421","event","type-event","status-publish","has-post-thumbnail","hentry"],"aioseo_notices":[],"aioseo_head":"\n\t\t<!-- All in One SEO 5.0.0.1 - aioseo.com -->\n\t<meta name=\"description\" content=\"Ha arribat el maig i amb ell, les Festes de Primavera i el seu jaroteo habitual. Que no estan a l\u2019al\u00e7ada de les de Tardor? ho sabem, per\u00f2 nosaltres ho donarem tot igualment.Aneu escalfant motors pel dissabte, perqu\u00e8 tenim preparada una sessi\u00f3 de puro PERREO INTENSO edici\u00f3 primaveral. Hosted, com no, by el nostre estimat\" \/>\n\t<meta name=\"robots\" content=\"max-image-preview:large\" \/>\n\t<link rel=\"canonical\" href=\"https:\/\/www.elspagesos.com\/es\/agenda\/perreo-intenso-edicio-festes-de-primavera\/\" \/>\n\t<meta name=\"generator\" content=\"All in One SEO (AIOSEO) 5.0.0.1\" \/>\n\t\t<meta property=\"og:locale\" content=\"es_ES\" \/>\n\t\t<meta property=\"og:site_name\" content=\"Els pagesos -\" \/>\n\t\t<meta property=\"og:type\" content=\"article\" \/>\n\t\t<meta property=\"og:title\" content=\"PERREO INTENSO edici\u00f3 Festes de Primavera - Els pagesos\" \/>\n\t\t<meta property=\"og:description\" content=\"Ha arribat el maig i amb ell, les Festes de Primavera i el seu jaroteo habitual. Que no estan a l\u2019al\u00e7ada de les de Tardor? ho sabem, per\u00f2 nosaltres ho donarem tot igualment.Aneu escalfant motors pel dissabte, perqu\u00e8 tenim preparada una sessi\u00f3 de puro PERREO INTENSO edici\u00f3 primaveral. Hosted, com no, by el nostre estimat\" \/>\n\t\t<meta property=\"og:url\" content=\"https:\/\/www.elspagesos.com\/es\/agenda\/perreo-intenso-edicio-festes-de-primavera\/\" \/>\n\t\t<meta property=\"article:published_time\" content=\"2024-05-08T12:00:35+00:00\" \/>\n\t\t<meta property=\"article:modified_time\" content=\"2024-05-08T12:04:23+00:00\" \/>\n\t\t<meta name=\"twitter:card\" content=\"summary_large_image\" \/>\n\t\t<meta name=\"twitter:title\" content=\"PERREO INTENSO edici\u00f3 Festes de Primavera - Els pagesos\" \/>\n\t\t<meta name=\"twitter:description\" content=\"Ha arribat el maig i amb ell, les Festes de Primavera i el seu jaroteo habitual. Que no estan a l\u2019al\u00e7ada de les de Tardor? ho sabem, per\u00f2 nosaltres ho donarem tot igualment.Aneu escalfant motors pel dissabte, perqu\u00e8 tenim preparada una sessi\u00f3 de puro PERREO INTENSO edici\u00f3 primaveral. Hosted, com no, by el nostre estimat\" \/>\n\t\t<script type=\"application\/ld+json\" class=\"aioseo-schema\">\n\t\t\t{\"@context\":\"https:\\\/\\\/schema.org\",\"@graph\":[{\"@type\":\"BreadcrumbList\",\"@id\":\"https:\\\/\\\/www.elspagesos.com\\\/es\\\/agenda\\\/perreo-intenso-edicio-festes-de-primavera\\\/#breadcrumblist\",\"itemListElement\":[{\"@type\":\"ListItem\",\"@id\":\"https:\\\/\\\/www.elspagesos.com\\\/es\\\/#listItem\",\"position\":1,\"name\":\"Inicio\",\"item\":\"https:\\\/\\\/www.elspagesos.com\\\/es\\\/\",\"nextItem\":{\"@type\":\"ListItem\",\"@id\":\"https:\\\/\\\/www.elspagesos.com\\\/es\\\/agenda\\\/#listItem\",\"name\":\"Agenda\"}},{\"@type\":\"ListItem\",\"@id\":\"https:\\\/\\\/www.elspagesos.com\\\/es\\\/agenda\\\/#listItem\",\"position\":2,\"name\":\"Agenda\",\"item\":\"https:\\\/\\\/www.elspagesos.com\\\/es\\\/agenda\\\/\",\"nextItem\":{\"@type\":\"ListItem\",\"@id\":\"https:\\\/\\\/www.elspagesos.com\\\/es\\\/agenda\\\/perreo-intenso-edicio-festes-de-primavera\\\/#listItem\",\"name\":\"PERREO INTENSO edici\\u00f3 Festes de Primavera\"},\"previousItem\":{\"@type\":\"ListItem\",\"@id\":\"https:\\\/\\\/www.elspagesos.com\\\/es\\\/#listItem\",\"name\":\"Inicio\"}},{\"@type\":\"ListItem\",\"@id\":\"https:\\\/\\\/www.elspagesos.com\\\/es\\\/agenda\\\/perreo-intenso-edicio-festes-de-primavera\\\/#listItem\",\"position\":3,\"name\":\"PERREO INTENSO edici\\u00f3 Festes de Primavera\",\"previousItem\":{\"@type\":\"ListItem\",\"@id\":\"https:\\\/\\\/www.elspagesos.com\\\/es\\\/agenda\\\/#listItem\",\"name\":\"Agenda\"}}]},{\"@type\":\"Organization\",\"@id\":\"https:\\\/\\\/www.elspagesos.com\\\/es\\\/#organization\",\"name\":\"pagesos\",\"url\":\"https:\\\/\\\/www.elspagesos.com\\\/es\\\/\"},{\"@type\":\"WebPage\",\"@id\":\"https:\\\/\\\/www.elspagesos.com\\\/es\\\/agenda\\\/perreo-intenso-edicio-festes-de-primavera\\\/#webpage\",\"url\":\"https:\\\/\\\/www.elspagesos.com\\\/es\\\/agenda\\\/perreo-intenso-edicio-festes-de-primavera\\\/\",\"name\":\"PERREO INTENSO edici\\u00f3 Festes de Primavera - Els pagesos\",\"description\":\"Ha arribat el maig i amb ell, les Festes de Primavera i el seu jaroteo habitual. Que no estan a l\\u2019al\\u00e7ada de les de Tardor? ho sabem, per\\u00f2 nosaltres ho donarem tot igualment.Aneu escalfant motors pel dissabte, perqu\\u00e8 tenim preparada una sessi\\u00f3 de puro PERREO INTENSO edici\\u00f3 primaveral. Hosted, com no, by el nostre estimat\",\"inLanguage\":\"es-ES\",\"isPartOf\":{\"@id\":\"https:\\\/\\\/www.elspagesos.com\\\/es\\\/#website\"},\"breadcrumb\":{\"@id\":\"https:\\\/\\\/www.elspagesos.com\\\/es\\\/agenda\\\/perreo-intenso-edicio-festes-de-primavera\\\/#breadcrumblist\"},\"image\":{\"@type\":\"ImageObject\",\"url\":\"https:\\\/\\\/www.elspagesos.com\\\/wp-content\\\/uploads\\\/2024\\\/05\\\/FESTES-PRIMAVERA-2024-PERREO-INTENSO.jpg\",\"@id\":\"https:\\\/\\\/www.elspagesos.com\\\/es\\\/agenda\\\/perreo-intenso-edicio-festes-de-primavera\\\/#mainImage\",\"width\":1754,\"height\":2481},\"primaryImageOfPage\":{\"@id\":\"https:\\\/\\\/www.elspagesos.com\\\/es\\\/agenda\\\/perreo-intenso-edicio-festes-de-primavera\\\/#mainImage\"},\"datePublished\":\"2024-05-08T14:00:35+02:00\",\"dateModified\":\"2024-05-08T14:04:23+02:00\"},{\"@type\":\"WebSite\",\"@id\":\"https:\\\/\\\/www.elspagesos.com\\\/es\\\/#website\",\"url\":\"https:\\\/\\\/www.elspagesos.com\\\/es\\\/\",\"name\":\"pagesos\",\"inLanguage\":\"es-ES\",\"publisher\":{\"@id\":\"https:\\\/\\\/www.elspagesos.com\\\/es\\\/#organization\"}}]}\n\t\t<\/script>\n\t\t<!-- All in One SEO -->\n\n","aioseo_head_json":{"title":"PERREO INTENSO edici\u00f3 Festes de Primavera - Els pagesos","description":"Ha arribat el maig i amb ell, les Festes de Primavera i el seu jaroteo habitual. Que no estan a l\u2019al\u00e7ada de les de Tardor? ho sabem, per\u00f2 nosaltres ho donarem tot igualment.Aneu escalfant motors pel dissabte, perqu\u00e8 tenim preparada una sessi\u00f3 de puro PERREO INTENSO edici\u00f3 primaveral. Hosted, com no, by el nostre estimat","canonical_url":"https:\/\/www.elspagesos.com\/es\/agenda\/perreo-intenso-edicio-festes-de-primavera\/","robots":"max-image-preview:large","keywords":"","webmasterTools":{"miscellaneous":""},"schema":{"@context":"https:\/\/schema.org","@graph":[{"@type":"BreadcrumbList","@id":"https:\/\/www.elspagesos.com\/es\/agenda\/perreo-intenso-edicio-festes-de-primavera\/#breadcrumblist","itemListElement":[{"@type":"ListItem","@id":"https:\/\/www.elspagesos.com\/es\/#listItem","position":1,"name":"Inicio","item":"https:\/\/www.elspagesos.com\/es\/","nextItem":{"@type":"ListItem","@id":"https:\/\/www.elspagesos.com\/es\/agenda\/#listItem","name":"Agenda"}},{"@type":"ListItem","@id":"https:\/\/www.elspagesos.com\/es\/agenda\/#listItem","position":2,"name":"Agenda","item":"https:\/\/www.elspagesos.com\/es\/agenda\/","nextItem":{"@type":"ListItem","@id":"https:\/\/www.elspagesos.com\/es\/agenda\/perreo-intenso-edicio-festes-de-primavera\/#listItem","name":"PERREO INTENSO edici\u00f3 Festes de Primavera"},"previousItem":{"@type":"ListItem","@id":"https:\/\/www.elspagesos.com\/es\/#listItem","name":"Inicio"}},{"@type":"ListItem","@id":"https:\/\/www.elspagesos.com\/es\/agenda\/perreo-intenso-edicio-festes-de-primavera\/#listItem","position":3,"name":"PERREO INTENSO edici\u00f3 Festes de Primavera","previousItem":{"@type":"ListItem","@id":"https:\/\/www.elspagesos.com\/es\/agenda\/#listItem","name":"Agenda"}}]},{"@type":"Organization","@id":"https:\/\/www.elspagesos.com\/es\/#organization","name":"pagesos","url":"https:\/\/www.elspagesos.com\/es\/"},{"@type":"WebPage","@id":"https:\/\/www.elspagesos.com\/es\/agenda\/perreo-intenso-edicio-festes-de-primavera\/#webpage","url":"https:\/\/www.elspagesos.com\/es\/agenda\/perreo-intenso-edicio-festes-de-primavera\/","name":"PERREO INTENSO edici\u00f3 Festes de Primavera - Els pagesos","description":"Ha arribat el maig i amb ell, les Festes de Primavera i el seu jaroteo habitual. Que no estan a l\u2019al\u00e7ada de les de Tardor? ho sabem, per\u00f2 nosaltres ho donarem tot igualment.Aneu escalfant motors pel dissabte, perqu\u00e8 tenim preparada una sessi\u00f3 de puro PERREO INTENSO edici\u00f3 primaveral. Hosted, com no, by el nostre estimat","inLanguage":"es-ES","isPartOf":{"@id":"https:\/\/www.elspagesos.com\/es\/#website"},"breadcrumb":{"@id":"https:\/\/www.elspagesos.com\/es\/agenda\/perreo-intenso-edicio-festes-de-primavera\/#breadcrumblist"},"image":{"@type":"ImageObject","url":"https:\/\/www.elspagesos.com\/wp-content\/uploads\/2024\/05\/FESTES-PRIMAVERA-2024-PERREO-INTENSO.jpg","@id":"https:\/\/www.elspagesos.com\/es\/agenda\/perreo-intenso-edicio-festes-de-primavera\/#mainImage","width":1754,"height":2481},"primaryImageOfPage":{"@id":"https:\/\/www.elspagesos.com\/es\/agenda\/perreo-intenso-edicio-festes-de-primavera\/#mainImage"},"datePublished":"2024-05-08T14:00:35+02:00","dateModified":"2024-05-08T14:04:23+02:00"},{"@type":"WebSite","@id":"https:\/\/www.elspagesos.com\/es\/#website","url":"https:\/\/www.elspagesos.com\/es\/","name":"pagesos","inLanguage":"es-ES","publisher":{"@id":"https:\/\/www.elspagesos.com\/es\/#organization"}}]},"og:locale":"es_ES","og:site_name":"Els pagesos -","og:type":"article","og:title":"PERREO INTENSO edici\u00f3 Festes de Primavera - Els pagesos","og:description":"Ha arribat el maig i amb ell, les Festes de Primavera i el seu jaroteo habitual. Que no estan a l\u2019al\u00e7ada de les de Tardor? ho sabem, per\u00f2 nosaltres ho donarem tot igualment.Aneu escalfant motors pel dissabte, perqu\u00e8 tenim preparada una sessi\u00f3 de puro PERREO INTENSO edici\u00f3 primaveral. Hosted, com no, by el nostre estimat","og:url":"https:\/\/www.elspagesos.com\/es\/agenda\/perreo-intenso-edicio-festes-de-primavera\/","article:published_time":"2024-05-08T12:00:35+00:00","article:modified_time":"2024-05-08T12:04:23+00:00","twitter:card":"summary_large_image","twitter:title":"PERREO INTENSO edici\u00f3 Festes de Primavera - Els pagesos","twitter:description":"Ha arribat el maig i amb ell, les Festes de Primavera i el seu jaroteo habitual. Que no estan a l\u2019al\u00e7ada de les de Tardor? ho sabem, per\u00f2 nosaltres ho donarem tot igualment.Aneu escalfant motors pel dissabte, perqu\u00e8 tenim preparada una sessi\u00f3 de puro PERREO INTENSO edici\u00f3 primaveral. Hosted, com no, by el nostre estimat"},"aioseo_meta_data":{"post_id":"8421","title":null,"description":null,"keywords":null,"keyphrases":null,"primary_term":null,"canonical_url":null,"og_title":null,"og_description":null,"og_object_type":"default","og_image_type":"default","og_image_url":null,"og_image_width":null,"og_image_height":null,"og_image_custom_url":null,"og_image_custom_fields":null,"og_video":null,"og_custom_url":null,"og_article_section":null,"og_article_tags":null,"twitter_use_og":false,"twitter_card":"default","twitter_image_type":"default","twitter_image_url":null,"twitter_image_custom_url":null,"twitter_image_custom_fields":null,"twitter_title":null,"twitter_description":null,"schema":{"blockGraphs":[],"customGraphs":[],"default":{"data":{"Article":[],"Course":[],"Dataset":[],"FAQPage":[],"Movie":[],"Person":[],"Product":[],"ProductReview":[],"Car":[],"Recipe":[],"Service":[],"SoftwareApplication":[],"WebPage":[]},"graphName":"","isEnabled":true},"graphs":[]},"schema_type":"default","schema_type_options":null,"pillar_content":false,"robots_default":true,"robots_noindex":false,"robots_noarchive":false,"robots_nosnippet":false,"robots_nofollow":false,"robots_noimageindex":false,"robots_noodp":false,"robots_notranslate":false,"robots_max_snippet":null,"robots_max_videopreview":null,"robots_max_imagepreview":"large","priority":null,"frequency":null,"local_seo":null,"breadcrumb_settings":null,"limit_modified_date":false,"ai":null,"created":"2024-05-08 12:13:52","updated":"2025-10-15 05:40:31","seo_analyzer_scan_date":null,"focus_keyword":null,"additional_keywords":null,"truseo_locale":null},"aioseo_breadcrumb":"<div class=\"aioseo-breadcrumbs\"><span class=\"aioseo-breadcrumb\">\n\t\t\t<a href=\"https:\/\/www.elspagesos.com\/es\/\" title=\"Inicio\">Inicio<\/a>\n\t\t<\/span><span class=\"aioseo-breadcrumb-separator\">\u00bb<\/span><span class=\"aioseo-breadcrumb\">\n\t\t\t<a href=\"https:\/\/www.elspagesos.com\/es\/agenda\/\" title=\"Agenda\">Agenda<\/a>\n\t\t<\/span><span class=\"aioseo-breadcrumb-separator\">\u00bb<\/span><span class=\"aioseo-breadcrumb\">\n\t\t\tPERREO INTENSO edici\u00f3 Festes de Primavera\n\t\t<\/span><\/div>","aioseo_breadcrumb_json":[{"label":"Inicio","link":"https:\/\/www.elspagesos.com\/es\/"},{"label":"Agenda","link":"https:\/\/www.elspagesos.com\/es\/agenda\/"},{"label":"PERREO INTENSO edici\u00f3 Festes de Primavera","link":"https:\/\/www.elspagesos.com\/es\/agenda\/perreo-intenso-edicio-festes-de-primavera\/"}],"_links":{"self":[{"href":"https:\/\/www.elspagesos.com\/es\/wp-json\/wp\/v2\/event\/8421","targetHints":{"allow":["GET"]}}],"collection":[{"href":"https:\/\/www.elspagesos.com\/es\/wp-json\/wp\/v2\/event"}],"about":[{"href":"https:\/\/www.elspagesos.com\/es\/wp-json\/wp\/v2\/types\/event"}],"version-history":[{"count":3,"href":"https:\/\/www.elspagesos.com\/es\/wp-json\/wp\/v2\/event\/8421\/revisions"}],"predecessor-version":[{"id":8429,"href":"https:\/\/www.elspagesos.com\/es\/wp-json\/wp\/v2\/event\/8421\/revisions\/8429"}],"wp:featuredmedia":[{"embeddable":true,"href":"https:\/\/www.elspagesos.com\/es\/wp-json\/wp\/v2\/media\/8419"}],"wp:attachment":[{"href":"https:\/\/www.elspagesos.com\/es\/wp-json\/wp\/v2\/media?parent=8421"}],"curies":[{"name":"wp","href":"https:\/\/api.w.org\/{rel}","templated":true}]}}