{"id":7992,"date":"2024-02-07T11:17:04","date_gmt":"2024-02-07T10:17:04","guid":{"rendered":"https:\/\/www.elspagesos.com\/agenda\/baixa-comedia-2\/"},"modified":"2024-02-14T11:47:02","modified_gmt":"2024-02-14T10:47:02","slug":"baixa-comedia-2","status":"publish","type":"event","link":"https:\/\/www.elspagesos.com\/es\/agenda\/baixa-comedia-2\/","title":{"rendered":"BAIXA COM\u00c8DIA"},"content":{"rendered":"\t\t<div data-elementor-type=\"wp-post\" data-elementor-id=\"7992\" class=\"elementor elementor-7992 elementor-7957\" data-elementor-post-type=\"event\">\n\t\t\t\t<div class=\"elementor-element elementor-element-2a04679 e-flex e-con-boxed e-con e-parent\" data-id=\"2a04679\" data-element_type=\"container\" data-e-type=\"container\">\r\n\t\t\t\t\t<div class=\"e-con-inner\">\r\n\t\t<div class=\"elementor-element elementor-element-7132cda e-con-full e-flex e-con e-child\" data-id=\"7132cda\" data-element_type=\"container\" data-e-type=\"container\">\r\n\t\t\t\t<div class=\"elementor-element elementor-element-1577220 elementor-widget elementor-widget-image\" data-id=\"1577220\" data-element_type=\"widget\" data-e-type=\"widget\" data-widget_type=\"image.default\">\n\t\t\t\t<div class=\"elementor-widget-container\">\n\t\t\t\t\t\t\t\t\t\t\t\t\t\t\t<img fetchpriority=\"high\" decoding=\"async\" width=\"724\" height=\"1024\" src=\"https:\/\/www.elspagesos.com\/wp-content\/uploads\/2024\/02\/BAIXA-COMEDIA-CARTELL-24-2-9-724x1024.jpg\" class=\"attachment-large size-large wp-image-7989\" alt=\"\" srcset=\"https:\/\/www.elspagesos.com\/wp-content\/uploads\/2024\/02\/BAIXA-COMEDIA-CARTELL-24-2-9-724x1024.jpg 724w, https:\/\/www.elspagesos.com\/wp-content\/uploads\/2024\/02\/BAIXA-COMEDIA-CARTELL-24-2-9-640x905.jpg 640w, https:\/\/www.elspagesos.com\/wp-content\/uploads\/2024\/02\/BAIXA-COMEDIA-CARTELL-24-2-9-400x566.jpg 400w\" sizes=\"(max-width: 724px) 100vw, 724px\" \/>\t\t\t\t\t\t\t\t\t\t\t\t\t\t\t<\/div>\n\t\t\t\t<\/div>\n\t\t\t\t<\/div>\n\t\t<div class=\"elementor-element elementor-element-f1eb495 e-con-full e-flex e-con e-child\" data-id=\"f1eb495\" data-element_type=\"container\" data-e-type=\"container\">\r\n\t\t\t\t<div class=\"elementor-element elementor-element-ff5435d elementor-widget elementor-widget-text-editor\" data-id=\"ff5435d\" data-element_type=\"widget\" data-e-type=\"widget\" data-widget_type=\"text-editor.default\">\n\t\t\t\t<div class=\"elementor-widget-container\">\n\t\t\t\t\t\t\t\t\t<p>Divendres, nit de mon\u00f2legs inoblidable a Sant Feliu. Per qu\u00e8 ser\u00e0 inoblidable? Perqu\u00e8 la recordar\u00e0s per sempre. Els motius? Perqu\u00e8 portem unes c\u00f2miques i uns c\u00f2mics: Irene Monovas, Ravent\u00f3s, Irene Sango i els MC\u2019s \u00c0lex Vila i Marc Mart\u00ednez. Si no t\u2019ho creus, come and see.<\/p><p>Obrirem portes a les 18,30h i engegarem a les 19:00, com sempre.<\/p><p>Com pots aconseguir entrades per aquesta nit \u00fanica d\u2019humor? Doncs al link de la bio, com sempre.<\/p>\t\t\t\t\t\t\t\t<\/div>\n\t\t\t\t<\/div>\n\t\t\t\t<\/div>\n\t\t<div class=\"elementor-element elementor-element-ad81525 e-con-full e-flex e-con e-child\" data-id=\"ad81525\" data-element_type=\"container\" data-e-type=\"container\">\r\n\t\t\t\t<div class=\"elementor-element elementor-element-c913c68 elementor-widget elementor-widget-video\" data-id=\"c913c68\" data-element_type=\"widget\" data-e-type=\"widget\" data-settings=\"{&quot;youtube_url&quot;:&quot;https:\\\/\\\/youtu.be\\\/UwY5TUZPtmA?feature=shared&amp;t=16&quot;,&quot;video_type&quot;:&quot;youtube&quot;,&quot;controls&quot;:&quot;yes&quot;}\" data-widget_type=\"video.default\">\n\t\t\t\t<div class=\"elementor-widget-container\">\n\t\t\t\t\t\t\t<div class=\"elementor-wrapper elementor-open-inline\">\n\t\t\t<div class=\"elementor-video\"><\/div>\t\t<\/div>\n\t\t\t\t\t\t<\/div>\n\t\t\t\t<\/div>\n\t\t\t\t<\/div>\n\t\t\t\t\t<\/div>\n\t\t\t\t<\/div>\n\t\t\t\t<\/div>\n\t\t","protected":false},"excerpt":{"rendered":"<p>Divendres, nit de mon\u00f2legs inoblidable a Sant Feliu. Per qu\u00e8 ser\u00e0 inoblidable? Perqu\u00e8 la recordar\u00e0s per sempre. Els motius? Perqu\u00e8 portem unes c\u00f2miques i uns c\u00f2mics: Irene Monovas, Ravent\u00f3s, Irene Sango i els MC\u2019s \u00c0lex Vila i Marc Mart\u00ednez. Si no t\u2019ho creus, come and see. Obrirem portes a les 18,30h i engegarem a les [&hellip;]<\/p>\n","protected":false},"featured_media":7990,"menu_order":0,"template":"","class_list":["post-7992","event","type-event","status-publish","has-post-thumbnail","hentry"],"aioseo_notices":[],"aioseo_head":"\n\t\t<!-- All in One SEO 5.0.0.1 - aioseo.com -->\n\t<meta name=\"description\" content=\"Divendres, nit de mon\u00f2legs inoblidable a Sant Feliu. Per qu\u00e8 ser\u00e0 inoblidable? Perqu\u00e8 la recordar\u00e0s per sempre. Els motius? Perqu\u00e8 portem unes c\u00f2miques i uns c\u00f2mics: Irene Monovas, Ravent\u00f3s, Irene Sango i els MC\u2019s \u00c0lex Vila i Marc Mart\u00ednez. Si no t\u2019ho creus, come and see.Obrirem portes a les 18,30h i engegarem a les 19:00,\" \/>\n\t<meta name=\"robots\" content=\"max-image-preview:large\" \/>\n\t<link rel=\"canonical\" href=\"https:\/\/www.elspagesos.com\/es\/agenda\/baixa-comedia-2\/\" \/>\n\t<meta name=\"generator\" content=\"All in One SEO (AIOSEO) 5.0.0.1\" \/>\n\t\t<meta property=\"og:locale\" content=\"es_ES\" \/>\n\t\t<meta property=\"og:site_name\" content=\"Els pagesos -\" \/>\n\t\t<meta property=\"og:type\" content=\"article\" \/>\n\t\t<meta property=\"og:title\" content=\"BAIXA COM\u00c8DIA - Els pagesos\" \/>\n\t\t<meta property=\"og:description\" content=\"Divendres, nit de mon\u00f2legs inoblidable a Sant Feliu. Per qu\u00e8 ser\u00e0 inoblidable? Perqu\u00e8 la recordar\u00e0s per sempre. Els motius? Perqu\u00e8 portem unes c\u00f2miques i uns c\u00f2mics: Irene Monovas, Ravent\u00f3s, Irene Sango i els MC\u2019s \u00c0lex Vila i Marc Mart\u00ednez. Si no t\u2019ho creus, come and see.Obrirem portes a les 18,30h i engegarem a les 19:00,\" \/>\n\t\t<meta property=\"og:url\" content=\"https:\/\/www.elspagesos.com\/es\/agenda\/baixa-comedia-2\/\" \/>\n\t\t<meta property=\"article:published_time\" content=\"2024-02-07T10:17:04+00:00\" \/>\n\t\t<meta property=\"article:modified_time\" content=\"2024-02-14T10:47:02+00:00\" \/>\n\t\t<meta name=\"twitter:card\" content=\"summary_large_image\" \/>\n\t\t<meta name=\"twitter:title\" content=\"BAIXA COM\u00c8DIA - Els pagesos\" \/>\n\t\t<meta name=\"twitter:description\" content=\"Divendres, nit de mon\u00f2legs inoblidable a Sant Feliu. Per qu\u00e8 ser\u00e0 inoblidable? Perqu\u00e8 la recordar\u00e0s per sempre. Els motius? Perqu\u00e8 portem unes c\u00f2miques i uns c\u00f2mics: Irene Monovas, Ravent\u00f3s, Irene Sango i els MC\u2019s \u00c0lex Vila i Marc Mart\u00ednez. Si no t\u2019ho creus, come and see.Obrirem portes a les 18,30h i engegarem a les 19:00,\" \/>\n\t\t<script type=\"application\/ld+json\" class=\"aioseo-schema\">\n\t\t\t{\"@context\":\"https:\\\/\\\/schema.org\",\"@graph\":[{\"@type\":\"BreadcrumbList\",\"@id\":\"https:\\\/\\\/www.elspagesos.com\\\/es\\\/agenda\\\/baixa-comedia-2\\\/#breadcrumblist\",\"itemListElement\":[{\"@type\":\"ListItem\",\"@id\":\"https:\\\/\\\/www.elspagesos.com\\\/es\\\/#listItem\",\"position\":1,\"name\":\"Inicio\",\"item\":\"https:\\\/\\\/www.elspagesos.com\\\/es\\\/\",\"nextItem\":{\"@type\":\"ListItem\",\"@id\":\"https:\\\/\\\/www.elspagesos.com\\\/es\\\/agenda\\\/#listItem\",\"name\":\"Agenda\"}},{\"@type\":\"ListItem\",\"@id\":\"https:\\\/\\\/www.elspagesos.com\\\/es\\\/agenda\\\/#listItem\",\"position\":2,\"name\":\"Agenda\",\"item\":\"https:\\\/\\\/www.elspagesos.com\\\/es\\\/agenda\\\/\",\"nextItem\":{\"@type\":\"ListItem\",\"@id\":\"https:\\\/\\\/www.elspagesos.com\\\/es\\\/agenda\\\/baixa-comedia-2\\\/#listItem\",\"name\":\"BAIXA COM\\u00c8DIA\"},\"previousItem\":{\"@type\":\"ListItem\",\"@id\":\"https:\\\/\\\/www.elspagesos.com\\\/es\\\/#listItem\",\"name\":\"Inicio\"}},{\"@type\":\"ListItem\",\"@id\":\"https:\\\/\\\/www.elspagesos.com\\\/es\\\/agenda\\\/baixa-comedia-2\\\/#listItem\",\"position\":3,\"name\":\"BAIXA COM\\u00c8DIA\",\"previousItem\":{\"@type\":\"ListItem\",\"@id\":\"https:\\\/\\\/www.elspagesos.com\\\/es\\\/agenda\\\/#listItem\",\"name\":\"Agenda\"}}]},{\"@type\":\"Organization\",\"@id\":\"https:\\\/\\\/www.elspagesos.com\\\/es\\\/#organization\",\"name\":\"pagesos\",\"url\":\"https:\\\/\\\/www.elspagesos.com\\\/es\\\/\"},{\"@type\":\"WebPage\",\"@id\":\"https:\\\/\\\/www.elspagesos.com\\\/es\\\/agenda\\\/baixa-comedia-2\\\/#webpage\",\"url\":\"https:\\\/\\\/www.elspagesos.com\\\/es\\\/agenda\\\/baixa-comedia-2\\\/\",\"name\":\"BAIXA COM\\u00c8DIA - Els pagesos\",\"description\":\"Divendres, nit de mon\\u00f2legs inoblidable a Sant Feliu. Per qu\\u00e8 ser\\u00e0 inoblidable? Perqu\\u00e8 la recordar\\u00e0s per sempre. Els motius? Perqu\\u00e8 portem unes c\\u00f2miques i uns c\\u00f2mics: Irene Monovas, Ravent\\u00f3s, Irene Sango i els MC\\u2019s \\u00c0lex Vila i Marc Mart\\u00ednez. Si no t\\u2019ho creus, come and see.Obrirem portes a les 18,30h i engegarem a les 19:00,\",\"inLanguage\":\"es-ES\",\"isPartOf\":{\"@id\":\"https:\\\/\\\/www.elspagesos.com\\\/es\\\/#website\"},\"breadcrumb\":{\"@id\":\"https:\\\/\\\/www.elspagesos.com\\\/es\\\/agenda\\\/baixa-comedia-2\\\/#breadcrumblist\"},\"image\":{\"@type\":\"ImageObject\",\"url\":\"https:\\\/\\\/www.elspagesos.com\\\/wp-content\\\/uploads\\\/2024\\\/02\\\/BAIXA-COMEDIA-CARTELL-24-2-9-scaled.jpg\",\"@id\":\"https:\\\/\\\/www.elspagesos.com\\\/es\\\/agenda\\\/baixa-comedia-2\\\/#mainImage\",\"width\":1810,\"height\":2560},\"primaryImageOfPage\":{\"@id\":\"https:\\\/\\\/www.elspagesos.com\\\/es\\\/agenda\\\/baixa-comedia-2\\\/#mainImage\"},\"datePublished\":\"2024-02-07T11:17:04+01:00\",\"dateModified\":\"2024-02-14T11:47:02+01:00\"},{\"@type\":\"WebSite\",\"@id\":\"https:\\\/\\\/www.elspagesos.com\\\/es\\\/#website\",\"url\":\"https:\\\/\\\/www.elspagesos.com\\\/es\\\/\",\"name\":\"pagesos\",\"inLanguage\":\"es-ES\",\"publisher\":{\"@id\":\"https:\\\/\\\/www.elspagesos.com\\\/es\\\/#organization\"}}]}\n\t\t<\/script>\n\t\t<!-- All in One SEO -->\n\n","aioseo_head_json":{"title":"BAIXA COM\u00c8DIA - Els pagesos","description":"Divendres, nit de mon\u00f2legs inoblidable a Sant Feliu. Per qu\u00e8 ser\u00e0 inoblidable? Perqu\u00e8 la recordar\u00e0s per sempre. Els motius? Perqu\u00e8 portem unes c\u00f2miques i uns c\u00f2mics: Irene Monovas, Ravent\u00f3s, Irene Sango i els MC\u2019s \u00c0lex Vila i Marc Mart\u00ednez. Si no t\u2019ho creus, come and see.Obrirem portes a les 18,30h i engegarem a les 19:00,","canonical_url":"https:\/\/www.elspagesos.com\/es\/agenda\/baixa-comedia-2\/","robots":"max-image-preview:large","keywords":"","webmasterTools":{"miscellaneous":""},"schema":{"@context":"https:\/\/schema.org","@graph":[{"@type":"BreadcrumbList","@id":"https:\/\/www.elspagesos.com\/es\/agenda\/baixa-comedia-2\/#breadcrumblist","itemListElement":[{"@type":"ListItem","@id":"https:\/\/www.elspagesos.com\/es\/#listItem","position":1,"name":"Inicio","item":"https:\/\/www.elspagesos.com\/es\/","nextItem":{"@type":"ListItem","@id":"https:\/\/www.elspagesos.com\/es\/agenda\/#listItem","name":"Agenda"}},{"@type":"ListItem","@id":"https:\/\/www.elspagesos.com\/es\/agenda\/#listItem","position":2,"name":"Agenda","item":"https:\/\/www.elspagesos.com\/es\/agenda\/","nextItem":{"@type":"ListItem","@id":"https:\/\/www.elspagesos.com\/es\/agenda\/baixa-comedia-2\/#listItem","name":"BAIXA COM\u00c8DIA"},"previousItem":{"@type":"ListItem","@id":"https:\/\/www.elspagesos.com\/es\/#listItem","name":"Inicio"}},{"@type":"ListItem","@id":"https:\/\/www.elspagesos.com\/es\/agenda\/baixa-comedia-2\/#listItem","position":3,"name":"BAIXA COM\u00c8DIA","previousItem":{"@type":"ListItem","@id":"https:\/\/www.elspagesos.com\/es\/agenda\/#listItem","name":"Agenda"}}]},{"@type":"Organization","@id":"https:\/\/www.elspagesos.com\/es\/#organization","name":"pagesos","url":"https:\/\/www.elspagesos.com\/es\/"},{"@type":"WebPage","@id":"https:\/\/www.elspagesos.com\/es\/agenda\/baixa-comedia-2\/#webpage","url":"https:\/\/www.elspagesos.com\/es\/agenda\/baixa-comedia-2\/","name":"BAIXA COM\u00c8DIA - Els pagesos","description":"Divendres, nit de mon\u00f2legs inoblidable a Sant Feliu. Per qu\u00e8 ser\u00e0 inoblidable? Perqu\u00e8 la recordar\u00e0s per sempre. Els motius? Perqu\u00e8 portem unes c\u00f2miques i uns c\u00f2mics: Irene Monovas, Ravent\u00f3s, Irene Sango i els MC\u2019s \u00c0lex Vila i Marc Mart\u00ednez. Si no t\u2019ho creus, come and see.Obrirem portes a les 18,30h i engegarem a les 19:00,","inLanguage":"es-ES","isPartOf":{"@id":"https:\/\/www.elspagesos.com\/es\/#website"},"breadcrumb":{"@id":"https:\/\/www.elspagesos.com\/es\/agenda\/baixa-comedia-2\/#breadcrumblist"},"image":{"@type":"ImageObject","url":"https:\/\/www.elspagesos.com\/wp-content\/uploads\/2024\/02\/BAIXA-COMEDIA-CARTELL-24-2-9-scaled.jpg","@id":"https:\/\/www.elspagesos.com\/es\/agenda\/baixa-comedia-2\/#mainImage","width":1810,"height":2560},"primaryImageOfPage":{"@id":"https:\/\/www.elspagesos.com\/es\/agenda\/baixa-comedia-2\/#mainImage"},"datePublished":"2024-02-07T11:17:04+01:00","dateModified":"2024-02-14T11:47:02+01:00"},{"@type":"WebSite","@id":"https:\/\/www.elspagesos.com\/es\/#website","url":"https:\/\/www.elspagesos.com\/es\/","name":"pagesos","inLanguage":"es-ES","publisher":{"@id":"https:\/\/www.elspagesos.com\/es\/#organization"}}]},"og:locale":"es_ES","og:site_name":"Els pagesos -","og:type":"article","og:title":"BAIXA COM\u00c8DIA - Els pagesos","og:description":"Divendres, nit de mon\u00f2legs inoblidable a Sant Feliu. Per qu\u00e8 ser\u00e0 inoblidable? Perqu\u00e8 la recordar\u00e0s per sempre. Els motius? Perqu\u00e8 portem unes c\u00f2miques i uns c\u00f2mics: Irene Monovas, Ravent\u00f3s, Irene Sango i els MC\u2019s \u00c0lex Vila i Marc Mart\u00ednez. Si no t\u2019ho creus, come and see.Obrirem portes a les 18,30h i engegarem a les 19:00,","og:url":"https:\/\/www.elspagesos.com\/es\/agenda\/baixa-comedia-2\/","article:published_time":"2024-02-07T10:17:04+00:00","article:modified_time":"2024-02-14T10:47:02+00:00","twitter:card":"summary_large_image","twitter:title":"BAIXA COM\u00c8DIA - Els pagesos","twitter:description":"Divendres, nit de mon\u00f2legs inoblidable a Sant Feliu. Per qu\u00e8 ser\u00e0 inoblidable? Perqu\u00e8 la recordar\u00e0s per sempre. Els motius? Perqu\u00e8 portem unes c\u00f2miques i uns c\u00f2mics: Irene Monovas, Ravent\u00f3s, Irene Sango i els MC\u2019s \u00c0lex Vila i Marc Mart\u00ednez. Si no t\u2019ho creus, come and see.Obrirem portes a les 18,30h i engegarem a les 19:00,"},"aioseo_meta_data":{"post_id":"7992","title":null,"description":null,"keywords":[],"keyphrases":{"focus":{"keyphrase":"","score":0,"analysis":{"keyphraseInTitle":{"score":0,"maxScore":9,"error":1}}},"additional":[]},"primary_term":null,"canonical_url":null,"og_title":null,"og_description":null,"og_object_type":"default","og_image_type":"default","og_image_url":null,"og_image_width":null,"og_image_height":null,"og_image_custom_url":null,"og_image_custom_fields":null,"og_video":"","og_custom_url":null,"og_article_section":null,"og_article_tags":[],"twitter_use_og":false,"twitter_card":"default","twitter_image_type":"default","twitter_image_url":null,"twitter_image_custom_url":null,"twitter_image_custom_fields":null,"twitter_title":null,"twitter_description":null,"schema":{"blockGraphs":[],"customGraphs":[],"default":{"data":{"Article":[],"Course":[],"Dataset":[],"FAQPage":[],"Movie":[],"Person":[],"Product":[],"ProductReview":[],"Car":[],"Recipe":[],"Service":[],"SoftwareApplication":[],"WebPage":[]},"graphName":"WebPage","isEnabled":true},"graphs":[]},"schema_type":"default","schema_type_options":null,"pillar_content":false,"robots_default":true,"robots_noindex":false,"robots_noarchive":false,"robots_nosnippet":false,"robots_nofollow":false,"robots_noimageindex":false,"robots_noodp":false,"robots_notranslate":false,"robots_max_snippet":"-1","robots_max_videopreview":"-1","robots_max_imagepreview":"large","priority":null,"frequency":"default","local_seo":null,"breadcrumb_settings":null,"limit_modified_date":false,"ai":null,"created":"2024-02-07 10:19:18","updated":"2025-10-15 05:32:40","seo_analyzer_scan_date":null,"focus_keyword":null,"additional_keywords":null,"truseo_locale":null},"aioseo_breadcrumb":"<div class=\"aioseo-breadcrumbs\"><span class=\"aioseo-breadcrumb\">\n\t\t\t<a href=\"https:\/\/www.elspagesos.com\/es\/\" title=\"Inicio\">Inicio<\/a>\n\t\t<\/span><span class=\"aioseo-breadcrumb-separator\">\u00bb<\/span><span class=\"aioseo-breadcrumb\">\n\t\t\t<a href=\"https:\/\/www.elspagesos.com\/es\/agenda\/\" title=\"Agenda\">Agenda<\/a>\n\t\t<\/span><span class=\"aioseo-breadcrumb-separator\">\u00bb<\/span><span class=\"aioseo-breadcrumb\">\n\t\t\tBAIXA COM\u00c8DIA\n\t\t<\/span><\/div>","aioseo_breadcrumb_json":[{"label":"Inicio","link":"https:\/\/www.elspagesos.com\/es\/"},{"label":"Agenda","link":"https:\/\/www.elspagesos.com\/es\/agenda\/"},{"label":"BAIXA COM\u00c8DIA","link":"https:\/\/www.elspagesos.com\/es\/agenda\/baixa-comedia-2\/"}],"_links":{"self":[{"href":"https:\/\/www.elspagesos.com\/es\/wp-json\/wp\/v2\/event\/7992","targetHints":{"allow":["GET"]}}],"collection":[{"href":"https:\/\/www.elspagesos.com\/es\/wp-json\/wp\/v2\/event"}],"about":[{"href":"https:\/\/www.elspagesos.com\/es\/wp-json\/wp\/v2\/types\/event"}],"version-history":[{"count":6,"href":"https:\/\/www.elspagesos.com\/es\/wp-json\/wp\/v2\/event\/7992\/revisions"}],"predecessor-version":[{"id":8099,"href":"https:\/\/www.elspagesos.com\/es\/wp-json\/wp\/v2\/event\/7992\/revisions\/8099"}],"wp:featuredmedia":[{"embeddable":true,"href":"https:\/\/www.elspagesos.com\/es\/wp-json\/wp\/v2\/media\/7990"}],"wp:attachment":[{"href":"https:\/\/www.elspagesos.com\/es\/wp-json\/wp\/v2\/media?parent=7992"}],"curies":[{"name":"wp","href":"https:\/\/api.w.org\/{rel}","templated":true}]}}