{"id":5522,"date":"2023-10-09T17:09:49","date_gmt":"2023-10-09T15:09:49","guid":{"rendered":"https:\/\/www.elspagesos.com\/event\/curtcircuit-lluis-gavalda-amb-joan-pau-chaves\/"},"modified":"2023-10-09T17:10:29","modified_gmt":"2023-10-09T15:10:29","slug":"curtcircuit-lluis-gavalda-amb-joan-pau-chaves","status":"publish","type":"event","link":"https:\/\/www.elspagesos.com\/es\/agenda\/curtcircuit-lluis-gavalda-amb-joan-pau-chaves\/","title":{"rendered":"CURTCIRCUIT: Llu\u00eds Gavald\u00e0 amb Joan-Pau Chaves"},"content":{"rendered":"<p><img decoding=\"async\" src=\"\/\/www.elspagesos.com\/wp-content\/uploads\/2023\/10\/flyer_508.jpg\" alt=\"CURTCIRCUIT: Llu\u00eds Gavald\u00e0 amb Joan-Pau Chaves\" \/><\/p>\n<div>\n<p>\n\t&lsquo;Sona la can&ccedil;&oacute;&rsquo; &eacute;s un recorregut sentimental a trav&eacute;s de les can&ccedil;ons que han acompanyat la traject&ograve;ria musical de Llu&iacute;s Gavald&agrave;, un homenatge sentit a la m&uacute;sica que ha estimat i li ha fet d&rsquo;aixopluc emocional des de ben petit, quan encara tenia cabell, fins al dia d&rsquo;avui. Acompanyat del seu aliat, c&ograve;mplice i company durant m&eacute;s de vint anys, Joan-Pau Chaves, Gavald&agrave; ens proposa un viatge mel&ograve;dic salpebrat d&rsquo;an&egrave;cdotes, viv&egrave;ncies i sobretot peces pr&ograve;pies i alienes (algunes in&egrave;dites, moltes de conegudes) per tal de compartir amb l&rsquo;audi&egrave;ncia el seu amor incondicional i apassionat cap a la m&agrave;gia de les can&ccedil;ons. De la m&agrave; de Curtcircuit, Gavald&agrave; visita 4 sales catalanes amb mini gira tan especial, concretament: el 4 de maig a la Voil&agrave; de Manresa, el 5 de maig a la Sala Zero de Tarragona, el 27 de maig a Els Pagesos de Sant Feliu de Llobregat i el 28 de maig a La Deskomunal de Barcelona. <\/p>\n<p>\n\t&nbsp;<\/p>\n<p>\n\t<a href=\"https:\/\/entradas.codetickets.com\/entradas\/lluis-gavalda-amb-joan-pau-chaves-els-pagesos\/36635\/curtcircuit\/online\">ANTICIPADES AQU&Iacute;.<\/p>\n<p>\n\t<\/a><\/p>\n<\/div>\n<p><iframe width=\"552\" height=\"315\" src=\"https:\/\/www.youtube.com\/embed\/UscgifJiEfM\" title=\"YouTube video player\" frameborder=\"0\" allow=\"accelerometer; autoplay; clipboard-write; encrypted-media; gyroscope; picture-in-picture; web-share\" allowfullscreen><\/iframe><\/p>\n","protected":false},"excerpt":{"rendered":"<p>&lsquo;Sona la can&ccedil;&oacute;&rsquo; &eacute;s un recorregut sentimental a trav&eacute;s de les can&ccedil;ons que han acompanyat la traject&ograve;ria musical de Llu&iacute;s Gavald&agrave;, un homenatge sentit a la m&uacute;sica que ha estimat i li ha fet d&rsquo;aixopluc emocional des de ben petit, quan encara tenia cabell, fins al dia d&rsquo;avui. Acompanyat del seu aliat, c&ograve;mplice i company [&hellip;]<\/p>\n","protected":false},"featured_media":1788,"menu_order":0,"template":"","class_list":["post-5522","event","type-event","status-publish","has-post-thumbnail","hentry"],"aioseo_notices":[],"aioseo_head":"\n\t\t<!-- All in One SEO 5.0.0.1 - aioseo.com -->\n\t<meta name=\"description\" content=\"\u2018Sona la can\u00e7\u00f3\u2019 \u00e9s un recorregut sentimental a trav\u00e9s de les can\u00e7ons que han acompanyat la traject\u00f2ria musical de Llu\u00eds Gavald\u00e0, un homenatge sentit a la m\u00fasica que ha estimat i li ha fet d\u2019aixopluc emocional des de ben petit, quan encara tenia cabell, fins al dia d\u2019avui. Acompanyat del seu aliat, c\u00f2mplice i company\" \/>\n\t<meta name=\"robots\" content=\"max-image-preview:large\" \/>\n\t<link rel=\"canonical\" href=\"https:\/\/www.elspagesos.com\/es\/agenda\/curtcircuit-lluis-gavalda-amb-joan-pau-chaves\/\" \/>\n\t<meta name=\"generator\" content=\"All in One SEO (AIOSEO) 5.0.0.1\" \/>\n\t\t<meta property=\"og:locale\" content=\"es_ES\" \/>\n\t\t<meta property=\"og:site_name\" content=\"Els pagesos -\" \/>\n\t\t<meta property=\"og:type\" content=\"article\" \/>\n\t\t<meta property=\"og:title\" content=\"CURTCIRCUIT: Llu\u00eds Gavald\u00e0 amb Joan-Pau Chaves - Els pagesos\" \/>\n\t\t<meta property=\"og:description\" content=\"\u2018Sona la can\u00e7\u00f3\u2019 \u00e9s un recorregut sentimental a trav\u00e9s de les can\u00e7ons que han acompanyat la traject\u00f2ria musical de Llu\u00eds Gavald\u00e0, un homenatge sentit a la m\u00fasica que ha estimat i li ha fet d\u2019aixopluc emocional des de ben petit, quan encara tenia cabell, fins al dia d\u2019avui. Acompanyat del seu aliat, c\u00f2mplice i company\" \/>\n\t\t<meta property=\"og:url\" content=\"https:\/\/www.elspagesos.com\/es\/agenda\/curtcircuit-lluis-gavalda-amb-joan-pau-chaves\/\" \/>\n\t\t<meta property=\"article:published_time\" content=\"2023-10-09T15:09:49+00:00\" \/>\n\t\t<meta property=\"article:modified_time\" content=\"2023-10-09T15:10:29+00:00\" \/>\n\t\t<meta name=\"twitter:card\" content=\"summary_large_image\" \/>\n\t\t<meta name=\"twitter:title\" content=\"CURTCIRCUIT: Llu\u00eds Gavald\u00e0 amb Joan-Pau Chaves - Els pagesos\" \/>\n\t\t<meta name=\"twitter:description\" content=\"\u2018Sona la can\u00e7\u00f3\u2019 \u00e9s un recorregut sentimental a trav\u00e9s de les can\u00e7ons que han acompanyat la traject\u00f2ria musical de Llu\u00eds Gavald\u00e0, un homenatge sentit a la m\u00fasica que ha estimat i li ha fet d\u2019aixopluc emocional des de ben petit, quan encara tenia cabell, fins al dia d\u2019avui. Acompanyat del seu aliat, c\u00f2mplice i company\" \/>\n\t\t<script type=\"application\/ld+json\" class=\"aioseo-schema\">\n\t\t\t{\"@context\":\"https:\\\/\\\/schema.org\",\"@graph\":[{\"@type\":\"BreadcrumbList\",\"@id\":\"https:\\\/\\\/www.elspagesos.com\\\/es\\\/agenda\\\/curtcircuit-lluis-gavalda-amb-joan-pau-chaves\\\/#breadcrumblist\",\"itemListElement\":[{\"@type\":\"ListItem\",\"@id\":\"https:\\\/\\\/www.elspagesos.com\\\/es\\\/#listItem\",\"position\":1,\"name\":\"Inicio\",\"item\":\"https:\\\/\\\/www.elspagesos.com\\\/es\\\/\",\"nextItem\":{\"@type\":\"ListItem\",\"@id\":\"https:\\\/\\\/www.elspagesos.com\\\/es\\\/agenda\\\/#listItem\",\"name\":\"Agenda\"}},{\"@type\":\"ListItem\",\"@id\":\"https:\\\/\\\/www.elspagesos.com\\\/es\\\/agenda\\\/#listItem\",\"position\":2,\"name\":\"Agenda\",\"item\":\"https:\\\/\\\/www.elspagesos.com\\\/es\\\/agenda\\\/\",\"nextItem\":{\"@type\":\"ListItem\",\"@id\":\"https:\\\/\\\/www.elspagesos.com\\\/es\\\/agenda\\\/curtcircuit-lluis-gavalda-amb-joan-pau-chaves\\\/#listItem\",\"name\":\"CURTCIRCUIT: Llu\\u00eds Gavald\\u00e0 amb Joan-Pau Chaves\"},\"previousItem\":{\"@type\":\"ListItem\",\"@id\":\"https:\\\/\\\/www.elspagesos.com\\\/es\\\/#listItem\",\"name\":\"Inicio\"}},{\"@type\":\"ListItem\",\"@id\":\"https:\\\/\\\/www.elspagesos.com\\\/es\\\/agenda\\\/curtcircuit-lluis-gavalda-amb-joan-pau-chaves\\\/#listItem\",\"position\":3,\"name\":\"CURTCIRCUIT: Llu\\u00eds Gavald\\u00e0 amb Joan-Pau Chaves\",\"previousItem\":{\"@type\":\"ListItem\",\"@id\":\"https:\\\/\\\/www.elspagesos.com\\\/es\\\/agenda\\\/#listItem\",\"name\":\"Agenda\"}}]},{\"@type\":\"Organization\",\"@id\":\"https:\\\/\\\/www.elspagesos.com\\\/es\\\/#organization\",\"name\":\"pagesos\",\"url\":\"https:\\\/\\\/www.elspagesos.com\\\/es\\\/\"},{\"@type\":\"WebPage\",\"@id\":\"https:\\\/\\\/www.elspagesos.com\\\/es\\\/agenda\\\/curtcircuit-lluis-gavalda-amb-joan-pau-chaves\\\/#webpage\",\"url\":\"https:\\\/\\\/www.elspagesos.com\\\/es\\\/agenda\\\/curtcircuit-lluis-gavalda-amb-joan-pau-chaves\\\/\",\"name\":\"CURTCIRCUIT: Llu\\u00eds Gavald\\u00e0 amb Joan-Pau Chaves - Els pagesos\",\"description\":\"\\u2018Sona la can\\u00e7\\u00f3\\u2019 \\u00e9s un recorregut sentimental a trav\\u00e9s de les can\\u00e7ons que han acompanyat la traject\\u00f2ria musical de Llu\\u00eds Gavald\\u00e0, un homenatge sentit a la m\\u00fasica que ha estimat i li ha fet d\\u2019aixopluc emocional des de ben petit, quan encara tenia cabell, fins al dia d\\u2019avui. Acompanyat del seu aliat, c\\u00f2mplice i company\",\"inLanguage\":\"es-ES\",\"isPartOf\":{\"@id\":\"https:\\\/\\\/www.elspagesos.com\\\/es\\\/#website\"},\"breadcrumb\":{\"@id\":\"https:\\\/\\\/www.elspagesos.com\\\/es\\\/agenda\\\/curtcircuit-lluis-gavalda-amb-joan-pau-chaves\\\/#breadcrumblist\"},\"image\":{\"@type\":\"ImageObject\",\"url\":\"https:\\\/\\\/www.elspagesos.com\\\/wp-content\\\/uploads\\\/2023\\\/10\\\/flyer_508.jpg\",\"@id\":\"https:\\\/\\\/www.elspagesos.com\\\/es\\\/agenda\\\/curtcircuit-lluis-gavalda-amb-joan-pau-chaves\\\/#mainImage\",\"width\":550,\"height\":778},\"primaryImageOfPage\":{\"@id\":\"https:\\\/\\\/www.elspagesos.com\\\/es\\\/agenda\\\/curtcircuit-lluis-gavalda-amb-joan-pau-chaves\\\/#mainImage\"},\"datePublished\":\"2023-10-09T17:09:49+02:00\",\"dateModified\":\"2023-10-09T17:10:29+02:00\"},{\"@type\":\"WebSite\",\"@id\":\"https:\\\/\\\/www.elspagesos.com\\\/es\\\/#website\",\"url\":\"https:\\\/\\\/www.elspagesos.com\\\/es\\\/\",\"name\":\"pagesos\",\"inLanguage\":\"es-ES\",\"publisher\":{\"@id\":\"https:\\\/\\\/www.elspagesos.com\\\/es\\\/#organization\"}}]}\n\t\t<\/script>\n\t\t<!-- All in One SEO -->\n\n","aioseo_head_json":{"title":"CURTCIRCUIT: Llu\u00eds Gavald\u00e0 amb Joan-Pau Chaves - Els pagesos","description":"\u2018Sona la can\u00e7\u00f3\u2019 \u00e9s un recorregut sentimental a trav\u00e9s de les can\u00e7ons que han acompanyat la traject\u00f2ria musical de Llu\u00eds Gavald\u00e0, un homenatge sentit a la m\u00fasica que ha estimat i li ha fet d\u2019aixopluc emocional des de ben petit, quan encara tenia cabell, fins al dia d\u2019avui. Acompanyat del seu aliat, c\u00f2mplice i company","canonical_url":"https:\/\/www.elspagesos.com\/es\/agenda\/curtcircuit-lluis-gavalda-amb-joan-pau-chaves\/","robots":"max-image-preview:large","keywords":"","webmasterTools":{"miscellaneous":""},"schema":{"@context":"https:\/\/schema.org","@graph":[{"@type":"BreadcrumbList","@id":"https:\/\/www.elspagesos.com\/es\/agenda\/curtcircuit-lluis-gavalda-amb-joan-pau-chaves\/#breadcrumblist","itemListElement":[{"@type":"ListItem","@id":"https:\/\/www.elspagesos.com\/es\/#listItem","position":1,"name":"Inicio","item":"https:\/\/www.elspagesos.com\/es\/","nextItem":{"@type":"ListItem","@id":"https:\/\/www.elspagesos.com\/es\/agenda\/#listItem","name":"Agenda"}},{"@type":"ListItem","@id":"https:\/\/www.elspagesos.com\/es\/agenda\/#listItem","position":2,"name":"Agenda","item":"https:\/\/www.elspagesos.com\/es\/agenda\/","nextItem":{"@type":"ListItem","@id":"https:\/\/www.elspagesos.com\/es\/agenda\/curtcircuit-lluis-gavalda-amb-joan-pau-chaves\/#listItem","name":"CURTCIRCUIT: Llu\u00eds Gavald\u00e0 amb Joan-Pau Chaves"},"previousItem":{"@type":"ListItem","@id":"https:\/\/www.elspagesos.com\/es\/#listItem","name":"Inicio"}},{"@type":"ListItem","@id":"https:\/\/www.elspagesos.com\/es\/agenda\/curtcircuit-lluis-gavalda-amb-joan-pau-chaves\/#listItem","position":3,"name":"CURTCIRCUIT: Llu\u00eds Gavald\u00e0 amb Joan-Pau Chaves","previousItem":{"@type":"ListItem","@id":"https:\/\/www.elspagesos.com\/es\/agenda\/#listItem","name":"Agenda"}}]},{"@type":"Organization","@id":"https:\/\/www.elspagesos.com\/es\/#organization","name":"pagesos","url":"https:\/\/www.elspagesos.com\/es\/"},{"@type":"WebPage","@id":"https:\/\/www.elspagesos.com\/es\/agenda\/curtcircuit-lluis-gavalda-amb-joan-pau-chaves\/#webpage","url":"https:\/\/www.elspagesos.com\/es\/agenda\/curtcircuit-lluis-gavalda-amb-joan-pau-chaves\/","name":"CURTCIRCUIT: Llu\u00eds Gavald\u00e0 amb Joan-Pau Chaves - Els pagesos","description":"\u2018Sona la can\u00e7\u00f3\u2019 \u00e9s un recorregut sentimental a trav\u00e9s de les can\u00e7ons que han acompanyat la traject\u00f2ria musical de Llu\u00eds Gavald\u00e0, un homenatge sentit a la m\u00fasica que ha estimat i li ha fet d\u2019aixopluc emocional des de ben petit, quan encara tenia cabell, fins al dia d\u2019avui. Acompanyat del seu aliat, c\u00f2mplice i company","inLanguage":"es-ES","isPartOf":{"@id":"https:\/\/www.elspagesos.com\/es\/#website"},"breadcrumb":{"@id":"https:\/\/www.elspagesos.com\/es\/agenda\/curtcircuit-lluis-gavalda-amb-joan-pau-chaves\/#breadcrumblist"},"image":{"@type":"ImageObject","url":"https:\/\/www.elspagesos.com\/wp-content\/uploads\/2023\/10\/flyer_508.jpg","@id":"https:\/\/www.elspagesos.com\/es\/agenda\/curtcircuit-lluis-gavalda-amb-joan-pau-chaves\/#mainImage","width":550,"height":778},"primaryImageOfPage":{"@id":"https:\/\/www.elspagesos.com\/es\/agenda\/curtcircuit-lluis-gavalda-amb-joan-pau-chaves\/#mainImage"},"datePublished":"2023-10-09T17:09:49+02:00","dateModified":"2023-10-09T17:10:29+02:00"},{"@type":"WebSite","@id":"https:\/\/www.elspagesos.com\/es\/#website","url":"https:\/\/www.elspagesos.com\/es\/","name":"pagesos","inLanguage":"es-ES","publisher":{"@id":"https:\/\/www.elspagesos.com\/es\/#organization"}}]},"og:locale":"es_ES","og:site_name":"Els pagesos -","og:type":"article","og:title":"CURTCIRCUIT: Llu\u00eds Gavald\u00e0 amb Joan-Pau Chaves - Els pagesos","og:description":"\u2018Sona la can\u00e7\u00f3\u2019 \u00e9s un recorregut sentimental a trav\u00e9s de les can\u00e7ons que han acompanyat la traject\u00f2ria musical de Llu\u00eds Gavald\u00e0, un homenatge sentit a la m\u00fasica que ha estimat i li ha fet d\u2019aixopluc emocional des de ben petit, quan encara tenia cabell, fins al dia d\u2019avui. Acompanyat del seu aliat, c\u00f2mplice i company","og:url":"https:\/\/www.elspagesos.com\/es\/agenda\/curtcircuit-lluis-gavalda-amb-joan-pau-chaves\/","article:published_time":"2023-10-09T15:09:49+00:00","article:modified_time":"2023-10-09T15:10:29+00:00","twitter:card":"summary_large_image","twitter:title":"CURTCIRCUIT: Llu\u00eds Gavald\u00e0 amb Joan-Pau Chaves - Els pagesos","twitter:description":"\u2018Sona la can\u00e7\u00f3\u2019 \u00e9s un recorregut sentimental a trav\u00e9s de les can\u00e7ons que han acompanyat la traject\u00f2ria musical de Llu\u00eds Gavald\u00e0, un homenatge sentit a la m\u00fasica que ha estimat i li ha fet d\u2019aixopluc emocional des de ben petit, quan encara tenia cabell, fins al dia d\u2019avui. Acompanyat del seu aliat, c\u00f2mplice i company"},"aioseo_meta_data":{"post_id":"5522","title":null,"description":null,"keywords":null,"keyphrases":null,"primary_term":null,"canonical_url":null,"og_title":null,"og_description":null,"og_object_type":"default","og_image_type":"default","og_image_url":null,"og_image_width":null,"og_image_height":null,"og_image_custom_url":null,"og_image_custom_fields":null,"og_video":null,"og_custom_url":null,"og_article_section":null,"og_article_tags":null,"twitter_use_og":false,"twitter_card":"default","twitter_image_type":"default","twitter_image_url":null,"twitter_image_custom_url":null,"twitter_image_custom_fields":null,"twitter_title":null,"twitter_description":null,"schema":{"blockGraphs":[],"customGraphs":[],"default":{"data":{"Article":[],"Course":[],"Dataset":[],"FAQPage":[],"Movie":[],"Person":[],"Product":[],"ProductReview":[],"Car":[],"Recipe":[],"Service":[],"SoftwareApplication":[],"WebPage":[]},"graphName":"","isEnabled":true},"graphs":[]},"schema_type":"default","schema_type_options":null,"pillar_content":false,"robots_default":true,"robots_noindex":false,"robots_noarchive":false,"robots_nosnippet":false,"robots_nofollow":false,"robots_noimageindex":false,"robots_noodp":false,"robots_notranslate":false,"robots_max_snippet":null,"robots_max_videopreview":null,"robots_max_imagepreview":"large","priority":null,"frequency":null,"local_seo":null,"breadcrumb_settings":null,"limit_modified_date":false,"ai":null,"created":"2023-10-09 14:43:48","updated":"2025-10-15 05:11:23","seo_analyzer_scan_date":null,"focus_keyword":null,"additional_keywords":null,"truseo_locale":null},"aioseo_breadcrumb":"<div class=\"aioseo-breadcrumbs\"><span class=\"aioseo-breadcrumb\">\n\t\t\t<a href=\"https:\/\/www.elspagesos.com\/es\/\" title=\"Inicio\">Inicio<\/a>\n\t\t<\/span><span class=\"aioseo-breadcrumb-separator\">\u00bb<\/span><span class=\"aioseo-breadcrumb\">\n\t\t\t<a href=\"https:\/\/www.elspagesos.com\/es\/agenda\/\" title=\"Agenda\">Agenda<\/a>\n\t\t<\/span><span class=\"aioseo-breadcrumb-separator\">\u00bb<\/span><span class=\"aioseo-breadcrumb\">\n\t\t\tCURTCIRCUIT: Llu\u00eds Gavald\u00e0 amb Joan-Pau Chaves\n\t\t<\/span><\/div>","aioseo_breadcrumb_json":[{"label":"Inicio","link":"https:\/\/www.elspagesos.com\/es\/"},{"label":"Agenda","link":"https:\/\/www.elspagesos.com\/es\/agenda\/"},{"label":"CURTCIRCUIT: Llu\u00eds Gavald\u00e0 amb Joan-Pau Chaves","link":"https:\/\/www.elspagesos.com\/es\/agenda\/curtcircuit-lluis-gavalda-amb-joan-pau-chaves\/"}],"_links":{"self":[{"href":"https:\/\/www.elspagesos.com\/es\/wp-json\/wp\/v2\/event\/5522","targetHints":{"allow":["GET"]}}],"collection":[{"href":"https:\/\/www.elspagesos.com\/es\/wp-json\/wp\/v2\/event"}],"about":[{"href":"https:\/\/www.elspagesos.com\/es\/wp-json\/wp\/v2\/types\/event"}],"version-history":[{"count":1,"href":"https:\/\/www.elspagesos.com\/es\/wp-json\/wp\/v2\/event\/5522\/revisions"}],"predecessor-version":[{"id":6724,"href":"https:\/\/www.elspagesos.com\/es\/wp-json\/wp\/v2\/event\/5522\/revisions\/6724"}],"wp:featuredmedia":[{"embeddable":true,"href":"https:\/\/www.elspagesos.com\/es\/wp-json\/wp\/v2\/media\/1788"}],"wp:attachment":[{"href":"https:\/\/www.elspagesos.com\/es\/wp-json\/wp\/v2\/media?parent=5522"}],"curies":[{"name":"wp","href":"https:\/\/api.w.org\/{rel}","templated":true}]}}