{"id":5493,"date":"2023-10-09T17:09:22","date_gmt":"2023-10-09T15:09:22","guid":{"rendered":"https:\/\/www.elspagesos.com\/event\/tarda-solidaria-per-despigat-i-gats-i-gossos-sant-feliu\/"},"modified":"2023-10-09T17:10:11","modified_gmt":"2023-10-09T15:10:11","slug":"tarda-solidaria-per-despigat-i-gats-i-gossos-sant-feliu","status":"publish","type":"event","link":"https:\/\/www.elspagesos.com\/es\/agenda\/tarda-solidaria-per-despigat-i-gats-i-gossos-sant-feliu\/","title":{"rendered":"TARDA SOLID\u00c0RIA PER DESPIGAT I GATS I GOSSOS SANT FELIU"},"content":{"rendered":"<p><img decoding=\"async\" src=\"\/\/www.elspagesos.com\/wp-content\/uploads\/2023\/10\/flyer_479.jpg\" alt=\"TARDA SOLID\u00c0RIA PER DESPIGAT I GATS I GOSSOS SANT FELIU\" \/><\/p>\n<div>\n<p>\n\tEl Dani &eacute;s un assidu dels dijous de Pintxo Pote &amp; Vinils fins el punt que ja &eacute;s com de la fam&iacute;lia; &eacute;s una d&rsquo;aquelles persones a qui li deixaries les claus de casa quan marxes de vacances.<br \/>\n\t&nbsp;<br \/>\n\tEl Dani -a partir d&rsquo;ara DMeister DJ- &eacute;s voluntari de Despigat i, com sap que a nosaltres ens encanten els gatets i perretes, ens va proposar organitzar una punxada ben&egrave;fica amb recaptaci&oacute; &iacute;ntegra per a l&rsquo;asso i la seva gent. I nosaltres, que tamb&eacute; tenim gats i gossos adoptats, anem a mort amb la causa perqu&egrave; sabem que dedicar hores de la teva vida a fer m&eacute;s feli&ccedil; i digna la vida dels animalons del carrer &eacute;s amor pur i &eacute;s bon karma. A la festeta s&rsquo;apunta tamb&eacute; la bona gent de Gats i Gossos Sant Feliu.<br \/>\n\t&nbsp;<br \/>\n\tEn definitiva, que el dissabte 12 de novembre de 18h a 21h el Dani DMeister es marcar&agrave; una sessi&oacute; de hits dels 70&rsquo;s, 80&rsquo;s i 90&rsquo;s perqu&egrave; vingueu a ballar, fer una birra o simplement saludar&#8230; per&ograve; s&iacute; o s&iacute; a donar una entrada solid&agrave;ria a aquestes dues associacions que s&rsquo;ho curren tant cada dia de l&rsquo;any.<\/p>\n<p>\n\t&nbsp;<\/p>\n<\/div>\n","protected":false},"excerpt":{"rendered":"<p>El Dani &eacute;s un assidu dels dijous de Pintxo Pote &amp; Vinils fins el punt que ja &eacute;s com de la fam&iacute;lia; &eacute;s una d&rsquo;aquelles persones a qui li deixaries les claus de casa quan marxes de vacances. &nbsp; El Dani -a partir d&rsquo;ara DMeister DJ- &eacute;s voluntari de Despigat i, com sap que a [&hellip;]<\/p>\n","protected":false},"featured_media":2868,"menu_order":0,"template":"","class_list":["post-5493","event","type-event","status-publish","has-post-thumbnail","hentry"],"aioseo_notices":[],"aioseo_head":"\n\t\t<!-- All in One SEO 5.0.0.1 - aioseo.com -->\n\t<meta name=\"description\" content=\"El Dani \u00e9s un assidu dels dijous de Pintxo Pote &amp; Vinils fins el punt que ja \u00e9s com de la fam\u00edlia; \u00e9s una d\u2019aquelles persones a qui li deixaries les claus de casa quan marxes de vacances. El Dani -a partir d\u2019ara DMeister DJ- \u00e9s voluntari de Despigat i, com sap que a\" \/>\n\t<meta name=\"robots\" content=\"max-image-preview:large\" \/>\n\t<link rel=\"canonical\" href=\"https:\/\/www.elspagesos.com\/es\/agenda\/tarda-solidaria-per-despigat-i-gats-i-gossos-sant-feliu\/\" \/>\n\t<meta name=\"generator\" content=\"All in One SEO (AIOSEO) 5.0.0.1\" \/>\n\t\t<meta property=\"og:locale\" content=\"es_ES\" \/>\n\t\t<meta property=\"og:site_name\" content=\"Els pagesos -\" \/>\n\t\t<meta property=\"og:type\" content=\"article\" \/>\n\t\t<meta property=\"og:title\" content=\"TARDA SOLID\u00c0RIA PER DESPIGAT I GATS I GOSSOS SANT FELIU - Els pagesos\" \/>\n\t\t<meta property=\"og:description\" content=\"El Dani \u00e9s un assidu dels dijous de Pintxo Pote &amp; Vinils fins el punt que ja \u00e9s com de la fam\u00edlia; \u00e9s una d\u2019aquelles persones a qui li deixaries les claus de casa quan marxes de vacances. El Dani -a partir d\u2019ara DMeister DJ- \u00e9s voluntari de Despigat i, com sap que a\" \/>\n\t\t<meta property=\"og:url\" content=\"https:\/\/www.elspagesos.com\/es\/agenda\/tarda-solidaria-per-despigat-i-gats-i-gossos-sant-feliu\/\" \/>\n\t\t<meta property=\"article:published_time\" content=\"2023-10-09T15:09:22+00:00\" \/>\n\t\t<meta property=\"article:modified_time\" content=\"2023-10-09T15:10:11+00:00\" \/>\n\t\t<meta name=\"twitter:card\" content=\"summary_large_image\" \/>\n\t\t<meta name=\"twitter:title\" content=\"TARDA SOLID\u00c0RIA PER DESPIGAT I GATS I GOSSOS SANT FELIU - Els pagesos\" \/>\n\t\t<meta name=\"twitter:description\" content=\"El Dani \u00e9s un assidu dels dijous de Pintxo Pote &amp; Vinils fins el punt que ja \u00e9s com de la fam\u00edlia; \u00e9s una d\u2019aquelles persones a qui li deixaries les claus de casa quan marxes de vacances. El Dani -a partir d\u2019ara DMeister DJ- \u00e9s voluntari de Despigat i, com sap que a\" \/>\n\t\t<script type=\"application\/ld+json\" class=\"aioseo-schema\">\n\t\t\t{\"@context\":\"https:\\\/\\\/schema.org\",\"@graph\":[{\"@type\":\"BreadcrumbList\",\"@id\":\"https:\\\/\\\/www.elspagesos.com\\\/es\\\/agenda\\\/tarda-solidaria-per-despigat-i-gats-i-gossos-sant-feliu\\\/#breadcrumblist\",\"itemListElement\":[{\"@type\":\"ListItem\",\"@id\":\"https:\\\/\\\/www.elspagesos.com\\\/es\\\/#listItem\",\"position\":1,\"name\":\"Inicio\",\"item\":\"https:\\\/\\\/www.elspagesos.com\\\/es\\\/\",\"nextItem\":{\"@type\":\"ListItem\",\"@id\":\"https:\\\/\\\/www.elspagesos.com\\\/es\\\/agenda\\\/#listItem\",\"name\":\"Agenda\"}},{\"@type\":\"ListItem\",\"@id\":\"https:\\\/\\\/www.elspagesos.com\\\/es\\\/agenda\\\/#listItem\",\"position\":2,\"name\":\"Agenda\",\"item\":\"https:\\\/\\\/www.elspagesos.com\\\/es\\\/agenda\\\/\",\"nextItem\":{\"@type\":\"ListItem\",\"@id\":\"https:\\\/\\\/www.elspagesos.com\\\/es\\\/agenda\\\/tarda-solidaria-per-despigat-i-gats-i-gossos-sant-feliu\\\/#listItem\",\"name\":\"TARDA SOLID\\u00c0RIA PER DESPIGAT I GATS I GOSSOS SANT FELIU\"},\"previousItem\":{\"@type\":\"ListItem\",\"@id\":\"https:\\\/\\\/www.elspagesos.com\\\/es\\\/#listItem\",\"name\":\"Inicio\"}},{\"@type\":\"ListItem\",\"@id\":\"https:\\\/\\\/www.elspagesos.com\\\/es\\\/agenda\\\/tarda-solidaria-per-despigat-i-gats-i-gossos-sant-feliu\\\/#listItem\",\"position\":3,\"name\":\"TARDA SOLID\\u00c0RIA PER DESPIGAT I GATS I GOSSOS SANT FELIU\",\"previousItem\":{\"@type\":\"ListItem\",\"@id\":\"https:\\\/\\\/www.elspagesos.com\\\/es\\\/agenda\\\/#listItem\",\"name\":\"Agenda\"}}]},{\"@type\":\"Organization\",\"@id\":\"https:\\\/\\\/www.elspagesos.com\\\/es\\\/#organization\",\"name\":\"pagesos\",\"url\":\"https:\\\/\\\/www.elspagesos.com\\\/es\\\/\"},{\"@type\":\"WebPage\",\"@id\":\"https:\\\/\\\/www.elspagesos.com\\\/es\\\/agenda\\\/tarda-solidaria-per-despigat-i-gats-i-gossos-sant-feliu\\\/#webpage\",\"url\":\"https:\\\/\\\/www.elspagesos.com\\\/es\\\/agenda\\\/tarda-solidaria-per-despigat-i-gats-i-gossos-sant-feliu\\\/\",\"name\":\"TARDA SOLID\\u00c0RIA PER DESPIGAT I GATS I GOSSOS SANT FELIU - Els pagesos\",\"description\":\"El Dani \\u00e9s un assidu dels dijous de Pintxo Pote & Vinils fins el punt que ja \\u00e9s com de la fam\\u00edlia; \\u00e9s una d\\u2019aquelles persones a qui li deixaries les claus de casa quan marxes de vacances. El Dani -a partir d\\u2019ara DMeister DJ- \\u00e9s voluntari de Despigat i, com sap que a\",\"inLanguage\":\"es-ES\",\"isPartOf\":{\"@id\":\"https:\\\/\\\/www.elspagesos.com\\\/es\\\/#website\"},\"breadcrumb\":{\"@id\":\"https:\\\/\\\/www.elspagesos.com\\\/es\\\/agenda\\\/tarda-solidaria-per-despigat-i-gats-i-gossos-sant-feliu\\\/#breadcrumblist\"},\"image\":{\"@type\":\"ImageObject\",\"url\":\"https:\\\/\\\/www.elspagesos.com\\\/wp-content\\\/uploads\\\/2023\\\/10\\\/flyer_479.jpg\",\"@id\":\"https:\\\/\\\/www.elspagesos.com\\\/es\\\/agenda\\\/tarda-solidaria-per-despigat-i-gats-i-gossos-sant-feliu\\\/#mainImage\",\"width\":550,\"height\":778},\"primaryImageOfPage\":{\"@id\":\"https:\\\/\\\/www.elspagesos.com\\\/es\\\/agenda\\\/tarda-solidaria-per-despigat-i-gats-i-gossos-sant-feliu\\\/#mainImage\"},\"datePublished\":\"2023-10-09T17:09:22+02:00\",\"dateModified\":\"2023-10-09T17:10:11+02:00\"},{\"@type\":\"WebSite\",\"@id\":\"https:\\\/\\\/www.elspagesos.com\\\/es\\\/#website\",\"url\":\"https:\\\/\\\/www.elspagesos.com\\\/es\\\/\",\"name\":\"pagesos\",\"inLanguage\":\"es-ES\",\"publisher\":{\"@id\":\"https:\\\/\\\/www.elspagesos.com\\\/es\\\/#organization\"}}]}\n\t\t<\/script>\n\t\t<!-- All in One SEO -->\n\n","aioseo_head_json":{"title":"TARDA SOLID\u00c0RIA PER DESPIGAT I GATS I GOSSOS SANT FELIU - Els pagesos","description":"El Dani \u00e9s un assidu dels dijous de Pintxo Pote & Vinils fins el punt que ja \u00e9s com de la fam\u00edlia; \u00e9s una d\u2019aquelles persones a qui li deixaries les claus de casa quan marxes de vacances. El Dani -a partir d\u2019ara DMeister DJ- \u00e9s voluntari de Despigat i, com sap que a","canonical_url":"https:\/\/www.elspagesos.com\/es\/agenda\/tarda-solidaria-per-despigat-i-gats-i-gossos-sant-feliu\/","robots":"max-image-preview:large","keywords":"","webmasterTools":{"miscellaneous":""},"schema":{"@context":"https:\/\/schema.org","@graph":[{"@type":"BreadcrumbList","@id":"https:\/\/www.elspagesos.com\/es\/agenda\/tarda-solidaria-per-despigat-i-gats-i-gossos-sant-feliu\/#breadcrumblist","itemListElement":[{"@type":"ListItem","@id":"https:\/\/www.elspagesos.com\/es\/#listItem","position":1,"name":"Inicio","item":"https:\/\/www.elspagesos.com\/es\/","nextItem":{"@type":"ListItem","@id":"https:\/\/www.elspagesos.com\/es\/agenda\/#listItem","name":"Agenda"}},{"@type":"ListItem","@id":"https:\/\/www.elspagesos.com\/es\/agenda\/#listItem","position":2,"name":"Agenda","item":"https:\/\/www.elspagesos.com\/es\/agenda\/","nextItem":{"@type":"ListItem","@id":"https:\/\/www.elspagesos.com\/es\/agenda\/tarda-solidaria-per-despigat-i-gats-i-gossos-sant-feliu\/#listItem","name":"TARDA SOLID\u00c0RIA PER DESPIGAT I GATS I GOSSOS SANT FELIU"},"previousItem":{"@type":"ListItem","@id":"https:\/\/www.elspagesos.com\/es\/#listItem","name":"Inicio"}},{"@type":"ListItem","@id":"https:\/\/www.elspagesos.com\/es\/agenda\/tarda-solidaria-per-despigat-i-gats-i-gossos-sant-feliu\/#listItem","position":3,"name":"TARDA SOLID\u00c0RIA PER DESPIGAT I GATS I GOSSOS SANT FELIU","previousItem":{"@type":"ListItem","@id":"https:\/\/www.elspagesos.com\/es\/agenda\/#listItem","name":"Agenda"}}]},{"@type":"Organization","@id":"https:\/\/www.elspagesos.com\/es\/#organization","name":"pagesos","url":"https:\/\/www.elspagesos.com\/es\/"},{"@type":"WebPage","@id":"https:\/\/www.elspagesos.com\/es\/agenda\/tarda-solidaria-per-despigat-i-gats-i-gossos-sant-feliu\/#webpage","url":"https:\/\/www.elspagesos.com\/es\/agenda\/tarda-solidaria-per-despigat-i-gats-i-gossos-sant-feliu\/","name":"TARDA SOLID\u00c0RIA PER DESPIGAT I GATS I GOSSOS SANT FELIU - Els pagesos","description":"El Dani \u00e9s un assidu dels dijous de Pintxo Pote & Vinils fins el punt que ja \u00e9s com de la fam\u00edlia; \u00e9s una d\u2019aquelles persones a qui li deixaries les claus de casa quan marxes de vacances. El Dani -a partir d\u2019ara DMeister DJ- \u00e9s voluntari de Despigat i, com sap que a","inLanguage":"es-ES","isPartOf":{"@id":"https:\/\/www.elspagesos.com\/es\/#website"},"breadcrumb":{"@id":"https:\/\/www.elspagesos.com\/es\/agenda\/tarda-solidaria-per-despigat-i-gats-i-gossos-sant-feliu\/#breadcrumblist"},"image":{"@type":"ImageObject","url":"https:\/\/www.elspagesos.com\/wp-content\/uploads\/2023\/10\/flyer_479.jpg","@id":"https:\/\/www.elspagesos.com\/es\/agenda\/tarda-solidaria-per-despigat-i-gats-i-gossos-sant-feliu\/#mainImage","width":550,"height":778},"primaryImageOfPage":{"@id":"https:\/\/www.elspagesos.com\/es\/agenda\/tarda-solidaria-per-despigat-i-gats-i-gossos-sant-feliu\/#mainImage"},"datePublished":"2023-10-09T17:09:22+02:00","dateModified":"2023-10-09T17:10:11+02:00"},{"@type":"WebSite","@id":"https:\/\/www.elspagesos.com\/es\/#website","url":"https:\/\/www.elspagesos.com\/es\/","name":"pagesos","inLanguage":"es-ES","publisher":{"@id":"https:\/\/www.elspagesos.com\/es\/#organization"}}]},"og:locale":"es_ES","og:site_name":"Els pagesos -","og:type":"article","og:title":"TARDA SOLID\u00c0RIA PER DESPIGAT I GATS I GOSSOS SANT FELIU - Els pagesos","og:description":"El Dani \u00e9s un assidu dels dijous de Pintxo Pote &amp; Vinils fins el punt que ja \u00e9s com de la fam\u00edlia; \u00e9s una d\u2019aquelles persones a qui li deixaries les claus de casa quan marxes de vacances. El Dani -a partir d\u2019ara DMeister DJ- \u00e9s voluntari de Despigat i, com sap que a","og:url":"https:\/\/www.elspagesos.com\/es\/agenda\/tarda-solidaria-per-despigat-i-gats-i-gossos-sant-feliu\/","article:published_time":"2023-10-09T15:09:22+00:00","article:modified_time":"2023-10-09T15:10:11+00:00","twitter:card":"summary_large_image","twitter:title":"TARDA SOLID\u00c0RIA PER DESPIGAT I GATS I GOSSOS SANT FELIU - Els pagesos","twitter:description":"El Dani \u00e9s un assidu dels dijous de Pintxo Pote &amp; Vinils fins el punt que ja \u00e9s com de la fam\u00edlia; \u00e9s una d\u2019aquelles persones a qui li deixaries les claus de casa quan marxes de vacances. El Dani -a partir d\u2019ara DMeister DJ- \u00e9s voluntari de Despigat i, com sap que a"},"aioseo_meta_data":{"post_id":"5493","title":null,"description":null,"keywords":null,"keyphrases":null,"primary_term":null,"canonical_url":null,"og_title":null,"og_description":null,"og_object_type":"default","og_image_type":"default","og_image_url":null,"og_image_width":null,"og_image_height":null,"og_image_custom_url":null,"og_image_custom_fields":null,"og_video":null,"og_custom_url":null,"og_article_section":null,"og_article_tags":null,"twitter_use_og":false,"twitter_card":"default","twitter_image_type":"default","twitter_image_url":null,"twitter_image_custom_url":null,"twitter_image_custom_fields":null,"twitter_title":null,"twitter_description":null,"schema":{"blockGraphs":[],"customGraphs":[],"default":{"data":{"Article":[],"Course":[],"Dataset":[],"FAQPage":[],"Movie":[],"Person":[],"Product":[],"ProductReview":[],"Car":[],"Recipe":[],"Service":[],"SoftwareApplication":[],"WebPage":[]},"graphName":"","isEnabled":true},"graphs":[]},"schema_type":"default","schema_type_options":null,"pillar_content":false,"robots_default":true,"robots_noindex":false,"robots_noarchive":false,"robots_nosnippet":false,"robots_nofollow":false,"robots_noimageindex":false,"robots_noodp":false,"robots_notranslate":false,"robots_max_snippet":null,"robots_max_videopreview":null,"robots_max_imagepreview":"large","priority":null,"frequency":null,"local_seo":null,"breadcrumb_settings":null,"limit_modified_date":false,"ai":null,"created":"2023-10-09 14:36:49","updated":"2025-10-15 04:39:38","seo_analyzer_scan_date":null,"focus_keyword":null,"additional_keywords":null,"truseo_locale":null},"aioseo_breadcrumb":"<div class=\"aioseo-breadcrumbs\"><span class=\"aioseo-breadcrumb\">\n\t\t\t<a href=\"https:\/\/www.elspagesos.com\/es\/\" title=\"Inicio\">Inicio<\/a>\n\t\t<\/span><span class=\"aioseo-breadcrumb-separator\">\u00bb<\/span><span class=\"aioseo-breadcrumb\">\n\t\t\t<a href=\"https:\/\/www.elspagesos.com\/es\/agenda\/\" title=\"Agenda\">Agenda<\/a>\n\t\t<\/span><span class=\"aioseo-breadcrumb-separator\">\u00bb<\/span><span class=\"aioseo-breadcrumb\">\n\t\t\tTARDA SOLID\u00c0RIA PER DESPIGAT I GATS I GOSSOS SANT FELIU\n\t\t<\/span><\/div>","aioseo_breadcrumb_json":[{"label":"Inicio","link":"https:\/\/www.elspagesos.com\/es\/"},{"label":"Agenda","link":"https:\/\/www.elspagesos.com\/es\/agenda\/"},{"label":"TARDA SOLID\u00c0RIA PER DESPIGAT I GATS I GOSSOS SANT FELIU","link":"https:\/\/www.elspagesos.com\/es\/agenda\/tarda-solidaria-per-despigat-i-gats-i-gossos-sant-feliu\/"}],"_links":{"self":[{"href":"https:\/\/www.elspagesos.com\/es\/wp-json\/wp\/v2\/event\/5493","targetHints":{"allow":["GET"]}}],"collection":[{"href":"https:\/\/www.elspagesos.com\/es\/wp-json\/wp\/v2\/event"}],"about":[{"href":"https:\/\/www.elspagesos.com\/es\/wp-json\/wp\/v2\/types\/event"}],"version-history":[{"count":1,"href":"https:\/\/www.elspagesos.com\/es\/wp-json\/wp\/v2\/event\/5493\/revisions"}],"predecessor-version":[{"id":6695,"href":"https:\/\/www.elspagesos.com\/es\/wp-json\/wp\/v2\/event\/5493\/revisions\/6695"}],"wp:featuredmedia":[{"embeddable":true,"href":"https:\/\/www.elspagesos.com\/es\/wp-json\/wp\/v2\/media\/2868"}],"wp:attachment":[{"href":"https:\/\/www.elspagesos.com\/es\/wp-json\/wp\/v2\/media?parent=5493"}],"curies":[{"name":"wp","href":"https:\/\/api.w.org\/{rel}","templated":true}]}}