{"id":5485,"date":"2023-10-09T17:09:22","date_gmt":"2023-10-09T15:09:22","guid":{"rendered":"https:\/\/www.elspagesos.com\/event\/concert-de-jagulin-trio-los-reverb\/"},"modified":"2023-10-09T17:10:04","modified_gmt":"2023-10-09T15:10:04","slug":"concert-de-jagulin-trio-los-reverb","status":"publish","type":"event","link":"https:\/\/www.elspagesos.com\/es\/agenda\/concert-de-jagulin-trio-los-reverb\/","title":{"rendered":"CONCERT DE JAGULIN Trio Los Reverb"},"content":{"rendered":"<p><img decoding=\"async\" src=\"\/\/www.elspagesos.com\/wp-content\/uploads\/2023\/10\/flyer_471.jpg\" alt=\"CONCERT DE JAGULIN Trio Los Reverb\" \/><\/p>\n<div>\n<div>\n\tCom aquest any la Castanyada cau en dilluns i algunes marxeu de pont, nosaltres tamb&eacute; ens hem muntat un pont castanyero allargant les activitats de la setmana jagulinesa. Aix&iacute; perqu&egrave; s&iacute;, per la cara, nom&eacute;s per vacil&middot;lar de decoraci&oacute; xula&#8230; B&eacute;, en realitat &eacute;s per amortizar les llumetes de calaveres i xilis que hem comprat per l&#39;ocasi&oacute;. Presios&iacute;simas!<\/div>\n<div>\n\t&nbsp;<\/div>\n<div>\n\tEn definitiva, que divendres tenim jarana, perqu&egrave; les pageses som de castanyes, moniatos i panellets, per&ograve; tamb&eacute; ens flipa un bon concert de Jagulin! Psychobilly, lletres de terror, slabs de contrabaix i personatges de l&rsquo;horror cl&agrave;ssic defineixen al Trio Los Reverb, que ens faran cagar-nos de por en la nit m&eacute;s esgarrifosa de l&rsquo;any.<\/div>\n<div>\n\t&nbsp;<\/div>\n<div>\n\tEls 50 primers en compartir la publicaci&oacute; a stories amb el hashtag #gruposoyvanessa i mencionant @els_pagesos s&rsquo;emporten un xarrup de moscatell gratu&iuml;t.<\/div>\n<\/div>\n","protected":false},"excerpt":{"rendered":"<p>Com aquest any la Castanyada cau en dilluns i algunes marxeu de pont, nosaltres tamb&eacute; ens hem muntat un pont castanyero allargant les activitats de la setmana jagulinesa. Aix&iacute; perqu&egrave; s&iacute;, per la cara, nom&eacute;s per vacil&middot;lar de decoraci&oacute; xula&#8230; B&eacute;, en realitat &eacute;s per amortizar les llumetes de calaveres i xilis que hem comprat [&hellip;]<\/p>\n","protected":false},"featured_media":2852,"menu_order":0,"template":"","class_list":["post-5485","event","type-event","status-publish","has-post-thumbnail","hentry"],"aioseo_notices":[],"aioseo_head":"\n\t\t<!-- All in One SEO 5.0.0.1 - aioseo.com -->\n\t<meta name=\"description\" content=\"Com aquest any la Castanyada cau en dilluns i algunes marxeu de pont, nosaltres tamb\u00e9 ens hem muntat un pont castanyero allargant les activitats de la setmana jagulinesa. Aix\u00ed perqu\u00e8 s\u00ed, per la cara, nom\u00e9s per vacil\u00b7lar de decoraci\u00f3 xula\u2026 B\u00e9, en realitat \u00e9s per amortizar les llumetes de calaveres i xilis que hem comprat\" \/>\n\t<meta name=\"robots\" content=\"max-image-preview:large\" \/>\n\t<link rel=\"canonical\" href=\"https:\/\/www.elspagesos.com\/es\/agenda\/concert-de-jagulin-trio-los-reverb\/\" \/>\n\t<meta name=\"generator\" content=\"All in One SEO (AIOSEO) 5.0.0.1\" \/>\n\t\t<meta property=\"og:locale\" content=\"es_ES\" \/>\n\t\t<meta property=\"og:site_name\" content=\"Els pagesos -\" \/>\n\t\t<meta property=\"og:type\" content=\"article\" \/>\n\t\t<meta property=\"og:title\" content=\"CONCERT DE JAGULIN Trio Los Reverb - Els pagesos\" \/>\n\t\t<meta property=\"og:description\" content=\"Com aquest any la Castanyada cau en dilluns i algunes marxeu de pont, nosaltres tamb\u00e9 ens hem muntat un pont castanyero allargant les activitats de la setmana jagulinesa. Aix\u00ed perqu\u00e8 s\u00ed, per la cara, nom\u00e9s per vacil\u00b7lar de decoraci\u00f3 xula\u2026 B\u00e9, en realitat \u00e9s per amortizar les llumetes de calaveres i xilis que hem comprat\" \/>\n\t\t<meta property=\"og:url\" content=\"https:\/\/www.elspagesos.com\/es\/agenda\/concert-de-jagulin-trio-los-reverb\/\" \/>\n\t\t<meta property=\"article:published_time\" content=\"2023-10-09T15:09:22+00:00\" \/>\n\t\t<meta property=\"article:modified_time\" content=\"2023-10-09T15:10:04+00:00\" \/>\n\t\t<meta name=\"twitter:card\" content=\"summary_large_image\" \/>\n\t\t<meta name=\"twitter:title\" content=\"CONCERT DE JAGULIN Trio Los Reverb - Els pagesos\" \/>\n\t\t<meta name=\"twitter:description\" content=\"Com aquest any la Castanyada cau en dilluns i algunes marxeu de pont, nosaltres tamb\u00e9 ens hem muntat un pont castanyero allargant les activitats de la setmana jagulinesa. Aix\u00ed perqu\u00e8 s\u00ed, per la cara, nom\u00e9s per vacil\u00b7lar de decoraci\u00f3 xula\u2026 B\u00e9, en realitat \u00e9s per amortizar les llumetes de calaveres i xilis que hem comprat\" \/>\n\t\t<script type=\"application\/ld+json\" class=\"aioseo-schema\">\n\t\t\t{\"@context\":\"https:\\\/\\\/schema.org\",\"@graph\":[{\"@type\":\"BreadcrumbList\",\"@id\":\"https:\\\/\\\/www.elspagesos.com\\\/es\\\/agenda\\\/concert-de-jagulin-trio-los-reverb\\\/#breadcrumblist\",\"itemListElement\":[{\"@type\":\"ListItem\",\"@id\":\"https:\\\/\\\/www.elspagesos.com\\\/es\\\/#listItem\",\"position\":1,\"name\":\"Inicio\",\"item\":\"https:\\\/\\\/www.elspagesos.com\\\/es\\\/\",\"nextItem\":{\"@type\":\"ListItem\",\"@id\":\"https:\\\/\\\/www.elspagesos.com\\\/es\\\/agenda\\\/#listItem\",\"name\":\"Agenda\"}},{\"@type\":\"ListItem\",\"@id\":\"https:\\\/\\\/www.elspagesos.com\\\/es\\\/agenda\\\/#listItem\",\"position\":2,\"name\":\"Agenda\",\"item\":\"https:\\\/\\\/www.elspagesos.com\\\/es\\\/agenda\\\/\",\"nextItem\":{\"@type\":\"ListItem\",\"@id\":\"https:\\\/\\\/www.elspagesos.com\\\/es\\\/agenda\\\/concert-de-jagulin-trio-los-reverb\\\/#listItem\",\"name\":\"CONCERT DE JAGULIN Trio Los Reverb\"},\"previousItem\":{\"@type\":\"ListItem\",\"@id\":\"https:\\\/\\\/www.elspagesos.com\\\/es\\\/#listItem\",\"name\":\"Inicio\"}},{\"@type\":\"ListItem\",\"@id\":\"https:\\\/\\\/www.elspagesos.com\\\/es\\\/agenda\\\/concert-de-jagulin-trio-los-reverb\\\/#listItem\",\"position\":3,\"name\":\"CONCERT DE JAGULIN Trio Los Reverb\",\"previousItem\":{\"@type\":\"ListItem\",\"@id\":\"https:\\\/\\\/www.elspagesos.com\\\/es\\\/agenda\\\/#listItem\",\"name\":\"Agenda\"}}]},{\"@type\":\"Organization\",\"@id\":\"https:\\\/\\\/www.elspagesos.com\\\/es\\\/#organization\",\"name\":\"pagesos\",\"url\":\"https:\\\/\\\/www.elspagesos.com\\\/es\\\/\"},{\"@type\":\"WebPage\",\"@id\":\"https:\\\/\\\/www.elspagesos.com\\\/es\\\/agenda\\\/concert-de-jagulin-trio-los-reverb\\\/#webpage\",\"url\":\"https:\\\/\\\/www.elspagesos.com\\\/es\\\/agenda\\\/concert-de-jagulin-trio-los-reverb\\\/\",\"name\":\"CONCERT DE JAGULIN Trio Los Reverb - Els pagesos\",\"description\":\"Com aquest any la Castanyada cau en dilluns i algunes marxeu de pont, nosaltres tamb\\u00e9 ens hem muntat un pont castanyero allargant les activitats de la setmana jagulinesa. Aix\\u00ed perqu\\u00e8 s\\u00ed, per la cara, nom\\u00e9s per vacil\\u00b7lar de decoraci\\u00f3 xula\\u2026 B\\u00e9, en realitat \\u00e9s per amortizar les llumetes de calaveres i xilis que hem comprat\",\"inLanguage\":\"es-ES\",\"isPartOf\":{\"@id\":\"https:\\\/\\\/www.elspagesos.com\\\/es\\\/#website\"},\"breadcrumb\":{\"@id\":\"https:\\\/\\\/www.elspagesos.com\\\/es\\\/agenda\\\/concert-de-jagulin-trio-los-reverb\\\/#breadcrumblist\"},\"image\":{\"@type\":\"ImageObject\",\"url\":\"https:\\\/\\\/www.elspagesos.com\\\/wp-content\\\/uploads\\\/2023\\\/10\\\/flyer_471.jpg\",\"@id\":\"https:\\\/\\\/www.elspagesos.com\\\/es\\\/agenda\\\/concert-de-jagulin-trio-los-reverb\\\/#mainImage\",\"width\":550,\"height\":778},\"primaryImageOfPage\":{\"@id\":\"https:\\\/\\\/www.elspagesos.com\\\/es\\\/agenda\\\/concert-de-jagulin-trio-los-reverb\\\/#mainImage\"},\"datePublished\":\"2023-10-09T17:09:22+02:00\",\"dateModified\":\"2023-10-09T17:10:04+02:00\"},{\"@type\":\"WebSite\",\"@id\":\"https:\\\/\\\/www.elspagesos.com\\\/es\\\/#website\",\"url\":\"https:\\\/\\\/www.elspagesos.com\\\/es\\\/\",\"name\":\"pagesos\",\"inLanguage\":\"es-ES\",\"publisher\":{\"@id\":\"https:\\\/\\\/www.elspagesos.com\\\/es\\\/#organization\"}}]}\n\t\t<\/script>\n\t\t<!-- All in One SEO -->\n\n","aioseo_head_json":{"title":"CONCERT DE JAGULIN Trio Los Reverb - Els pagesos","description":"Com aquest any la Castanyada cau en dilluns i algunes marxeu de pont, nosaltres tamb\u00e9 ens hem muntat un pont castanyero allargant les activitats de la setmana jagulinesa. Aix\u00ed perqu\u00e8 s\u00ed, per la cara, nom\u00e9s per vacil\u00b7lar de decoraci\u00f3 xula\u2026 B\u00e9, en realitat \u00e9s per amortizar les llumetes de calaveres i xilis que hem comprat","canonical_url":"https:\/\/www.elspagesos.com\/es\/agenda\/concert-de-jagulin-trio-los-reverb\/","robots":"max-image-preview:large","keywords":"","webmasterTools":{"miscellaneous":""},"schema":{"@context":"https:\/\/schema.org","@graph":[{"@type":"BreadcrumbList","@id":"https:\/\/www.elspagesos.com\/es\/agenda\/concert-de-jagulin-trio-los-reverb\/#breadcrumblist","itemListElement":[{"@type":"ListItem","@id":"https:\/\/www.elspagesos.com\/es\/#listItem","position":1,"name":"Inicio","item":"https:\/\/www.elspagesos.com\/es\/","nextItem":{"@type":"ListItem","@id":"https:\/\/www.elspagesos.com\/es\/agenda\/#listItem","name":"Agenda"}},{"@type":"ListItem","@id":"https:\/\/www.elspagesos.com\/es\/agenda\/#listItem","position":2,"name":"Agenda","item":"https:\/\/www.elspagesos.com\/es\/agenda\/","nextItem":{"@type":"ListItem","@id":"https:\/\/www.elspagesos.com\/es\/agenda\/concert-de-jagulin-trio-los-reverb\/#listItem","name":"CONCERT DE JAGULIN Trio Los Reverb"},"previousItem":{"@type":"ListItem","@id":"https:\/\/www.elspagesos.com\/es\/#listItem","name":"Inicio"}},{"@type":"ListItem","@id":"https:\/\/www.elspagesos.com\/es\/agenda\/concert-de-jagulin-trio-los-reverb\/#listItem","position":3,"name":"CONCERT DE JAGULIN Trio Los Reverb","previousItem":{"@type":"ListItem","@id":"https:\/\/www.elspagesos.com\/es\/agenda\/#listItem","name":"Agenda"}}]},{"@type":"Organization","@id":"https:\/\/www.elspagesos.com\/es\/#organization","name":"pagesos","url":"https:\/\/www.elspagesos.com\/es\/"},{"@type":"WebPage","@id":"https:\/\/www.elspagesos.com\/es\/agenda\/concert-de-jagulin-trio-los-reverb\/#webpage","url":"https:\/\/www.elspagesos.com\/es\/agenda\/concert-de-jagulin-trio-los-reverb\/","name":"CONCERT DE JAGULIN Trio Los Reverb - Els pagesos","description":"Com aquest any la Castanyada cau en dilluns i algunes marxeu de pont, nosaltres tamb\u00e9 ens hem muntat un pont castanyero allargant les activitats de la setmana jagulinesa. Aix\u00ed perqu\u00e8 s\u00ed, per la cara, nom\u00e9s per vacil\u00b7lar de decoraci\u00f3 xula\u2026 B\u00e9, en realitat \u00e9s per amortizar les llumetes de calaveres i xilis que hem comprat","inLanguage":"es-ES","isPartOf":{"@id":"https:\/\/www.elspagesos.com\/es\/#website"},"breadcrumb":{"@id":"https:\/\/www.elspagesos.com\/es\/agenda\/concert-de-jagulin-trio-los-reverb\/#breadcrumblist"},"image":{"@type":"ImageObject","url":"https:\/\/www.elspagesos.com\/wp-content\/uploads\/2023\/10\/flyer_471.jpg","@id":"https:\/\/www.elspagesos.com\/es\/agenda\/concert-de-jagulin-trio-los-reverb\/#mainImage","width":550,"height":778},"primaryImageOfPage":{"@id":"https:\/\/www.elspagesos.com\/es\/agenda\/concert-de-jagulin-trio-los-reverb\/#mainImage"},"datePublished":"2023-10-09T17:09:22+02:00","dateModified":"2023-10-09T17:10:04+02:00"},{"@type":"WebSite","@id":"https:\/\/www.elspagesos.com\/es\/#website","url":"https:\/\/www.elspagesos.com\/es\/","name":"pagesos","inLanguage":"es-ES","publisher":{"@id":"https:\/\/www.elspagesos.com\/es\/#organization"}}]},"og:locale":"es_ES","og:site_name":"Els pagesos -","og:type":"article","og:title":"CONCERT DE JAGULIN Trio Los Reverb - Els pagesos","og:description":"Com aquest any la Castanyada cau en dilluns i algunes marxeu de pont, nosaltres tamb\u00e9 ens hem muntat un pont castanyero allargant les activitats de la setmana jagulinesa. Aix\u00ed perqu\u00e8 s\u00ed, per la cara, nom\u00e9s per vacil\u00b7lar de decoraci\u00f3 xula\u2026 B\u00e9, en realitat \u00e9s per amortizar les llumetes de calaveres i xilis que hem comprat","og:url":"https:\/\/www.elspagesos.com\/es\/agenda\/concert-de-jagulin-trio-los-reverb\/","article:published_time":"2023-10-09T15:09:22+00:00","article:modified_time":"2023-10-09T15:10:04+00:00","twitter:card":"summary_large_image","twitter:title":"CONCERT DE JAGULIN Trio Los Reverb - Els pagesos","twitter:description":"Com aquest any la Castanyada cau en dilluns i algunes marxeu de pont, nosaltres tamb\u00e9 ens hem muntat un pont castanyero allargant les activitats de la setmana jagulinesa. Aix\u00ed perqu\u00e8 s\u00ed, per la cara, nom\u00e9s per vacil\u00b7lar de decoraci\u00f3 xula\u2026 B\u00e9, en realitat \u00e9s per amortizar les llumetes de calaveres i xilis que hem comprat"},"aioseo_meta_data":{"post_id":"5485","title":null,"description":null,"keywords":null,"keyphrases":null,"primary_term":null,"canonical_url":null,"og_title":null,"og_description":null,"og_object_type":"default","og_image_type":"default","og_image_url":null,"og_image_width":null,"og_image_height":null,"og_image_custom_url":null,"og_image_custom_fields":null,"og_video":null,"og_custom_url":null,"og_article_section":null,"og_article_tags":null,"twitter_use_og":false,"twitter_card":"default","twitter_image_type":"default","twitter_image_url":null,"twitter_image_custom_url":null,"twitter_image_custom_fields":null,"twitter_title":null,"twitter_description":null,"schema":{"blockGraphs":[],"customGraphs":[],"default":{"data":{"Article":[],"Course":[],"Dataset":[],"FAQPage":[],"Movie":[],"Person":[],"Product":[],"ProductReview":[],"Car":[],"Recipe":[],"Service":[],"SoftwareApplication":[],"WebPage":[]},"graphName":"","isEnabled":true},"graphs":[]},"schema_type":"default","schema_type_options":null,"pillar_content":false,"robots_default":true,"robots_noindex":false,"robots_noarchive":false,"robots_nosnippet":false,"robots_nofollow":false,"robots_noimageindex":false,"robots_noodp":false,"robots_notranslate":false,"robots_max_snippet":null,"robots_max_videopreview":null,"robots_max_imagepreview":"large","priority":null,"frequency":null,"local_seo":null,"breadcrumb_settings":null,"limit_modified_date":false,"ai":null,"created":"2023-10-09 14:36:12","updated":"2025-10-15 04:30:38","seo_analyzer_scan_date":null,"focus_keyword":null,"additional_keywords":null,"truseo_locale":null},"aioseo_breadcrumb":"<div class=\"aioseo-breadcrumbs\"><span class=\"aioseo-breadcrumb\">\n\t\t\t<a href=\"https:\/\/www.elspagesos.com\/es\/\" title=\"Inicio\">Inicio<\/a>\n\t\t<\/span><span class=\"aioseo-breadcrumb-separator\">\u00bb<\/span><span class=\"aioseo-breadcrumb\">\n\t\t\t<a href=\"https:\/\/www.elspagesos.com\/es\/agenda\/\" title=\"Agenda\">Agenda<\/a>\n\t\t<\/span><span class=\"aioseo-breadcrumb-separator\">\u00bb<\/span><span class=\"aioseo-breadcrumb\">\n\t\t\tCONCERT DE JAGULIN Trio Los Reverb\n\t\t<\/span><\/div>","aioseo_breadcrumb_json":[{"label":"Inicio","link":"https:\/\/www.elspagesos.com\/es\/"},{"label":"Agenda","link":"https:\/\/www.elspagesos.com\/es\/agenda\/"},{"label":"CONCERT DE JAGULIN Trio Los Reverb","link":"https:\/\/www.elspagesos.com\/es\/agenda\/concert-de-jagulin-trio-los-reverb\/"}],"_links":{"self":[{"href":"https:\/\/www.elspagesos.com\/es\/wp-json\/wp\/v2\/event\/5485","targetHints":{"allow":["GET"]}}],"collection":[{"href":"https:\/\/www.elspagesos.com\/es\/wp-json\/wp\/v2\/event"}],"about":[{"href":"https:\/\/www.elspagesos.com\/es\/wp-json\/wp\/v2\/types\/event"}],"version-history":[{"count":1,"href":"https:\/\/www.elspagesos.com\/es\/wp-json\/wp\/v2\/event\/5485\/revisions"}],"predecessor-version":[{"id":6684,"href":"https:\/\/www.elspagesos.com\/es\/wp-json\/wp\/v2\/event\/5485\/revisions\/6684"}],"wp:featuredmedia":[{"embeddable":true,"href":"https:\/\/www.elspagesos.com\/es\/wp-json\/wp\/v2\/media\/2852"}],"wp:attachment":[{"href":"https:\/\/www.elspagesos.com\/es\/wp-json\/wp\/v2\/media?parent=5485"}],"curies":[{"name":"wp","href":"https:\/\/api.w.org\/{rel}","templated":true}]}}