{"id":5482,"date":"2023-10-09T17:09:22","date_gmt":"2023-10-09T15:09:22","guid":{"rendered":"https:\/\/www.elspagesos.com\/event\/flamaradas-2\/"},"modified":"2023-10-09T17:10:01","modified_gmt":"2023-10-09T15:10:01","slug":"flamaradas-2","status":"publish","type":"event","link":"https:\/\/www.elspagesos.com\/es\/agenda\/flamaradas-2\/","title":{"rendered":"FLAMARADAS"},"content":{"rendered":"<p><img decoding=\"async\" src=\"\/\/www.elspagesos.com\/wp-content\/uploads\/2023\/10\/flyer_468.jpg\" alt=\"FLAMARADAS\" \/><\/p>\n<div>\n<div>\n\t<strong>&quot;Flamaradas<\/strong> es una rara avis del panorama de la m&uacute;sica alternativa espa&ntilde;ola. Podr&iacute;a ser, a la vez, un cantautor, un cantante folcl&oacute;rico y un rockero psicod&eacute;lico. Aunque probablemente, tal y como refleja fidedignamente en su &uacute;ltimo disco,&nbsp;<em>Flamaradas<\/em>,&nbsp;es la m&uacute;sica de un tiempo y de un lugar muy concretos.<\/div>\n<div>\n\t&nbsp;<\/div>\n<div>\n\tEn&nbsp;<em>Flamaradas&nbsp;<\/em>encontramos un cat&aacute;logo de las melod&iacute;as con las que ha ido creciendo Daniel Magall&oacute;n, l&iacute;der de la banda: desde la jota navarra a Elvis pasando por The Doors. Todas ellas viajan desde su bagaje emocional a las canciones que canta con una voz que, despu&eacute;s de dos discos y un EP, ya le es totalmente propia y le sienta como un guante.<\/div>\n<div>\n\t&nbsp;<\/div>\n<div>\n\tEs la copla que trajeron los emigrantes andaluces al &aacute;rea metropolitana de Barcelona, que choc&oacute; con el punk de La Banda Trapera del R&iacute;o, que creci&oacute; con el folklore de las m&uacute;sicas latinas de Atahualpa Yupanqui y que se distorsion&oacute; con el post-punk de Joy Division. Todo eso pas&oacute; all&iacute; y Daniel Magall&oacute;n estaba para escuchar sus ecos.&quot;<\/div>\n<div>\n\t&nbsp;<\/div>\n<div>\n\t&nbsp;<\/div>\n<div>\n\t<a href=\"https:\/\/entradium.com\/events\/flamaradas-sant-feliu-de-llobregat\"><strong>ENTRADES AQU&Iacute;<br \/>\n\t<\/strong><\/a><\/div>\n<\/div>\n<p><iframe width=\"552\" height=\"315\" src=\"https:\/\/www.youtube.com\/embed\/h-vyMtPqD6A\" title=\"YouTube video player\" frameborder=\"0\" allow=\"accelerometer; autoplay; clipboard-write; encrypted-media; gyroscope; picture-in-picture\" allowfullscreen><\/iframe><\/p>\n","protected":false},"excerpt":{"rendered":"<p>&quot;Flamaradas es una rara avis del panorama de la m&uacute;sica alternativa espa&ntilde;ola. Podr&iacute;a ser, a la vez, un cantautor, un cantante folcl&oacute;rico y un rockero psicod&eacute;lico. Aunque probablemente, tal y como refleja fidedignamente en su &uacute;ltimo disco,&nbsp;Flamaradas,&nbsp;es la m&uacute;sica de un tiempo y de un lugar muy concretos. &nbsp; En&nbsp;Flamaradas&nbsp;encontramos un cat&aacute;logo de las melod&iacute;as [&hellip;]<\/p>\n","protected":false},"featured_media":2846,"menu_order":0,"template":"","class_list":["post-5482","event","type-event","status-publish","has-post-thumbnail","hentry"],"aioseo_notices":[],"aioseo_head":"\n\t\t<!-- All in One SEO 5.0.0.1 - aioseo.com -->\n\t<meta name=\"description\" content=\"&quot;Flamaradas es una rara avis del panorama de la m\u00fasica alternativa espa\u00f1ola. Podr\u00eda ser, a la vez, un cantautor, un cantante folcl\u00f3rico y un rockero psicod\u00e9lico. Aunque probablemente, tal y como refleja fidedignamente en su \u00faltimo disco, Flamaradas, es la m\u00fasica de un tiempo y de un lugar muy concretos. En Flamaradas encontramos un cat\u00e1logo de las melod\u00edas\" \/>\n\t<meta name=\"robots\" content=\"max-image-preview:large\" \/>\n\t<link rel=\"canonical\" href=\"https:\/\/www.elspagesos.com\/es\/agenda\/flamaradas-2\/\" \/>\n\t<meta name=\"generator\" content=\"All in One SEO (AIOSEO) 5.0.0.1\" \/>\n\t\t<meta property=\"og:locale\" content=\"es_ES\" \/>\n\t\t<meta property=\"og:site_name\" content=\"Els pagesos -\" \/>\n\t\t<meta property=\"og:type\" content=\"article\" \/>\n\t\t<meta property=\"og:title\" content=\"FLAMARADAS - Els pagesos\" \/>\n\t\t<meta property=\"og:description\" content=\"&quot;Flamaradas es una rara avis del panorama de la m\u00fasica alternativa espa\u00f1ola. Podr\u00eda ser, a la vez, un cantautor, un cantante folcl\u00f3rico y un rockero psicod\u00e9lico. Aunque probablemente, tal y como refleja fidedignamente en su \u00faltimo disco, Flamaradas, es la m\u00fasica de un tiempo y de un lugar muy concretos. En Flamaradas encontramos un cat\u00e1logo de las melod\u00edas\" \/>\n\t\t<meta property=\"og:url\" content=\"https:\/\/www.elspagesos.com\/es\/agenda\/flamaradas-2\/\" \/>\n\t\t<meta property=\"article:published_time\" content=\"2023-10-09T15:09:22+00:00\" \/>\n\t\t<meta property=\"article:modified_time\" content=\"2023-10-09T15:10:01+00:00\" \/>\n\t\t<meta name=\"twitter:card\" content=\"summary_large_image\" \/>\n\t\t<meta name=\"twitter:title\" content=\"FLAMARADAS - Els pagesos\" \/>\n\t\t<meta name=\"twitter:description\" content=\"&quot;Flamaradas es una rara avis del panorama de la m\u00fasica alternativa espa\u00f1ola. Podr\u00eda ser, a la vez, un cantautor, un cantante folcl\u00f3rico y un rockero psicod\u00e9lico. Aunque probablemente, tal y como refleja fidedignamente en su \u00faltimo disco, Flamaradas, es la m\u00fasica de un tiempo y de un lugar muy concretos. En Flamaradas encontramos un cat\u00e1logo de las melod\u00edas\" \/>\n\t\t<script type=\"application\/ld+json\" class=\"aioseo-schema\">\n\t\t\t{\"@context\":\"https:\\\/\\\/schema.org\",\"@graph\":[{\"@type\":\"BreadcrumbList\",\"@id\":\"https:\\\/\\\/www.elspagesos.com\\\/es\\\/agenda\\\/flamaradas-2\\\/#breadcrumblist\",\"itemListElement\":[{\"@type\":\"ListItem\",\"@id\":\"https:\\\/\\\/www.elspagesos.com\\\/es\\\/#listItem\",\"position\":1,\"name\":\"Inicio\",\"item\":\"https:\\\/\\\/www.elspagesos.com\\\/es\\\/\",\"nextItem\":{\"@type\":\"ListItem\",\"@id\":\"https:\\\/\\\/www.elspagesos.com\\\/es\\\/agenda\\\/#listItem\",\"name\":\"Agenda\"}},{\"@type\":\"ListItem\",\"@id\":\"https:\\\/\\\/www.elspagesos.com\\\/es\\\/agenda\\\/#listItem\",\"position\":2,\"name\":\"Agenda\",\"item\":\"https:\\\/\\\/www.elspagesos.com\\\/es\\\/agenda\\\/\",\"nextItem\":{\"@type\":\"ListItem\",\"@id\":\"https:\\\/\\\/www.elspagesos.com\\\/es\\\/agenda\\\/flamaradas-2\\\/#listItem\",\"name\":\"FLAMARADAS\"},\"previousItem\":{\"@type\":\"ListItem\",\"@id\":\"https:\\\/\\\/www.elspagesos.com\\\/es\\\/#listItem\",\"name\":\"Inicio\"}},{\"@type\":\"ListItem\",\"@id\":\"https:\\\/\\\/www.elspagesos.com\\\/es\\\/agenda\\\/flamaradas-2\\\/#listItem\",\"position\":3,\"name\":\"FLAMARADAS\",\"previousItem\":{\"@type\":\"ListItem\",\"@id\":\"https:\\\/\\\/www.elspagesos.com\\\/es\\\/agenda\\\/#listItem\",\"name\":\"Agenda\"}}]},{\"@type\":\"Organization\",\"@id\":\"https:\\\/\\\/www.elspagesos.com\\\/es\\\/#organization\",\"name\":\"pagesos\",\"url\":\"https:\\\/\\\/www.elspagesos.com\\\/es\\\/\"},{\"@type\":\"WebPage\",\"@id\":\"https:\\\/\\\/www.elspagesos.com\\\/es\\\/agenda\\\/flamaradas-2\\\/#webpage\",\"url\":\"https:\\\/\\\/www.elspagesos.com\\\/es\\\/agenda\\\/flamaradas-2\\\/\",\"name\":\"FLAMARADAS - Els pagesos\",\"description\":\"\\\"Flamaradas es una rara avis del panorama de la m\\u00fasica alternativa espa\\u00f1ola. Podr\\u00eda ser, a la vez, un cantautor, un cantante folcl\\u00f3rico y un rockero psicod\\u00e9lico. Aunque probablemente, tal y como refleja fidedignamente en su \\u00faltimo disco, Flamaradas, es la m\\u00fasica de un tiempo y de un lugar muy concretos. En Flamaradas encontramos un cat\\u00e1logo de las melod\\u00edas\",\"inLanguage\":\"es-ES\",\"isPartOf\":{\"@id\":\"https:\\\/\\\/www.elspagesos.com\\\/es\\\/#website\"},\"breadcrumb\":{\"@id\":\"https:\\\/\\\/www.elspagesos.com\\\/es\\\/agenda\\\/flamaradas-2\\\/#breadcrumblist\"},\"image\":{\"@type\":\"ImageObject\",\"url\":\"https:\\\/\\\/www.elspagesos.com\\\/wp-content\\\/uploads\\\/2023\\\/10\\\/flyer_468.jpg\",\"@id\":\"https:\\\/\\\/www.elspagesos.com\\\/es\\\/agenda\\\/flamaradas-2\\\/#mainImage\",\"width\":550,\"height\":778},\"primaryImageOfPage\":{\"@id\":\"https:\\\/\\\/www.elspagesos.com\\\/es\\\/agenda\\\/flamaradas-2\\\/#mainImage\"},\"datePublished\":\"2023-10-09T17:09:22+02:00\",\"dateModified\":\"2023-10-09T17:10:01+02:00\"},{\"@type\":\"WebSite\",\"@id\":\"https:\\\/\\\/www.elspagesos.com\\\/es\\\/#website\",\"url\":\"https:\\\/\\\/www.elspagesos.com\\\/es\\\/\",\"name\":\"pagesos\",\"inLanguage\":\"es-ES\",\"publisher\":{\"@id\":\"https:\\\/\\\/www.elspagesos.com\\\/es\\\/#organization\"}}]}\n\t\t<\/script>\n\t\t<!-- All in One SEO -->\n\n","aioseo_head_json":{"title":"FLAMARADAS - Els pagesos","description":"\"Flamaradas es una rara avis del panorama de la m\u00fasica alternativa espa\u00f1ola. Podr\u00eda ser, a la vez, un cantautor, un cantante folcl\u00f3rico y un rockero psicod\u00e9lico. Aunque probablemente, tal y como refleja fidedignamente en su \u00faltimo disco, Flamaradas, es la m\u00fasica de un tiempo y de un lugar muy concretos. En Flamaradas encontramos un cat\u00e1logo de las melod\u00edas","canonical_url":"https:\/\/www.elspagesos.com\/es\/agenda\/flamaradas-2\/","robots":"max-image-preview:large","keywords":"","webmasterTools":{"miscellaneous":""},"schema":{"@context":"https:\/\/schema.org","@graph":[{"@type":"BreadcrumbList","@id":"https:\/\/www.elspagesos.com\/es\/agenda\/flamaradas-2\/#breadcrumblist","itemListElement":[{"@type":"ListItem","@id":"https:\/\/www.elspagesos.com\/es\/#listItem","position":1,"name":"Inicio","item":"https:\/\/www.elspagesos.com\/es\/","nextItem":{"@type":"ListItem","@id":"https:\/\/www.elspagesos.com\/es\/agenda\/#listItem","name":"Agenda"}},{"@type":"ListItem","@id":"https:\/\/www.elspagesos.com\/es\/agenda\/#listItem","position":2,"name":"Agenda","item":"https:\/\/www.elspagesos.com\/es\/agenda\/","nextItem":{"@type":"ListItem","@id":"https:\/\/www.elspagesos.com\/es\/agenda\/flamaradas-2\/#listItem","name":"FLAMARADAS"},"previousItem":{"@type":"ListItem","@id":"https:\/\/www.elspagesos.com\/es\/#listItem","name":"Inicio"}},{"@type":"ListItem","@id":"https:\/\/www.elspagesos.com\/es\/agenda\/flamaradas-2\/#listItem","position":3,"name":"FLAMARADAS","previousItem":{"@type":"ListItem","@id":"https:\/\/www.elspagesos.com\/es\/agenda\/#listItem","name":"Agenda"}}]},{"@type":"Organization","@id":"https:\/\/www.elspagesos.com\/es\/#organization","name":"pagesos","url":"https:\/\/www.elspagesos.com\/es\/"},{"@type":"WebPage","@id":"https:\/\/www.elspagesos.com\/es\/agenda\/flamaradas-2\/#webpage","url":"https:\/\/www.elspagesos.com\/es\/agenda\/flamaradas-2\/","name":"FLAMARADAS - Els pagesos","description":"\"Flamaradas es una rara avis del panorama de la m\u00fasica alternativa espa\u00f1ola. Podr\u00eda ser, a la vez, un cantautor, un cantante folcl\u00f3rico y un rockero psicod\u00e9lico. Aunque probablemente, tal y como refleja fidedignamente en su \u00faltimo disco, Flamaradas, es la m\u00fasica de un tiempo y de un lugar muy concretos. En Flamaradas encontramos un cat\u00e1logo de las melod\u00edas","inLanguage":"es-ES","isPartOf":{"@id":"https:\/\/www.elspagesos.com\/es\/#website"},"breadcrumb":{"@id":"https:\/\/www.elspagesos.com\/es\/agenda\/flamaradas-2\/#breadcrumblist"},"image":{"@type":"ImageObject","url":"https:\/\/www.elspagesos.com\/wp-content\/uploads\/2023\/10\/flyer_468.jpg","@id":"https:\/\/www.elspagesos.com\/es\/agenda\/flamaradas-2\/#mainImage","width":550,"height":778},"primaryImageOfPage":{"@id":"https:\/\/www.elspagesos.com\/es\/agenda\/flamaradas-2\/#mainImage"},"datePublished":"2023-10-09T17:09:22+02:00","dateModified":"2023-10-09T17:10:01+02:00"},{"@type":"WebSite","@id":"https:\/\/www.elspagesos.com\/es\/#website","url":"https:\/\/www.elspagesos.com\/es\/","name":"pagesos","inLanguage":"es-ES","publisher":{"@id":"https:\/\/www.elspagesos.com\/es\/#organization"}}]},"og:locale":"es_ES","og:site_name":"Els pagesos -","og:type":"article","og:title":"FLAMARADAS - Els pagesos","og:description":"&quot;Flamaradas es una rara avis del panorama de la m\u00fasica alternativa espa\u00f1ola. Podr\u00eda ser, a la vez, un cantautor, un cantante folcl\u00f3rico y un rockero psicod\u00e9lico. Aunque probablemente, tal y como refleja fidedignamente en su \u00faltimo disco, Flamaradas, es la m\u00fasica de un tiempo y de un lugar muy concretos. En Flamaradas encontramos un cat\u00e1logo de las melod\u00edas","og:url":"https:\/\/www.elspagesos.com\/es\/agenda\/flamaradas-2\/","article:published_time":"2023-10-09T15:09:22+00:00","article:modified_time":"2023-10-09T15:10:01+00:00","twitter:card":"summary_large_image","twitter:title":"FLAMARADAS - Els pagesos","twitter:description":"&quot;Flamaradas es una rara avis del panorama de la m\u00fasica alternativa espa\u00f1ola. Podr\u00eda ser, a la vez, un cantautor, un cantante folcl\u00f3rico y un rockero psicod\u00e9lico. Aunque probablemente, tal y como refleja fidedignamente en su \u00faltimo disco, Flamaradas, es la m\u00fasica de un tiempo y de un lugar muy concretos. En Flamaradas encontramos un cat\u00e1logo de las melod\u00edas"},"aioseo_meta_data":{"post_id":"5482","title":null,"description":null,"keywords":null,"keyphrases":null,"primary_term":null,"canonical_url":null,"og_title":null,"og_description":null,"og_object_type":"default","og_image_type":"default","og_image_url":null,"og_image_width":null,"og_image_height":null,"og_image_custom_url":null,"og_image_custom_fields":null,"og_video":null,"og_custom_url":null,"og_article_section":null,"og_article_tags":null,"twitter_use_og":false,"twitter_card":"default","twitter_image_type":"default","twitter_image_url":null,"twitter_image_custom_url":null,"twitter_image_custom_fields":null,"twitter_title":null,"twitter_description":null,"schema":{"blockGraphs":[],"customGraphs":[],"default":{"data":{"Article":[],"Course":[],"Dataset":[],"FAQPage":[],"Movie":[],"Person":[],"Product":[],"ProductReview":[],"Car":[],"Recipe":[],"Service":[],"SoftwareApplication":[],"WebPage":[]},"graphName":"","isEnabled":true},"graphs":[]},"schema_type":"default","schema_type_options":null,"pillar_content":false,"robots_default":true,"robots_noindex":false,"robots_noarchive":false,"robots_nosnippet":false,"robots_nofollow":false,"robots_noimageindex":false,"robots_noodp":false,"robots_notranslate":false,"robots_max_snippet":null,"robots_max_videopreview":null,"robots_max_imagepreview":"large","priority":null,"frequency":null,"local_seo":null,"breadcrumb_settings":null,"limit_modified_date":false,"ai":null,"created":"2023-10-09 14:36:12","updated":"2025-10-15 04:30:38","seo_analyzer_scan_date":null,"focus_keyword":null,"additional_keywords":null,"truseo_locale":null},"aioseo_breadcrumb":"<div class=\"aioseo-breadcrumbs\"><span class=\"aioseo-breadcrumb\">\n\t\t\t<a href=\"https:\/\/www.elspagesos.com\/es\/\" title=\"Inicio\">Inicio<\/a>\n\t\t<\/span><span class=\"aioseo-breadcrumb-separator\">\u00bb<\/span><span class=\"aioseo-breadcrumb\">\n\t\t\t<a href=\"https:\/\/www.elspagesos.com\/es\/agenda\/\" title=\"Agenda\">Agenda<\/a>\n\t\t<\/span><span class=\"aioseo-breadcrumb-separator\">\u00bb<\/span><span class=\"aioseo-breadcrumb\">\n\t\t\tFLAMARADAS\n\t\t<\/span><\/div>","aioseo_breadcrumb_json":[{"label":"Inicio","link":"https:\/\/www.elspagesos.com\/es\/"},{"label":"Agenda","link":"https:\/\/www.elspagesos.com\/es\/agenda\/"},{"label":"FLAMARADAS","link":"https:\/\/www.elspagesos.com\/es\/agenda\/flamaradas-2\/"}],"_links":{"self":[{"href":"https:\/\/www.elspagesos.com\/es\/wp-json\/wp\/v2\/event\/5482","targetHints":{"allow":["GET"]}}],"collection":[{"href":"https:\/\/www.elspagesos.com\/es\/wp-json\/wp\/v2\/event"}],"about":[{"href":"https:\/\/www.elspagesos.com\/es\/wp-json\/wp\/v2\/types\/event"}],"version-history":[{"count":1,"href":"https:\/\/www.elspagesos.com\/es\/wp-json\/wp\/v2\/event\/5482\/revisions"}],"predecessor-version":[{"id":6678,"href":"https:\/\/www.elspagesos.com\/es\/wp-json\/wp\/v2\/event\/5482\/revisions\/6678"}],"wp:featuredmedia":[{"embeddable":true,"href":"https:\/\/www.elspagesos.com\/es\/wp-json\/wp\/v2\/media\/2846"}],"wp:attachment":[{"href":"https:\/\/www.elspagesos.com\/es\/wp-json\/wp\/v2\/media?parent=5482"}],"curies":[{"name":"wp","href":"https:\/\/api.w.org\/{rel}","templated":true}]}}