{"id":5477,"date":"2023-10-09T17:09:10","date_gmt":"2023-10-09T15:09:10","guid":{"rendered":"https:\/\/www.elspagesos.com\/event\/neboa\/"},"modified":"2023-10-09T17:09:57","modified_gmt":"2023-10-09T15:09:57","slug":"neboa","status":"publish","type":"event","link":"https:\/\/www.elspagesos.com\/es\/agenda\/neboa\/","title":{"rendered":"N\u00c9BOA"},"content":{"rendered":"<p><img decoding=\"async\" src=\"\/\/www.elspagesos.com\/wp-content\/uploads\/2023\/10\/flyer_463.jpg\" alt=\"N\u00c9BOA\" \/><\/p>\n<div>\n<div>\n\t&nbsp;<\/div>\n<div>\n\tDissabte 5 de novembre. Apunteu aquesta data. De deb&ograve;. Apunteu-la.<\/div>\n<div>\n\t&nbsp;<\/div>\n<div>\n\tAquesta &eacute;s la data en qu&egrave; ens visita N&eacute;boa, el quintet gallec guanyador del premi Fran P&eacute;rez Narf el 2018.<\/div>\n<div>\n\t&nbsp;<\/div>\n<div>\n\tNosaltres les vam con&eacute;ixer perl seu meravell&oacute;s tema &ldquo;Coidar dunhas colmeas&rdquo; [adicci&oacute; pura; l&rsquo;heu escoltat al bar segur].<\/div>\n<div>\n\t&nbsp;<\/div>\n<div>\n\tAra estan de gira presentant el seu darrer treball, &ldquo;A realidade enganosa&rdquo;, un &agrave;lbum amb una paleta de sons formada per tints que van des de la can&ccedil;&oacute; tradicional gallega i la can&ccedil;&oacute; d&#39;autor al pop alternatiu, la indietr&ograve;nica o el trip-hop. El resultat &eacute;s cridaner: un pop-folk alternatiu amb tocs d&#39;electr&ograve;nica que pot recordar certes peces de Radiohead, o fins i tot en alguns moments gent com Nadadora, Le Mans, Pauline en la Playa o Nosotr&auml;sh. Les combinacions de sons que N&eacute;boa inclouen a les seves can&ccedil;ons s&oacute;n intel&middot;ligents i en alguns casos sorprenents, donant com a resultat un producte estimulant, substanci&oacute;s i destacable dins del seu estil.<\/div>\n<div>\n\t&nbsp;<\/div>\n<div>\n\tDespr&eacute;s de publicar un EP i diversos senzills, N&eacute;boa van llan&ccedil;ar a finals de l&#39;any passat el seu primer &agrave;lbum en format llarg: &ldquo;A Realidade Enganosa&rdquo;. Un disc majorit&agrave;riament cantat en gallec i portugu&egrave;s.<\/div>\n<div>\n\t&nbsp;<\/div>\n<div>\n\t<a href=\"https:\/\/entradium.com\/events\/neboa\"><strong>ENTRADES AQU&Iacute;.<\/strong><\/a><\/div>\n<\/div>\n<p><iframe width=\"552\" height=\"315\" src=\"https:\/\/www.youtube.com\/embed\/UzkmaGJ6kjM\" title=\"YouTube video player\" frameborder=\"0\" allow=\"accelerometer; autoplay; clipboard-write; encrypted-media; gyroscope; picture-in-picture\" allowfullscreen><\/iframe><\/p>\n","protected":false},"excerpt":{"rendered":"<p>&nbsp; Dissabte 5 de novembre. Apunteu aquesta data. De deb&ograve;. Apunteu-la. &nbsp; Aquesta &eacute;s la data en qu&egrave; ens visita N&eacute;boa, el quintet gallec guanyador del premi Fran P&eacute;rez Narf el 2018. &nbsp; Nosaltres les vam con&eacute;ixer perl seu meravell&oacute;s tema &ldquo;Coidar dunhas colmeas&rdquo; [adicci&oacute; pura; l&rsquo;heu escoltat al bar segur]. &nbsp; Ara estan de [&hellip;]<\/p>\n","protected":false},"featured_media":2836,"menu_order":0,"template":"","class_list":["post-5477","event","type-event","status-publish","has-post-thumbnail","hentry"],"aioseo_notices":[],"aioseo_head":"\n\t\t<!-- All in One SEO 5.0.0.1 - aioseo.com -->\n\t<meta name=\"description\" content=\"Dissabte 5 de novembre. Apunteu aquesta data. De deb\u00f2. Apunteu-la. Aquesta \u00e9s la data en qu\u00e8 ens visita N\u00e9boa, el quintet gallec guanyador del premi Fran P\u00e9rez Narf el 2018. Nosaltres les vam con\u00e9ixer perl seu meravell\u00f3s tema \u201cCoidar dunhas colmeas\u201d [adicci\u00f3 pura; l\u2019heu escoltat al bar segur]. Ara estan de\" \/>\n\t<meta name=\"robots\" content=\"max-image-preview:large\" \/>\n\t<link rel=\"canonical\" href=\"https:\/\/www.elspagesos.com\/es\/agenda\/neboa\/\" \/>\n\t<meta name=\"generator\" content=\"All in One SEO (AIOSEO) 5.0.0.1\" \/>\n\t\t<meta property=\"og:locale\" content=\"es_ES\" \/>\n\t\t<meta property=\"og:site_name\" content=\"Els pagesos -\" \/>\n\t\t<meta property=\"og:type\" content=\"article\" \/>\n\t\t<meta property=\"og:title\" content=\"N\u00c9BOA - Els pagesos\" \/>\n\t\t<meta property=\"og:description\" content=\"Dissabte 5 de novembre. Apunteu aquesta data. De deb\u00f2. Apunteu-la. Aquesta \u00e9s la data en qu\u00e8 ens visita N\u00e9boa, el quintet gallec guanyador del premi Fran P\u00e9rez Narf el 2018. Nosaltres les vam con\u00e9ixer perl seu meravell\u00f3s tema \u201cCoidar dunhas colmeas\u201d [adicci\u00f3 pura; l\u2019heu escoltat al bar segur]. Ara estan de\" \/>\n\t\t<meta property=\"og:url\" content=\"https:\/\/www.elspagesos.com\/es\/agenda\/neboa\/\" \/>\n\t\t<meta property=\"article:published_time\" content=\"2023-10-09T15:09:10+00:00\" \/>\n\t\t<meta property=\"article:modified_time\" content=\"2023-10-09T15:09:57+00:00\" \/>\n\t\t<meta name=\"twitter:card\" content=\"summary_large_image\" \/>\n\t\t<meta name=\"twitter:title\" content=\"N\u00c9BOA - Els pagesos\" \/>\n\t\t<meta name=\"twitter:description\" content=\"Dissabte 5 de novembre. Apunteu aquesta data. De deb\u00f2. Apunteu-la. Aquesta \u00e9s la data en qu\u00e8 ens visita N\u00e9boa, el quintet gallec guanyador del premi Fran P\u00e9rez Narf el 2018. Nosaltres les vam con\u00e9ixer perl seu meravell\u00f3s tema \u201cCoidar dunhas colmeas\u201d [adicci\u00f3 pura; l\u2019heu escoltat al bar segur]. Ara estan de\" \/>\n\t\t<script type=\"application\/ld+json\" class=\"aioseo-schema\">\n\t\t\t{\"@context\":\"https:\\\/\\\/schema.org\",\"@graph\":[{\"@type\":\"BreadcrumbList\",\"@id\":\"https:\\\/\\\/www.elspagesos.com\\\/es\\\/agenda\\\/neboa\\\/#breadcrumblist\",\"itemListElement\":[{\"@type\":\"ListItem\",\"@id\":\"https:\\\/\\\/www.elspagesos.com\\\/es\\\/#listItem\",\"position\":1,\"name\":\"Inicio\",\"item\":\"https:\\\/\\\/www.elspagesos.com\\\/es\\\/\",\"nextItem\":{\"@type\":\"ListItem\",\"@id\":\"https:\\\/\\\/www.elspagesos.com\\\/es\\\/agenda\\\/#listItem\",\"name\":\"Agenda\"}},{\"@type\":\"ListItem\",\"@id\":\"https:\\\/\\\/www.elspagesos.com\\\/es\\\/agenda\\\/#listItem\",\"position\":2,\"name\":\"Agenda\",\"item\":\"https:\\\/\\\/www.elspagesos.com\\\/es\\\/agenda\\\/\",\"nextItem\":{\"@type\":\"ListItem\",\"@id\":\"https:\\\/\\\/www.elspagesos.com\\\/es\\\/agenda\\\/neboa\\\/#listItem\",\"name\":\"N\\u00c9BOA\"},\"previousItem\":{\"@type\":\"ListItem\",\"@id\":\"https:\\\/\\\/www.elspagesos.com\\\/es\\\/#listItem\",\"name\":\"Inicio\"}},{\"@type\":\"ListItem\",\"@id\":\"https:\\\/\\\/www.elspagesos.com\\\/es\\\/agenda\\\/neboa\\\/#listItem\",\"position\":3,\"name\":\"N\\u00c9BOA\",\"previousItem\":{\"@type\":\"ListItem\",\"@id\":\"https:\\\/\\\/www.elspagesos.com\\\/es\\\/agenda\\\/#listItem\",\"name\":\"Agenda\"}}]},{\"@type\":\"Organization\",\"@id\":\"https:\\\/\\\/www.elspagesos.com\\\/es\\\/#organization\",\"name\":\"pagesos\",\"url\":\"https:\\\/\\\/www.elspagesos.com\\\/es\\\/\"},{\"@type\":\"WebPage\",\"@id\":\"https:\\\/\\\/www.elspagesos.com\\\/es\\\/agenda\\\/neboa\\\/#webpage\",\"url\":\"https:\\\/\\\/www.elspagesos.com\\\/es\\\/agenda\\\/neboa\\\/\",\"name\":\"N\\u00c9BOA - Els pagesos\",\"description\":\"Dissabte 5 de novembre. Apunteu aquesta data. De deb\\u00f2. Apunteu-la. Aquesta \\u00e9s la data en qu\\u00e8 ens visita N\\u00e9boa, el quintet gallec guanyador del premi Fran P\\u00e9rez Narf el 2018. Nosaltres les vam con\\u00e9ixer perl seu meravell\\u00f3s tema \\u201cCoidar dunhas colmeas\\u201d [adicci\\u00f3 pura; l\\u2019heu escoltat al bar segur]. Ara estan de\",\"inLanguage\":\"es-ES\",\"isPartOf\":{\"@id\":\"https:\\\/\\\/www.elspagesos.com\\\/es\\\/#website\"},\"breadcrumb\":{\"@id\":\"https:\\\/\\\/www.elspagesos.com\\\/es\\\/agenda\\\/neboa\\\/#breadcrumblist\"},\"image\":{\"@type\":\"ImageObject\",\"url\":\"https:\\\/\\\/www.elspagesos.com\\\/wp-content\\\/uploads\\\/2023\\\/10\\\/flyer_463.jpg\",\"@id\":\"https:\\\/\\\/www.elspagesos.com\\\/es\\\/agenda\\\/neboa\\\/#mainImage\",\"width\":550,\"height\":778},\"primaryImageOfPage\":{\"@id\":\"https:\\\/\\\/www.elspagesos.com\\\/es\\\/agenda\\\/neboa\\\/#mainImage\"},\"datePublished\":\"2023-10-09T17:09:10+02:00\",\"dateModified\":\"2023-10-09T17:09:57+02:00\"},{\"@type\":\"WebSite\",\"@id\":\"https:\\\/\\\/www.elspagesos.com\\\/es\\\/#website\",\"url\":\"https:\\\/\\\/www.elspagesos.com\\\/es\\\/\",\"name\":\"pagesos\",\"inLanguage\":\"es-ES\",\"publisher\":{\"@id\":\"https:\\\/\\\/www.elspagesos.com\\\/es\\\/#organization\"}}]}\n\t\t<\/script>\n\t\t<!-- All in One SEO -->\n\n","aioseo_head_json":{"title":"N\u00c9BOA - Els pagesos","description":"Dissabte 5 de novembre. Apunteu aquesta data. De deb\u00f2. Apunteu-la. Aquesta \u00e9s la data en qu\u00e8 ens visita N\u00e9boa, el quintet gallec guanyador del premi Fran P\u00e9rez Narf el 2018. Nosaltres les vam con\u00e9ixer perl seu meravell\u00f3s tema \u201cCoidar dunhas colmeas\u201d [adicci\u00f3 pura; l\u2019heu escoltat al bar segur]. Ara estan de","canonical_url":"https:\/\/www.elspagesos.com\/es\/agenda\/neboa\/","robots":"max-image-preview:large","keywords":"","webmasterTools":{"miscellaneous":""},"schema":{"@context":"https:\/\/schema.org","@graph":[{"@type":"BreadcrumbList","@id":"https:\/\/www.elspagesos.com\/es\/agenda\/neboa\/#breadcrumblist","itemListElement":[{"@type":"ListItem","@id":"https:\/\/www.elspagesos.com\/es\/#listItem","position":1,"name":"Inicio","item":"https:\/\/www.elspagesos.com\/es\/","nextItem":{"@type":"ListItem","@id":"https:\/\/www.elspagesos.com\/es\/agenda\/#listItem","name":"Agenda"}},{"@type":"ListItem","@id":"https:\/\/www.elspagesos.com\/es\/agenda\/#listItem","position":2,"name":"Agenda","item":"https:\/\/www.elspagesos.com\/es\/agenda\/","nextItem":{"@type":"ListItem","@id":"https:\/\/www.elspagesos.com\/es\/agenda\/neboa\/#listItem","name":"N\u00c9BOA"},"previousItem":{"@type":"ListItem","@id":"https:\/\/www.elspagesos.com\/es\/#listItem","name":"Inicio"}},{"@type":"ListItem","@id":"https:\/\/www.elspagesos.com\/es\/agenda\/neboa\/#listItem","position":3,"name":"N\u00c9BOA","previousItem":{"@type":"ListItem","@id":"https:\/\/www.elspagesos.com\/es\/agenda\/#listItem","name":"Agenda"}}]},{"@type":"Organization","@id":"https:\/\/www.elspagesos.com\/es\/#organization","name":"pagesos","url":"https:\/\/www.elspagesos.com\/es\/"},{"@type":"WebPage","@id":"https:\/\/www.elspagesos.com\/es\/agenda\/neboa\/#webpage","url":"https:\/\/www.elspagesos.com\/es\/agenda\/neboa\/","name":"N\u00c9BOA - Els pagesos","description":"Dissabte 5 de novembre. Apunteu aquesta data. De deb\u00f2. Apunteu-la. Aquesta \u00e9s la data en qu\u00e8 ens visita N\u00e9boa, el quintet gallec guanyador del premi Fran P\u00e9rez Narf el 2018. Nosaltres les vam con\u00e9ixer perl seu meravell\u00f3s tema \u201cCoidar dunhas colmeas\u201d [adicci\u00f3 pura; l\u2019heu escoltat al bar segur]. Ara estan de","inLanguage":"es-ES","isPartOf":{"@id":"https:\/\/www.elspagesos.com\/es\/#website"},"breadcrumb":{"@id":"https:\/\/www.elspagesos.com\/es\/agenda\/neboa\/#breadcrumblist"},"image":{"@type":"ImageObject","url":"https:\/\/www.elspagesos.com\/wp-content\/uploads\/2023\/10\/flyer_463.jpg","@id":"https:\/\/www.elspagesos.com\/es\/agenda\/neboa\/#mainImage","width":550,"height":778},"primaryImageOfPage":{"@id":"https:\/\/www.elspagesos.com\/es\/agenda\/neboa\/#mainImage"},"datePublished":"2023-10-09T17:09:10+02:00","dateModified":"2023-10-09T17:09:57+02:00"},{"@type":"WebSite","@id":"https:\/\/www.elspagesos.com\/es\/#website","url":"https:\/\/www.elspagesos.com\/es\/","name":"pagesos","inLanguage":"es-ES","publisher":{"@id":"https:\/\/www.elspagesos.com\/es\/#organization"}}]},"og:locale":"es_ES","og:site_name":"Els pagesos -","og:type":"article","og:title":"N\u00c9BOA - Els pagesos","og:description":"Dissabte 5 de novembre. Apunteu aquesta data. De deb\u00f2. Apunteu-la. Aquesta \u00e9s la data en qu\u00e8 ens visita N\u00e9boa, el quintet gallec guanyador del premi Fran P\u00e9rez Narf el 2018. Nosaltres les vam con\u00e9ixer perl seu meravell\u00f3s tema \u201cCoidar dunhas colmeas\u201d [adicci\u00f3 pura; l\u2019heu escoltat al bar segur]. Ara estan de","og:url":"https:\/\/www.elspagesos.com\/es\/agenda\/neboa\/","article:published_time":"2023-10-09T15:09:10+00:00","article:modified_time":"2023-10-09T15:09:57+00:00","twitter:card":"summary_large_image","twitter:title":"N\u00c9BOA - Els pagesos","twitter:description":"Dissabte 5 de novembre. Apunteu aquesta data. De deb\u00f2. Apunteu-la. Aquesta \u00e9s la data en qu\u00e8 ens visita N\u00e9boa, el quintet gallec guanyador del premi Fran P\u00e9rez Narf el 2018. Nosaltres les vam con\u00e9ixer perl seu meravell\u00f3s tema \u201cCoidar dunhas colmeas\u201d [adicci\u00f3 pura; l\u2019heu escoltat al bar segur]. Ara estan de"},"aioseo_meta_data":{"post_id":"5477","title":null,"description":null,"keywords":null,"keyphrases":null,"primary_term":null,"canonical_url":null,"og_title":null,"og_description":null,"og_object_type":"default","og_image_type":"default","og_image_url":null,"og_image_width":null,"og_image_height":null,"og_image_custom_url":null,"og_image_custom_fields":null,"og_video":null,"og_custom_url":null,"og_article_section":null,"og_article_tags":null,"twitter_use_og":false,"twitter_card":"default","twitter_image_type":"default","twitter_image_url":null,"twitter_image_custom_url":null,"twitter_image_custom_fields":null,"twitter_title":null,"twitter_description":null,"schema":{"blockGraphs":[],"customGraphs":[],"default":{"data":{"Article":[],"Course":[],"Dataset":[],"FAQPage":[],"Movie":[],"Person":[],"Product":[],"ProductReview":[],"Car":[],"Recipe":[],"Service":[],"SoftwareApplication":[],"WebPage":[]},"graphName":"","isEnabled":true},"graphs":[]},"schema_type":"default","schema_type_options":null,"pillar_content":false,"robots_default":true,"robots_noindex":false,"robots_noarchive":false,"robots_nosnippet":false,"robots_nofollow":false,"robots_noimageindex":false,"robots_noodp":false,"robots_notranslate":false,"robots_max_snippet":null,"robots_max_videopreview":null,"robots_max_imagepreview":"large","priority":null,"frequency":null,"local_seo":null,"breadcrumb_settings":null,"limit_modified_date":false,"ai":null,"created":"2023-10-09 14:33:30","updated":"2025-10-15 04:14:45","seo_analyzer_scan_date":null,"focus_keyword":null,"additional_keywords":null,"truseo_locale":null},"aioseo_breadcrumb":"<div class=\"aioseo-breadcrumbs\"><span class=\"aioseo-breadcrumb\">\n\t\t\t<a href=\"https:\/\/www.elspagesos.com\/es\/\" title=\"Inicio\">Inicio<\/a>\n\t\t<\/span><span class=\"aioseo-breadcrumb-separator\">\u00bb<\/span><span class=\"aioseo-breadcrumb\">\n\t\t\t<a href=\"https:\/\/www.elspagesos.com\/es\/agenda\/\" title=\"Agenda\">Agenda<\/a>\n\t\t<\/span><span class=\"aioseo-breadcrumb-separator\">\u00bb<\/span><span class=\"aioseo-breadcrumb\">\n\t\t\tN\u00c9BOA\n\t\t<\/span><\/div>","aioseo_breadcrumb_json":[{"label":"Inicio","link":"https:\/\/www.elspagesos.com\/es\/"},{"label":"Agenda","link":"https:\/\/www.elspagesos.com\/es\/agenda\/"},{"label":"N\u00c9BOA","link":"https:\/\/www.elspagesos.com\/es\/agenda\/neboa\/"}],"_links":{"self":[{"href":"https:\/\/www.elspagesos.com\/es\/wp-json\/wp\/v2\/event\/5477","targetHints":{"allow":["GET"]}}],"collection":[{"href":"https:\/\/www.elspagesos.com\/es\/wp-json\/wp\/v2\/event"}],"about":[{"href":"https:\/\/www.elspagesos.com\/es\/wp-json\/wp\/v2\/types\/event"}],"version-history":[{"count":1,"href":"https:\/\/www.elspagesos.com\/es\/wp-json\/wp\/v2\/event\/5477\/revisions"}],"predecessor-version":[{"id":6669,"href":"https:\/\/www.elspagesos.com\/es\/wp-json\/wp\/v2\/event\/5477\/revisions\/6669"}],"wp:featuredmedia":[{"embeddable":true,"href":"https:\/\/www.elspagesos.com\/es\/wp-json\/wp\/v2\/media\/2836"}],"wp:attachment":[{"href":"https:\/\/www.elspagesos.com\/es\/wp-json\/wp\/v2\/media?parent=5477"}],"curies":[{"name":"wp","href":"https:\/\/api.w.org\/{rel}","templated":true}]}}