{"id":5244,"date":"2023-10-09T17:06:55","date_gmt":"2023-10-09T15:06:55","guid":{"rendered":"https:\/\/www.elspagesos.com\/event\/hans-laguna\/"},"modified":"2023-10-09T17:07:14","modified_gmt":"2023-10-09T15:07:14","slug":"hans-laguna","status":"publish","type":"event","link":"https:\/\/www.elspagesos.com\/es\/agenda\/hans-laguna\/","title":{"rendered":"HANS LAGUNA"},"content":{"rendered":"<p><img decoding=\"async\" src=\"\/\/www.elspagesos.com\/wp-content\/uploads\/2023\/10\/flyer_213.jpg\" alt=\"HANS LAGUNA\" \/><\/p>\n<div>\n<div>\n\t<b>Hans Laguna <\/b>inicia gira de presentaci&oacute;n en solitario a colaci&oacute;n de la edici&oacute;n en vinilo de &quot;<strong>Deletrea<\/strong>&quot;, su &uacute;ltimo trabajo. Despu&eacute;s de Gij&oacute;n y Donosti, tambi&eacute;n Torrelavega, Sant Feliu de Llobregat, Albacete, Murcia y Berl&iacute;n podr&aacute;n disfrutar en directo del m&uacute;sico catal&aacute;n.<\/div>\n<div>\n\t&nbsp;<\/div>\n<div>\n\t<b>Hans Laguna<\/b> es un m&uacute;sico inquieto. Tras un largo viaje por el subsuelo, en 2012 ficha por <i>El Genio Equivocado<\/i> y debuta con &ldquo;<strong><i>Primeras marcas<\/i><\/strong>&ldquo;, un disco de pop que le sit&uacute;a en el mapa y le lleva a tocar por diversas por salas y festivales estatales.<\/div>\n<div>\n\t&nbsp;<\/div>\n<div>\n\tDecidido a explorar los l&iacute;mites de la canci&oacute;n de autor, en 2014 edita &ldquo;<strong><i>Deletrea<\/i><\/strong>&ldquo;, un disco que combina experimentaci&oacute;n y tradici&oacute;n. Una trayectoria que hace crecer paso a paso el reconocimiento de la obra de un m&uacute;sico sin duda excepcional. <\/div>\n<div>\n\t&nbsp;<\/div>\n<div>\n\t&#8232;&#8232;Poco m&aacute;s de un a&ntilde;o despu&eacute;s de la edici&oacute;n oficial de &quot;<i>Deletrea<\/i>&quot; llega el vinilo, y para celebrarlo el artista ha decidido hacer una gira en solitario que les llevar&aacute; por diversas localidades de nuestro pa&iacute;s, haciendo tambi&eacute;n escala en Alemania.<\/div>\n<div>\n\t&nbsp;<\/div>\n<div>\n\t&nbsp;<\/div>\n<div>\n\tPuedes escuchar su <strong>bandcamp<\/strong> <strong><a href=\"https:\/\/elgenioequivocado.bandcamp.com\/album\/deletrea\">aqu&iacute;<\/a><\/strong>.<\/div>\n<div>\n\t&nbsp;<\/div>\n<div>\n\tPuedes ver su directo en <strong>Los Conciertos de Radio 3 <\/strong>con la banda <strong><a href=\"http:\/\/www.rtve.es\/alacarta\/videos\/los-conciertos-de-radio-3\/conciertos-radio-3-hans-laguna\/2585396\/\">aqu&iacute;<\/a><\/strong>.<\/div>\n<div>\n\t&nbsp;<\/div>\n<div>\n\t&nbsp;<\/div>\n<div>\n\tLa prensa ha dicho:<\/div>\n<div>\n\t&nbsp;<\/div>\n<div>\n\t&ldquo;<i>Un m&uacute;sico importante<\/i>&rdquo; (Rockdelux)&#8232;<\/div>\n<div>\n\t&ldquo;<i>Hans Laguna nos ha vuelto a enga&ntilde;ar<\/i>&rdquo; (Mondo Sonoro)&#8232;<\/div>\n<div>\n\t&ldquo;<i>Tan inclasificable como plenamente disfrutable<\/i>&rdquo; (Alquimia Sonora)&#8232;<\/div>\n<div>\n\t&ldquo;<i>Una voz referente del panorama nacional<\/i>&rdquo; (Crazy Minds)&#8232;<\/div>\n<div>\n\t&ldquo;<i>Una personalidad propia que lo abarca todo<\/i>&rdquo; (Go Mag)&#8232;<\/div>\n<div>\n\t&ldquo;<i>Demuestra que es posible torcer hac&iacute;a otras v&iacute;as de expresi&oacute;n musical mucho menos transitadas<\/i>&rdquo; (El enano rabioso)<\/div>\n<div>\n\t&ldquo;<i>Ya toca ir consagrando a Hans como uno de los m&aacute;s filos&oacute;ficos y a la vez po&eacute;ticos de nuestros autores<\/i>&rdquo; (Indienauta)&#8232;<\/div>\n<div>\n\t&ldquo;<i>Puede presumir de haber trazado un camino creativo ascendente<\/i>&rdquo; (Indie Rocks Mexico)&#8232;<\/div>\n<div>\n\t&ldquo;<i>Uno de los compositores m&aacute;s inspirados y personales de la nueva generaci&oacute;n de&nbsp; cantautores pop<\/i>&rdquo; (Diario del AltoArag&oacute;n)&#8232;<\/div>\n<div>\n\t&ldquo;<i>Ha construido un mundo muy personal<\/i>&rdquo; (La Vanguardia).<\/div>\n<\/div>\n<p><iframe width=\"552\" height=\"414\" src=\"https:\/\/www.youtube.com\/embed\/YLpU97Kkg04\" frameborder=\"0\" allowfullscreen><\/iframe><\/p>\n","protected":false},"excerpt":{"rendered":"<p>Hans Laguna inicia gira de presentaci&oacute;n en solitario a colaci&oacute;n de la edici&oacute;n en vinilo de &quot;Deletrea&quot;, su &uacute;ltimo trabajo. Despu&eacute;s de Gij&oacute;n y Donosti, tambi&eacute;n Torrelavega, Sant Feliu de Llobregat, Albacete, Murcia y Berl&iacute;n podr&aacute;n disfrutar en directo del m&uacute;sico catal&aacute;n. &nbsp; Hans Laguna es un m&uacute;sico inquieto. Tras un largo viaje por el [&hellip;]<\/p>\n","protected":false},"featured_media":2348,"menu_order":0,"template":"","class_list":["post-5244","event","type-event","status-publish","has-post-thumbnail","hentry"],"aioseo_notices":[],"aioseo_head":"\n\t\t<!-- All in One SEO 5.0.0.1 - aioseo.com -->\n\t<meta name=\"description\" content=\"Hans Laguna inicia gira de presentaci\u00f3n en solitario a colaci\u00f3n de la edici\u00f3n en vinilo de &quot;Deletrea&quot;, su \u00faltimo trabajo. Despu\u00e9s de Gij\u00f3n y Donosti, tambi\u00e9n Torrelavega, Sant Feliu de Llobregat, Albacete, Murcia y Berl\u00edn podr\u00e1n disfrutar en directo del m\u00fasico catal\u00e1n. Hans Laguna es un m\u00fasico inquieto. Tras un largo viaje por el\" \/>\n\t<meta name=\"robots\" content=\"max-image-preview:large\" \/>\n\t<link rel=\"canonical\" href=\"https:\/\/www.elspagesos.com\/es\/agenda\/hans-laguna\/\" \/>\n\t<meta name=\"generator\" content=\"All in One SEO (AIOSEO) 5.0.0.1\" \/>\n\t\t<meta property=\"og:locale\" content=\"es_ES\" \/>\n\t\t<meta property=\"og:site_name\" content=\"Els pagesos -\" \/>\n\t\t<meta property=\"og:type\" content=\"article\" \/>\n\t\t<meta property=\"og:title\" content=\"HANS LAGUNA - Els pagesos\" \/>\n\t\t<meta property=\"og:description\" content=\"Hans Laguna inicia gira de presentaci\u00f3n en solitario a colaci\u00f3n de la edici\u00f3n en vinilo de &quot;Deletrea&quot;, su \u00faltimo trabajo. Despu\u00e9s de Gij\u00f3n y Donosti, tambi\u00e9n Torrelavega, Sant Feliu de Llobregat, Albacete, Murcia y Berl\u00edn podr\u00e1n disfrutar en directo del m\u00fasico catal\u00e1n. Hans Laguna es un m\u00fasico inquieto. Tras un largo viaje por el\" \/>\n\t\t<meta property=\"og:url\" content=\"https:\/\/www.elspagesos.com\/es\/agenda\/hans-laguna\/\" \/>\n\t\t<meta property=\"article:published_time\" content=\"2023-10-09T15:06:55+00:00\" \/>\n\t\t<meta property=\"article:modified_time\" content=\"2023-10-09T15:07:14+00:00\" \/>\n\t\t<meta name=\"twitter:card\" content=\"summary_large_image\" \/>\n\t\t<meta name=\"twitter:title\" content=\"HANS LAGUNA - Els pagesos\" \/>\n\t\t<meta name=\"twitter:description\" content=\"Hans Laguna inicia gira de presentaci\u00f3n en solitario a colaci\u00f3n de la edici\u00f3n en vinilo de &quot;Deletrea&quot;, su \u00faltimo trabajo. Despu\u00e9s de Gij\u00f3n y Donosti, tambi\u00e9n Torrelavega, Sant Feliu de Llobregat, Albacete, Murcia y Berl\u00edn podr\u00e1n disfrutar en directo del m\u00fasico catal\u00e1n. Hans Laguna es un m\u00fasico inquieto. Tras un largo viaje por el\" \/>\n\t\t<script type=\"application\/ld+json\" class=\"aioseo-schema\">\n\t\t\t{\"@context\":\"https:\\\/\\\/schema.org\",\"@graph\":[{\"@type\":\"BreadcrumbList\",\"@id\":\"https:\\\/\\\/www.elspagesos.com\\\/es\\\/agenda\\\/hans-laguna\\\/#breadcrumblist\",\"itemListElement\":[{\"@type\":\"ListItem\",\"@id\":\"https:\\\/\\\/www.elspagesos.com\\\/es\\\/#listItem\",\"position\":1,\"name\":\"Inicio\",\"item\":\"https:\\\/\\\/www.elspagesos.com\\\/es\\\/\",\"nextItem\":{\"@type\":\"ListItem\",\"@id\":\"https:\\\/\\\/www.elspagesos.com\\\/es\\\/agenda\\\/#listItem\",\"name\":\"Agenda\"}},{\"@type\":\"ListItem\",\"@id\":\"https:\\\/\\\/www.elspagesos.com\\\/es\\\/agenda\\\/#listItem\",\"position\":2,\"name\":\"Agenda\",\"item\":\"https:\\\/\\\/www.elspagesos.com\\\/es\\\/agenda\\\/\",\"nextItem\":{\"@type\":\"ListItem\",\"@id\":\"https:\\\/\\\/www.elspagesos.com\\\/es\\\/agenda\\\/hans-laguna\\\/#listItem\",\"name\":\"HANS LAGUNA\"},\"previousItem\":{\"@type\":\"ListItem\",\"@id\":\"https:\\\/\\\/www.elspagesos.com\\\/es\\\/#listItem\",\"name\":\"Inicio\"}},{\"@type\":\"ListItem\",\"@id\":\"https:\\\/\\\/www.elspagesos.com\\\/es\\\/agenda\\\/hans-laguna\\\/#listItem\",\"position\":3,\"name\":\"HANS LAGUNA\",\"previousItem\":{\"@type\":\"ListItem\",\"@id\":\"https:\\\/\\\/www.elspagesos.com\\\/es\\\/agenda\\\/#listItem\",\"name\":\"Agenda\"}}]},{\"@type\":\"Organization\",\"@id\":\"https:\\\/\\\/www.elspagesos.com\\\/es\\\/#organization\",\"name\":\"pagesos\",\"url\":\"https:\\\/\\\/www.elspagesos.com\\\/es\\\/\"},{\"@type\":\"WebPage\",\"@id\":\"https:\\\/\\\/www.elspagesos.com\\\/es\\\/agenda\\\/hans-laguna\\\/#webpage\",\"url\":\"https:\\\/\\\/www.elspagesos.com\\\/es\\\/agenda\\\/hans-laguna\\\/\",\"name\":\"HANS LAGUNA - Els pagesos\",\"description\":\"Hans Laguna inicia gira de presentaci\\u00f3n en solitario a colaci\\u00f3n de la edici\\u00f3n en vinilo de \\\"Deletrea\\\", su \\u00faltimo trabajo. Despu\\u00e9s de Gij\\u00f3n y Donosti, tambi\\u00e9n Torrelavega, Sant Feliu de Llobregat, Albacete, Murcia y Berl\\u00edn podr\\u00e1n disfrutar en directo del m\\u00fasico catal\\u00e1n. Hans Laguna es un m\\u00fasico inquieto. Tras un largo viaje por el\",\"inLanguage\":\"es-ES\",\"isPartOf\":{\"@id\":\"https:\\\/\\\/www.elspagesos.com\\\/es\\\/#website\"},\"breadcrumb\":{\"@id\":\"https:\\\/\\\/www.elspagesos.com\\\/es\\\/agenda\\\/hans-laguna\\\/#breadcrumblist\"},\"image\":{\"@type\":\"ImageObject\",\"url\":\"https:\\\/\\\/www.elspagesos.com\\\/wp-content\\\/uploads\\\/2023\\\/10\\\/flyer_213.jpg\",\"@id\":\"https:\\\/\\\/www.elspagesos.com\\\/es\\\/agenda\\\/hans-laguna\\\/#mainImage\",\"width\":550,\"height\":778},\"primaryImageOfPage\":{\"@id\":\"https:\\\/\\\/www.elspagesos.com\\\/es\\\/agenda\\\/hans-laguna\\\/#mainImage\"},\"datePublished\":\"2023-10-09T17:06:55+02:00\",\"dateModified\":\"2023-10-09T17:07:14+02:00\"},{\"@type\":\"WebSite\",\"@id\":\"https:\\\/\\\/www.elspagesos.com\\\/es\\\/#website\",\"url\":\"https:\\\/\\\/www.elspagesos.com\\\/es\\\/\",\"name\":\"pagesos\",\"inLanguage\":\"es-ES\",\"publisher\":{\"@id\":\"https:\\\/\\\/www.elspagesos.com\\\/es\\\/#organization\"}}]}\n\t\t<\/script>\n\t\t<!-- All in One SEO -->\n\n","aioseo_head_json":{"title":"HANS LAGUNA - Els pagesos","description":"Hans Laguna inicia gira de presentaci\u00f3n en solitario a colaci\u00f3n de la edici\u00f3n en vinilo de \"Deletrea\", su \u00faltimo trabajo. Despu\u00e9s de Gij\u00f3n y Donosti, tambi\u00e9n Torrelavega, Sant Feliu de Llobregat, Albacete, Murcia y Berl\u00edn podr\u00e1n disfrutar en directo del m\u00fasico catal\u00e1n. Hans Laguna es un m\u00fasico inquieto. Tras un largo viaje por el","canonical_url":"https:\/\/www.elspagesos.com\/es\/agenda\/hans-laguna\/","robots":"max-image-preview:large","keywords":"","webmasterTools":{"miscellaneous":""},"schema":{"@context":"https:\/\/schema.org","@graph":[{"@type":"BreadcrumbList","@id":"https:\/\/www.elspagesos.com\/es\/agenda\/hans-laguna\/#breadcrumblist","itemListElement":[{"@type":"ListItem","@id":"https:\/\/www.elspagesos.com\/es\/#listItem","position":1,"name":"Inicio","item":"https:\/\/www.elspagesos.com\/es\/","nextItem":{"@type":"ListItem","@id":"https:\/\/www.elspagesos.com\/es\/agenda\/#listItem","name":"Agenda"}},{"@type":"ListItem","@id":"https:\/\/www.elspagesos.com\/es\/agenda\/#listItem","position":2,"name":"Agenda","item":"https:\/\/www.elspagesos.com\/es\/agenda\/","nextItem":{"@type":"ListItem","@id":"https:\/\/www.elspagesos.com\/es\/agenda\/hans-laguna\/#listItem","name":"HANS LAGUNA"},"previousItem":{"@type":"ListItem","@id":"https:\/\/www.elspagesos.com\/es\/#listItem","name":"Inicio"}},{"@type":"ListItem","@id":"https:\/\/www.elspagesos.com\/es\/agenda\/hans-laguna\/#listItem","position":3,"name":"HANS LAGUNA","previousItem":{"@type":"ListItem","@id":"https:\/\/www.elspagesos.com\/es\/agenda\/#listItem","name":"Agenda"}}]},{"@type":"Organization","@id":"https:\/\/www.elspagesos.com\/es\/#organization","name":"pagesos","url":"https:\/\/www.elspagesos.com\/es\/"},{"@type":"WebPage","@id":"https:\/\/www.elspagesos.com\/es\/agenda\/hans-laguna\/#webpage","url":"https:\/\/www.elspagesos.com\/es\/agenda\/hans-laguna\/","name":"HANS LAGUNA - Els pagesos","description":"Hans Laguna inicia gira de presentaci\u00f3n en solitario a colaci\u00f3n de la edici\u00f3n en vinilo de \"Deletrea\", su \u00faltimo trabajo. Despu\u00e9s de Gij\u00f3n y Donosti, tambi\u00e9n Torrelavega, Sant Feliu de Llobregat, Albacete, Murcia y Berl\u00edn podr\u00e1n disfrutar en directo del m\u00fasico catal\u00e1n. Hans Laguna es un m\u00fasico inquieto. Tras un largo viaje por el","inLanguage":"es-ES","isPartOf":{"@id":"https:\/\/www.elspagesos.com\/es\/#website"},"breadcrumb":{"@id":"https:\/\/www.elspagesos.com\/es\/agenda\/hans-laguna\/#breadcrumblist"},"image":{"@type":"ImageObject","url":"https:\/\/www.elspagesos.com\/wp-content\/uploads\/2023\/10\/flyer_213.jpg","@id":"https:\/\/www.elspagesos.com\/es\/agenda\/hans-laguna\/#mainImage","width":550,"height":778},"primaryImageOfPage":{"@id":"https:\/\/www.elspagesos.com\/es\/agenda\/hans-laguna\/#mainImage"},"datePublished":"2023-10-09T17:06:55+02:00","dateModified":"2023-10-09T17:07:14+02:00"},{"@type":"WebSite","@id":"https:\/\/www.elspagesos.com\/es\/#website","url":"https:\/\/www.elspagesos.com\/es\/","name":"pagesos","inLanguage":"es-ES","publisher":{"@id":"https:\/\/www.elspagesos.com\/es\/#organization"}}]},"og:locale":"es_ES","og:site_name":"Els pagesos -","og:type":"article","og:title":"HANS LAGUNA - Els pagesos","og:description":"Hans Laguna inicia gira de presentaci\u00f3n en solitario a colaci\u00f3n de la edici\u00f3n en vinilo de &quot;Deletrea&quot;, su \u00faltimo trabajo. Despu\u00e9s de Gij\u00f3n y Donosti, tambi\u00e9n Torrelavega, Sant Feliu de Llobregat, Albacete, Murcia y Berl\u00edn podr\u00e1n disfrutar en directo del m\u00fasico catal\u00e1n. Hans Laguna es un m\u00fasico inquieto. Tras un largo viaje por el","og:url":"https:\/\/www.elspagesos.com\/es\/agenda\/hans-laguna\/","article:published_time":"2023-10-09T15:06:55+00:00","article:modified_time":"2023-10-09T15:07:14+00:00","twitter:card":"summary_large_image","twitter:title":"HANS LAGUNA - Els pagesos","twitter:description":"Hans Laguna inicia gira de presentaci\u00f3n en solitario a colaci\u00f3n de la edici\u00f3n en vinilo de &quot;Deletrea&quot;, su \u00faltimo trabajo. Despu\u00e9s de Gij\u00f3n y Donosti, tambi\u00e9n Torrelavega, Sant Feliu de Llobregat, Albacete, Murcia y Berl\u00edn podr\u00e1n disfrutar en directo del m\u00fasico catal\u00e1n. Hans Laguna es un m\u00fasico inquieto. Tras un largo viaje por el"},"aioseo_meta_data":{"post_id":"5244","title":null,"description":null,"keywords":null,"keyphrases":null,"primary_term":null,"canonical_url":null,"og_title":null,"og_description":null,"og_object_type":"default","og_image_type":"default","og_image_url":null,"og_image_width":null,"og_image_height":null,"og_image_custom_url":null,"og_image_custom_fields":null,"og_video":null,"og_custom_url":null,"og_article_section":null,"og_article_tags":null,"twitter_use_og":false,"twitter_card":"default","twitter_image_type":"default","twitter_image_url":null,"twitter_image_custom_url":null,"twitter_image_custom_fields":null,"twitter_title":null,"twitter_description":null,"schema":{"blockGraphs":[],"customGraphs":[],"default":{"data":{"Article":[],"Course":[],"Dataset":[],"FAQPage":[],"Movie":[],"Person":[],"Product":[],"ProductReview":[],"Car":[],"Recipe":[],"Service":[],"SoftwareApplication":[],"WebPage":[]},"graphName":"","isEnabled":true},"graphs":[]},"schema_type":"default","schema_type_options":null,"pillar_content":false,"robots_default":true,"robots_noindex":false,"robots_noarchive":false,"robots_nosnippet":false,"robots_nofollow":false,"robots_noimageindex":false,"robots_noodp":false,"robots_notranslate":false,"robots_max_snippet":null,"robots_max_videopreview":null,"robots_max_imagepreview":"large","priority":null,"frequency":null,"local_seo":null,"breadcrumb_settings":null,"limit_modified_date":false,"ai":null,"created":"2023-10-09 13:08:54","updated":"2025-10-15 01:29:28","seo_analyzer_scan_date":null,"focus_keyword":null,"additional_keywords":null,"truseo_locale":null},"aioseo_breadcrumb":"<div class=\"aioseo-breadcrumbs\"><span class=\"aioseo-breadcrumb\">\n\t\t\t<a href=\"https:\/\/www.elspagesos.com\/es\/\" title=\"Inicio\">Inicio<\/a>\n\t\t<\/span><span class=\"aioseo-breadcrumb-separator\">\u00bb<\/span><span class=\"aioseo-breadcrumb\">\n\t\t\t<a href=\"https:\/\/www.elspagesos.com\/es\/agenda\/\" title=\"Agenda\">Agenda<\/a>\n\t\t<\/span><span class=\"aioseo-breadcrumb-separator\">\u00bb<\/span><span class=\"aioseo-breadcrumb\">\n\t\t\tHANS LAGUNA\n\t\t<\/span><\/div>","aioseo_breadcrumb_json":[{"label":"Inicio","link":"https:\/\/www.elspagesos.com\/es\/"},{"label":"Agenda","link":"https:\/\/www.elspagesos.com\/es\/agenda\/"},{"label":"HANS LAGUNA","link":"https:\/\/www.elspagesos.com\/es\/agenda\/hans-laguna\/"}],"_links":{"self":[{"href":"https:\/\/www.elspagesos.com\/es\/wp-json\/wp\/v2\/event\/5244","targetHints":{"allow":["GET"]}}],"collection":[{"href":"https:\/\/www.elspagesos.com\/es\/wp-json\/wp\/v2\/event"}],"about":[{"href":"https:\/\/www.elspagesos.com\/es\/wp-json\/wp\/v2\/types\/event"}],"version-history":[{"count":1,"href":"https:\/\/www.elspagesos.com\/es\/wp-json\/wp\/v2\/event\/5244\/revisions"}],"predecessor-version":[{"id":6168,"href":"https:\/\/www.elspagesos.com\/es\/wp-json\/wp\/v2\/event\/5244\/revisions\/6168"}],"wp:featuredmedia":[{"embeddable":true,"href":"https:\/\/www.elspagesos.com\/es\/wp-json\/wp\/v2\/media\/2348"}],"wp:attachment":[{"href":"https:\/\/www.elspagesos.com\/es\/wp-json\/wp\/v2\/media?parent=5244"}],"curies":[{"name":"wp","href":"https:\/\/api.w.org\/{rel}","templated":true}]}}