{"id":5223,"date":"2023-10-09T17:06:42","date_gmt":"2023-10-09T15:06:42","guid":{"rendered":"https:\/\/www.elspagesos.com\/event\/la-sombra-del-atomo\/"},"modified":"2023-10-09T17:06:59","modified_gmt":"2023-10-09T15:06:59","slug":"la-sombra-del-atomo","status":"publish","type":"event","link":"https:\/\/www.elspagesos.com\/es\/agenda\/la-sombra-del-atomo\/","title":{"rendered":"LA SOMBRA DEL \u00c1TOMO"},"content":{"rendered":"<p><img decoding=\"async\" src=\"\/\/www.elspagesos.com\/wp-content\/uploads\/2023\/10\/flyer_191.jpg\" alt=\"LA SOMBRA DEL \u00c1TOMO\" \/><\/p>\n<div>\n<p>\n\tLA SOMBRA DEL &Aacute;TOMO &eacute;s el projecte de consolidaci&oacute; dels germans Marshall i Nathan Baughman despr&eacute;s d&#39;anys d&#39;experi&egrave;ncia com a int&egrave;rprets de versions i compositors per a formacions anteriors. El seu nexe d&#39;uni&oacute;, els cl&agrave;ssics dels &#39;50 i dels &#39;60.&nbsp;<\/p>\n<p>\tL&#39;any 2012 van iniciar la gestaci&oacute; d&#39;un &agrave;lbum conceptual amb una estructura unit&agrave;ria. Noves composicions i sons orientats als &#39;60, per&ograve; buscant credencials vanguardistes i actuals. Arranjaments orquestrals, lirisme mel&ograve;dic i molta energia r&iacute;tmica, junt amb elements psicod&egrave;lics i simf&ograve;nics; una estudiada ambig&uuml;itat a les lletres i molt protagonisme a les harmonies vocals.<\/p>\n<\/div>\n","protected":false},"excerpt":{"rendered":"<p>LA SOMBRA DEL &Aacute;TOMO &eacute;s el projecte de consolidaci&oacute; dels germans Marshall i Nathan Baughman despr&eacute;s d&#39;anys d&#39;experi&egrave;ncia com a int&egrave;rprets de versions i compositors per a formacions anteriors. El seu nexe d&#39;uni&oacute;, els cl&agrave;ssics dels &#39;50 i dels &#39;60.&nbsp; L&#39;any 2012 van iniciar la gestaci&oacute; d&#39;un &agrave;lbum conceptual amb una estructura unit&agrave;ria. Noves composicions [&hellip;]<\/p>\n","protected":false},"featured_media":2306,"menu_order":0,"template":"","class_list":["post-5223","event","type-event","status-publish","has-post-thumbnail","hentry"],"aioseo_notices":[],"aioseo_head":"\n\t\t<!-- All in One SEO 5.0.0.1 - aioseo.com -->\n\t<meta name=\"description\" content=\"LA SOMBRA DEL \u00c1TOMO \u00e9s el projecte de consolidaci\u00f3 dels germans Marshall i Nathan Baughman despr\u00e9s d&#039;anys d&#039;experi\u00e8ncia com a int\u00e8rprets de versions i compositors per a formacions anteriors. El seu nexe d&#039;uni\u00f3, els cl\u00e0ssics dels &#039;50 i dels &#039;60. L&#039;any 2012 van iniciar la gestaci\u00f3 d&#039;un \u00e0lbum conceptual amb una estructura unit\u00e0ria. Noves composicions\" \/>\n\t<meta name=\"robots\" content=\"max-image-preview:large\" \/>\n\t<link rel=\"canonical\" href=\"https:\/\/www.elspagesos.com\/es\/agenda\/la-sombra-del-atomo\/\" \/>\n\t<meta name=\"generator\" content=\"All in One SEO (AIOSEO) 5.0.0.1\" \/>\n\t\t<meta property=\"og:locale\" content=\"es_ES\" \/>\n\t\t<meta property=\"og:site_name\" content=\"Els pagesos -\" \/>\n\t\t<meta property=\"og:type\" content=\"article\" \/>\n\t\t<meta property=\"og:title\" content=\"LA SOMBRA DEL \u00c1TOMO - Els pagesos\" \/>\n\t\t<meta property=\"og:description\" content=\"LA SOMBRA DEL \u00c1TOMO \u00e9s el projecte de consolidaci\u00f3 dels germans Marshall i Nathan Baughman despr\u00e9s d&#039;anys d&#039;experi\u00e8ncia com a int\u00e8rprets de versions i compositors per a formacions anteriors. El seu nexe d&#039;uni\u00f3, els cl\u00e0ssics dels &#039;50 i dels &#039;60. L&#039;any 2012 van iniciar la gestaci\u00f3 d&#039;un \u00e0lbum conceptual amb una estructura unit\u00e0ria. Noves composicions\" \/>\n\t\t<meta property=\"og:url\" content=\"https:\/\/www.elspagesos.com\/es\/agenda\/la-sombra-del-atomo\/\" \/>\n\t\t<meta property=\"article:published_time\" content=\"2023-10-09T15:06:42+00:00\" \/>\n\t\t<meta property=\"article:modified_time\" content=\"2023-10-09T15:06:59+00:00\" \/>\n\t\t<meta name=\"twitter:card\" content=\"summary_large_image\" \/>\n\t\t<meta name=\"twitter:title\" content=\"LA SOMBRA DEL \u00c1TOMO - Els pagesos\" \/>\n\t\t<meta name=\"twitter:description\" content=\"LA SOMBRA DEL \u00c1TOMO \u00e9s el projecte de consolidaci\u00f3 dels germans Marshall i Nathan Baughman despr\u00e9s d&#039;anys d&#039;experi\u00e8ncia com a int\u00e8rprets de versions i compositors per a formacions anteriors. El seu nexe d&#039;uni\u00f3, els cl\u00e0ssics dels &#039;50 i dels &#039;60. L&#039;any 2012 van iniciar la gestaci\u00f3 d&#039;un \u00e0lbum conceptual amb una estructura unit\u00e0ria. Noves composicions\" \/>\n\t\t<script type=\"application\/ld+json\" class=\"aioseo-schema\">\n\t\t\t{\"@context\":\"https:\\\/\\\/schema.org\",\"@graph\":[{\"@type\":\"BreadcrumbList\",\"@id\":\"https:\\\/\\\/www.elspagesos.com\\\/es\\\/agenda\\\/la-sombra-del-atomo\\\/#breadcrumblist\",\"itemListElement\":[{\"@type\":\"ListItem\",\"@id\":\"https:\\\/\\\/www.elspagesos.com\\\/es\\\/#listItem\",\"position\":1,\"name\":\"Inicio\",\"item\":\"https:\\\/\\\/www.elspagesos.com\\\/es\\\/\",\"nextItem\":{\"@type\":\"ListItem\",\"@id\":\"https:\\\/\\\/www.elspagesos.com\\\/es\\\/agenda\\\/#listItem\",\"name\":\"Agenda\"}},{\"@type\":\"ListItem\",\"@id\":\"https:\\\/\\\/www.elspagesos.com\\\/es\\\/agenda\\\/#listItem\",\"position\":2,\"name\":\"Agenda\",\"item\":\"https:\\\/\\\/www.elspagesos.com\\\/es\\\/agenda\\\/\",\"nextItem\":{\"@type\":\"ListItem\",\"@id\":\"https:\\\/\\\/www.elspagesos.com\\\/es\\\/agenda\\\/la-sombra-del-atomo\\\/#listItem\",\"name\":\"LA SOMBRA DEL \\u00c1TOMO\"},\"previousItem\":{\"@type\":\"ListItem\",\"@id\":\"https:\\\/\\\/www.elspagesos.com\\\/es\\\/#listItem\",\"name\":\"Inicio\"}},{\"@type\":\"ListItem\",\"@id\":\"https:\\\/\\\/www.elspagesos.com\\\/es\\\/agenda\\\/la-sombra-del-atomo\\\/#listItem\",\"position\":3,\"name\":\"LA SOMBRA DEL \\u00c1TOMO\",\"previousItem\":{\"@type\":\"ListItem\",\"@id\":\"https:\\\/\\\/www.elspagesos.com\\\/es\\\/agenda\\\/#listItem\",\"name\":\"Agenda\"}}]},{\"@type\":\"Organization\",\"@id\":\"https:\\\/\\\/www.elspagesos.com\\\/es\\\/#organization\",\"name\":\"pagesos\",\"url\":\"https:\\\/\\\/www.elspagesos.com\\\/es\\\/\"},{\"@type\":\"WebPage\",\"@id\":\"https:\\\/\\\/www.elspagesos.com\\\/es\\\/agenda\\\/la-sombra-del-atomo\\\/#webpage\",\"url\":\"https:\\\/\\\/www.elspagesos.com\\\/es\\\/agenda\\\/la-sombra-del-atomo\\\/\",\"name\":\"LA SOMBRA DEL \\u00c1TOMO - Els pagesos\",\"description\":\"LA SOMBRA DEL \\u00c1TOMO \\u00e9s el projecte de consolidaci\\u00f3 dels germans Marshall i Nathan Baughman despr\\u00e9s d'anys d'experi\\u00e8ncia com a int\\u00e8rprets de versions i compositors per a formacions anteriors. El seu nexe d'uni\\u00f3, els cl\\u00e0ssics dels '50 i dels '60. L'any 2012 van iniciar la gestaci\\u00f3 d'un \\u00e0lbum conceptual amb una estructura unit\\u00e0ria. Noves composicions\",\"inLanguage\":\"es-ES\",\"isPartOf\":{\"@id\":\"https:\\\/\\\/www.elspagesos.com\\\/es\\\/#website\"},\"breadcrumb\":{\"@id\":\"https:\\\/\\\/www.elspagesos.com\\\/es\\\/agenda\\\/la-sombra-del-atomo\\\/#breadcrumblist\"},\"image\":{\"@type\":\"ImageObject\",\"url\":\"https:\\\/\\\/www.elspagesos.com\\\/wp-content\\\/uploads\\\/2023\\\/10\\\/flyer_191.jpg\",\"@id\":\"https:\\\/\\\/www.elspagesos.com\\\/es\\\/agenda\\\/la-sombra-del-atomo\\\/#mainImage\",\"width\":550,\"height\":778},\"primaryImageOfPage\":{\"@id\":\"https:\\\/\\\/www.elspagesos.com\\\/es\\\/agenda\\\/la-sombra-del-atomo\\\/#mainImage\"},\"datePublished\":\"2023-10-09T17:06:42+02:00\",\"dateModified\":\"2023-10-09T17:06:59+02:00\"},{\"@type\":\"WebSite\",\"@id\":\"https:\\\/\\\/www.elspagesos.com\\\/es\\\/#website\",\"url\":\"https:\\\/\\\/www.elspagesos.com\\\/es\\\/\",\"name\":\"pagesos\",\"inLanguage\":\"es-ES\",\"publisher\":{\"@id\":\"https:\\\/\\\/www.elspagesos.com\\\/es\\\/#organization\"}}]}\n\t\t<\/script>\n\t\t<!-- All in One SEO -->\n\n","aioseo_head_json":{"title":"LA SOMBRA DEL \u00c1TOMO - Els pagesos","description":"LA SOMBRA DEL \u00c1TOMO \u00e9s el projecte de consolidaci\u00f3 dels germans Marshall i Nathan Baughman despr\u00e9s d'anys d'experi\u00e8ncia com a int\u00e8rprets de versions i compositors per a formacions anteriors. El seu nexe d'uni\u00f3, els cl\u00e0ssics dels '50 i dels '60. L'any 2012 van iniciar la gestaci\u00f3 d'un \u00e0lbum conceptual amb una estructura unit\u00e0ria. Noves composicions","canonical_url":"https:\/\/www.elspagesos.com\/es\/agenda\/la-sombra-del-atomo\/","robots":"max-image-preview:large","keywords":"","webmasterTools":{"miscellaneous":""},"schema":{"@context":"https:\/\/schema.org","@graph":[{"@type":"BreadcrumbList","@id":"https:\/\/www.elspagesos.com\/es\/agenda\/la-sombra-del-atomo\/#breadcrumblist","itemListElement":[{"@type":"ListItem","@id":"https:\/\/www.elspagesos.com\/es\/#listItem","position":1,"name":"Inicio","item":"https:\/\/www.elspagesos.com\/es\/","nextItem":{"@type":"ListItem","@id":"https:\/\/www.elspagesos.com\/es\/agenda\/#listItem","name":"Agenda"}},{"@type":"ListItem","@id":"https:\/\/www.elspagesos.com\/es\/agenda\/#listItem","position":2,"name":"Agenda","item":"https:\/\/www.elspagesos.com\/es\/agenda\/","nextItem":{"@type":"ListItem","@id":"https:\/\/www.elspagesos.com\/es\/agenda\/la-sombra-del-atomo\/#listItem","name":"LA SOMBRA DEL \u00c1TOMO"},"previousItem":{"@type":"ListItem","@id":"https:\/\/www.elspagesos.com\/es\/#listItem","name":"Inicio"}},{"@type":"ListItem","@id":"https:\/\/www.elspagesos.com\/es\/agenda\/la-sombra-del-atomo\/#listItem","position":3,"name":"LA SOMBRA DEL \u00c1TOMO","previousItem":{"@type":"ListItem","@id":"https:\/\/www.elspagesos.com\/es\/agenda\/#listItem","name":"Agenda"}}]},{"@type":"Organization","@id":"https:\/\/www.elspagesos.com\/es\/#organization","name":"pagesos","url":"https:\/\/www.elspagesos.com\/es\/"},{"@type":"WebPage","@id":"https:\/\/www.elspagesos.com\/es\/agenda\/la-sombra-del-atomo\/#webpage","url":"https:\/\/www.elspagesos.com\/es\/agenda\/la-sombra-del-atomo\/","name":"LA SOMBRA DEL \u00c1TOMO - Els pagesos","description":"LA SOMBRA DEL \u00c1TOMO \u00e9s el projecte de consolidaci\u00f3 dels germans Marshall i Nathan Baughman despr\u00e9s d'anys d'experi\u00e8ncia com a int\u00e8rprets de versions i compositors per a formacions anteriors. El seu nexe d'uni\u00f3, els cl\u00e0ssics dels '50 i dels '60. L'any 2012 van iniciar la gestaci\u00f3 d'un \u00e0lbum conceptual amb una estructura unit\u00e0ria. Noves composicions","inLanguage":"es-ES","isPartOf":{"@id":"https:\/\/www.elspagesos.com\/es\/#website"},"breadcrumb":{"@id":"https:\/\/www.elspagesos.com\/es\/agenda\/la-sombra-del-atomo\/#breadcrumblist"},"image":{"@type":"ImageObject","url":"https:\/\/www.elspagesos.com\/wp-content\/uploads\/2023\/10\/flyer_191.jpg","@id":"https:\/\/www.elspagesos.com\/es\/agenda\/la-sombra-del-atomo\/#mainImage","width":550,"height":778},"primaryImageOfPage":{"@id":"https:\/\/www.elspagesos.com\/es\/agenda\/la-sombra-del-atomo\/#mainImage"},"datePublished":"2023-10-09T17:06:42+02:00","dateModified":"2023-10-09T17:06:59+02:00"},{"@type":"WebSite","@id":"https:\/\/www.elspagesos.com\/es\/#website","url":"https:\/\/www.elspagesos.com\/es\/","name":"pagesos","inLanguage":"es-ES","publisher":{"@id":"https:\/\/www.elspagesos.com\/es\/#organization"}}]},"og:locale":"es_ES","og:site_name":"Els pagesos -","og:type":"article","og:title":"LA SOMBRA DEL \u00c1TOMO - Els pagesos","og:description":"LA SOMBRA DEL \u00c1TOMO \u00e9s el projecte de consolidaci\u00f3 dels germans Marshall i Nathan Baughman despr\u00e9s d'anys d'experi\u00e8ncia com a int\u00e8rprets de versions i compositors per a formacions anteriors. El seu nexe d'uni\u00f3, els cl\u00e0ssics dels '50 i dels '60. L'any 2012 van iniciar la gestaci\u00f3 d'un \u00e0lbum conceptual amb una estructura unit\u00e0ria. Noves composicions","og:url":"https:\/\/www.elspagesos.com\/es\/agenda\/la-sombra-del-atomo\/","article:published_time":"2023-10-09T15:06:42+00:00","article:modified_time":"2023-10-09T15:06:59+00:00","twitter:card":"summary_large_image","twitter:title":"LA SOMBRA DEL \u00c1TOMO - Els pagesos","twitter:description":"LA SOMBRA DEL \u00c1TOMO \u00e9s el projecte de consolidaci\u00f3 dels germans Marshall i Nathan Baughman despr\u00e9s d'anys d'experi\u00e8ncia com a int\u00e8rprets de versions i compositors per a formacions anteriors. El seu nexe d'uni\u00f3, els cl\u00e0ssics dels '50 i dels '60. L'any 2012 van iniciar la gestaci\u00f3 d'un \u00e0lbum conceptual amb una estructura unit\u00e0ria. Noves composicions"},"aioseo_meta_data":{"post_id":"5223","title":null,"description":null,"keywords":null,"keyphrases":null,"primary_term":null,"canonical_url":null,"og_title":null,"og_description":null,"og_object_type":"default","og_image_type":"default","og_image_url":null,"og_image_width":null,"og_image_height":null,"og_image_custom_url":null,"og_image_custom_fields":null,"og_video":null,"og_custom_url":null,"og_article_section":null,"og_article_tags":null,"twitter_use_og":false,"twitter_card":"default","twitter_image_type":"default","twitter_image_url":null,"twitter_image_custom_url":null,"twitter_image_custom_fields":null,"twitter_title":null,"twitter_description":null,"schema":{"blockGraphs":[],"customGraphs":[],"default":{"data":{"Article":[],"Course":[],"Dataset":[],"FAQPage":[],"Movie":[],"Person":[],"Product":[],"ProductReview":[],"Car":[],"Recipe":[],"Service":[],"SoftwareApplication":[],"WebPage":[]},"graphName":"","isEnabled":true},"graphs":[]},"schema_type":"default","schema_type_options":null,"pillar_content":false,"robots_default":true,"robots_noindex":false,"robots_noarchive":false,"robots_nosnippet":false,"robots_nofollow":false,"robots_noimageindex":false,"robots_noodp":false,"robots_notranslate":false,"robots_max_snippet":null,"robots_max_videopreview":null,"robots_max_imagepreview":"large","priority":null,"frequency":null,"local_seo":null,"breadcrumb_settings":null,"limit_modified_date":false,"ai":null,"created":"2023-10-09 13:04:38","updated":"2025-10-15 01:20:53","seo_analyzer_scan_date":null,"focus_keyword":null,"additional_keywords":null,"truseo_locale":null},"aioseo_breadcrumb":"<div class=\"aioseo-breadcrumbs\"><span class=\"aioseo-breadcrumb\">\n\t\t\t<a href=\"https:\/\/www.elspagesos.com\/es\/\" title=\"Inicio\">Inicio<\/a>\n\t\t<\/span><span class=\"aioseo-breadcrumb-separator\">\u00bb<\/span><span class=\"aioseo-breadcrumb\">\n\t\t\t<a href=\"https:\/\/www.elspagesos.com\/es\/agenda\/\" title=\"Agenda\">Agenda<\/a>\n\t\t<\/span><span class=\"aioseo-breadcrumb-separator\">\u00bb<\/span><span class=\"aioseo-breadcrumb\">\n\t\t\tLA SOMBRA DEL \u00c1TOMO\n\t\t<\/span><\/div>","aioseo_breadcrumb_json":[{"label":"Inicio","link":"https:\/\/www.elspagesos.com\/es\/"},{"label":"Agenda","link":"https:\/\/www.elspagesos.com\/es\/agenda\/"},{"label":"LA SOMBRA DEL \u00c1TOMO","link":"https:\/\/www.elspagesos.com\/es\/agenda\/la-sombra-del-atomo\/"}],"_links":{"self":[{"href":"https:\/\/www.elspagesos.com\/es\/wp-json\/wp\/v2\/event\/5223","targetHints":{"allow":["GET"]}}],"collection":[{"href":"https:\/\/www.elspagesos.com\/es\/wp-json\/wp\/v2\/event"}],"about":[{"href":"https:\/\/www.elspagesos.com\/es\/wp-json\/wp\/v2\/types\/event"}],"version-history":[{"count":1,"href":"https:\/\/www.elspagesos.com\/es\/wp-json\/wp\/v2\/event\/5223\/revisions"}],"predecessor-version":[{"id":6124,"href":"https:\/\/www.elspagesos.com\/es\/wp-json\/wp\/v2\/event\/5223\/revisions\/6124"}],"wp:featuredmedia":[{"embeddable":true,"href":"https:\/\/www.elspagesos.com\/es\/wp-json\/wp\/v2\/media\/2306"}],"wp:attachment":[{"href":"https:\/\/www.elspagesos.com\/es\/wp-json\/wp\/v2\/media?parent=5223"}],"curies":[{"name":"wp","href":"https:\/\/api.w.org\/{rel}","templated":true}]}}