{"id":5208,"date":"2023-10-09T17:06:31","date_gmt":"2023-10-09T15:06:31","guid":{"rendered":"https:\/\/www.elspagesos.com\/event\/jam-poetica-dani-baraldes-the-xxx-band\/"},"modified":"2023-10-09T17:06:47","modified_gmt":"2023-10-09T15:06:47","slug":"jam-poetica-dani-baraldes-the-xxx-band","status":"publish","type":"event","link":"https:\/\/www.elspagesos.com\/es\/agenda\/jam-poetica-dani-baraldes-the-xxx-band\/","title":{"rendered":"JAM PO\u00c9TICA: DANI BARALD\u00c9S &#038; THE xXx BAND"},"content":{"rendered":"<p><img decoding=\"async\" src=\"\/\/www.elspagesos.com\/wp-content\/uploads\/2023\/10\/flyer_176.jpg\" alt=\"JAM PO\u00c9TICA: DANI BARALD\u00c9S &#038; THE xXx BAND\" \/><\/p>\n<div>\n<p>\n\tPer inaugurar la III Setmana de la Poesia, L&#39;Ajuntament de Sant Feliu juntament amb Els Pagesos i els Grups literaris santfeliuencs us tenim preparada una Jam po&egrave;tica molt especial: un recital de la m&agrave; del Dani Barald&eacute;s i la xXx Band.<\/p>\n<p>\tDani Barald&eacute;s &amp; The xXx Band presenta la seva aventura s&ograve;nica: un concert que transporta per diferents paisatges sonors. Amb una clara tend&egrave;ncia cap els sons vintage, passegen sense complexes per ritmes funk, swing o blues&amp;rock amb una personal i divertida solv&egrave;ncia a la qual prevaleixen els arguments mel&ograve;dicos per sobre del virtuosisme instrumental.<\/p>\n<p>\tM&eacute;s de vint anys de carrera musical abalen la traject&ograve;ria professional del Dani Barald&eacute;s. El seu nom va lligat a artistes com Jarabe Palo, Macaco, Rulo y la contrabanda, Dani Nel.lo, El Fant&aacute;stico hombre bala y un llarg etc&egrave;tera de bandes de diversa &iacute;ndole. <\/p>\n<p>\tJorge Rebenaque (Bunbury), Santi Ursul (Smokig Stones) y Salva Suau (ex Macaco) formen La xXx Band. Una contundent base d&#39;experimentad&iacute;ssims m&uacute;sics de renom dins l&#39;escena musical catalana.<\/p>\n<p>\tPodriem definir aquest viatge sonor como un hurac&agrave; d&#39;energia: m&uacute;sica en maj&uacute;scules.<\/p>\n<p>\tEntrada gratu&iuml;ta.<\/p>\n<p>\thttp:\/\/www.tv3.cat\/videos\/4830974<br \/>\n\thttp:\/\/www.danibaraldes.com\/<\/p>\n<p>\tOrganitzat per l&#39;Ajuntament de Sant Feliu de LLobregat i Els Pagesos.<\/p>\n<\/div>\n","protected":false},"excerpt":{"rendered":"<p>Per inaugurar la III Setmana de la Poesia, L&#39;Ajuntament de Sant Feliu juntament amb Els Pagesos i els Grups literaris santfeliuencs us tenim preparada una Jam po&egrave;tica molt especial: un recital de la m&agrave; del Dani Barald&eacute;s i la xXx Band. Dani Barald&eacute;s &amp; The xXx Band presenta la seva aventura s&ograve;nica: un concert que [&hellip;]<\/p>\n","protected":false},"featured_media":2276,"menu_order":0,"template":"","class_list":["post-5208","event","type-event","status-publish","has-post-thumbnail","hentry"],"aioseo_notices":[],"aioseo_head":"\n\t\t<!-- All in One SEO 5.0.0.1 - aioseo.com -->\n\t<meta name=\"description\" content=\"Per inaugurar la III Setmana de la Poesia, L&#039;Ajuntament de Sant Feliu juntament amb Els Pagesos i els Grups literaris santfeliuencs us tenim preparada una Jam po\u00e8tica molt especial: un recital de la m\u00e0 del Dani Barald\u00e9s i la xXx Band. Dani Barald\u00e9s &amp; The xXx Band presenta la seva aventura s\u00f2nica: un concert que\" \/>\n\t<meta name=\"robots\" content=\"max-image-preview:large\" \/>\n\t<link rel=\"canonical\" href=\"https:\/\/www.elspagesos.com\/es\/agenda\/jam-poetica-dani-baraldes-the-xxx-band\/\" \/>\n\t<meta name=\"generator\" content=\"All in One SEO (AIOSEO) 5.0.0.1\" \/>\n\t\t<meta property=\"og:locale\" content=\"es_ES\" \/>\n\t\t<meta property=\"og:site_name\" content=\"Els pagesos -\" \/>\n\t\t<meta property=\"og:type\" content=\"article\" \/>\n\t\t<meta property=\"og:title\" content=\"JAM PO\u00c9TICA: DANI BARALD\u00c9S &amp; THE xXx BAND - Els pagesos\" \/>\n\t\t<meta property=\"og:description\" content=\"Per inaugurar la III Setmana de la Poesia, L&#039;Ajuntament de Sant Feliu juntament amb Els Pagesos i els Grups literaris santfeliuencs us tenim preparada una Jam po\u00e8tica molt especial: un recital de la m\u00e0 del Dani Barald\u00e9s i la xXx Band. Dani Barald\u00e9s &amp; The xXx Band presenta la seva aventura s\u00f2nica: un concert que\" \/>\n\t\t<meta property=\"og:url\" content=\"https:\/\/www.elspagesos.com\/es\/agenda\/jam-poetica-dani-baraldes-the-xxx-band\/\" \/>\n\t\t<meta property=\"article:published_time\" content=\"2023-10-09T15:06:31+00:00\" \/>\n\t\t<meta property=\"article:modified_time\" content=\"2023-10-09T15:06:47+00:00\" \/>\n\t\t<meta name=\"twitter:card\" content=\"summary_large_image\" \/>\n\t\t<meta name=\"twitter:title\" content=\"JAM PO\u00c9TICA: DANI BARALD\u00c9S &amp; THE xXx BAND - Els pagesos\" \/>\n\t\t<meta name=\"twitter:description\" content=\"Per inaugurar la III Setmana de la Poesia, L&#039;Ajuntament de Sant Feliu juntament amb Els Pagesos i els Grups literaris santfeliuencs us tenim preparada una Jam po\u00e8tica molt especial: un recital de la m\u00e0 del Dani Barald\u00e9s i la xXx Band. Dani Barald\u00e9s &amp; The xXx Band presenta la seva aventura s\u00f2nica: un concert que\" \/>\n\t\t<script type=\"application\/ld+json\" class=\"aioseo-schema\">\n\t\t\t{\"@context\":\"https:\\\/\\\/schema.org\",\"@graph\":[{\"@type\":\"BreadcrumbList\",\"@id\":\"https:\\\/\\\/www.elspagesos.com\\\/es\\\/agenda\\\/jam-poetica-dani-baraldes-the-xxx-band\\\/#breadcrumblist\",\"itemListElement\":[{\"@type\":\"ListItem\",\"@id\":\"https:\\\/\\\/www.elspagesos.com\\\/es\\\/#listItem\",\"position\":1,\"name\":\"Inicio\",\"item\":\"https:\\\/\\\/www.elspagesos.com\\\/es\\\/\",\"nextItem\":{\"@type\":\"ListItem\",\"@id\":\"https:\\\/\\\/www.elspagesos.com\\\/es\\\/agenda\\\/#listItem\",\"name\":\"Agenda\"}},{\"@type\":\"ListItem\",\"@id\":\"https:\\\/\\\/www.elspagesos.com\\\/es\\\/agenda\\\/#listItem\",\"position\":2,\"name\":\"Agenda\",\"item\":\"https:\\\/\\\/www.elspagesos.com\\\/es\\\/agenda\\\/\",\"nextItem\":{\"@type\":\"ListItem\",\"@id\":\"https:\\\/\\\/www.elspagesos.com\\\/es\\\/agenda\\\/jam-poetica-dani-baraldes-the-xxx-band\\\/#listItem\",\"name\":\"JAM PO\\u00c9TICA: DANI BARALD\\u00c9S &#038; THE xXx BAND\"},\"previousItem\":{\"@type\":\"ListItem\",\"@id\":\"https:\\\/\\\/www.elspagesos.com\\\/es\\\/#listItem\",\"name\":\"Inicio\"}},{\"@type\":\"ListItem\",\"@id\":\"https:\\\/\\\/www.elspagesos.com\\\/es\\\/agenda\\\/jam-poetica-dani-baraldes-the-xxx-band\\\/#listItem\",\"position\":3,\"name\":\"JAM PO\\u00c9TICA: DANI BARALD\\u00c9S &#038; THE xXx BAND\",\"previousItem\":{\"@type\":\"ListItem\",\"@id\":\"https:\\\/\\\/www.elspagesos.com\\\/es\\\/agenda\\\/#listItem\",\"name\":\"Agenda\"}}]},{\"@type\":\"Organization\",\"@id\":\"https:\\\/\\\/www.elspagesos.com\\\/es\\\/#organization\",\"name\":\"pagesos\",\"url\":\"https:\\\/\\\/www.elspagesos.com\\\/es\\\/\"},{\"@type\":\"WebPage\",\"@id\":\"https:\\\/\\\/www.elspagesos.com\\\/es\\\/agenda\\\/jam-poetica-dani-baraldes-the-xxx-band\\\/#webpage\",\"url\":\"https:\\\/\\\/www.elspagesos.com\\\/es\\\/agenda\\\/jam-poetica-dani-baraldes-the-xxx-band\\\/\",\"name\":\"JAM PO\\u00c9TICA: DANI BARALD\\u00c9S & THE xXx BAND - Els pagesos\",\"description\":\"Per inaugurar la III Setmana de la Poesia, L'Ajuntament de Sant Feliu juntament amb Els Pagesos i els Grups literaris santfeliuencs us tenim preparada una Jam po\\u00e8tica molt especial: un recital de la m\\u00e0 del Dani Barald\\u00e9s i la xXx Band. Dani Barald\\u00e9s & The xXx Band presenta la seva aventura s\\u00f2nica: un concert que\",\"inLanguage\":\"es-ES\",\"isPartOf\":{\"@id\":\"https:\\\/\\\/www.elspagesos.com\\\/es\\\/#website\"},\"breadcrumb\":{\"@id\":\"https:\\\/\\\/www.elspagesos.com\\\/es\\\/agenda\\\/jam-poetica-dani-baraldes-the-xxx-band\\\/#breadcrumblist\"},\"image\":{\"@type\":\"ImageObject\",\"url\":\"https:\\\/\\\/www.elspagesos.com\\\/wp-content\\\/uploads\\\/2023\\\/10\\\/flyer_176.jpg\",\"@id\":\"https:\\\/\\\/www.elspagesos.com\\\/es\\\/agenda\\\/jam-poetica-dani-baraldes-the-xxx-band\\\/#mainImage\",\"width\":550,\"height\":825},\"primaryImageOfPage\":{\"@id\":\"https:\\\/\\\/www.elspagesos.com\\\/es\\\/agenda\\\/jam-poetica-dani-baraldes-the-xxx-band\\\/#mainImage\"},\"datePublished\":\"2023-10-09T17:06:31+02:00\",\"dateModified\":\"2023-10-09T17:06:47+02:00\"},{\"@type\":\"WebSite\",\"@id\":\"https:\\\/\\\/www.elspagesos.com\\\/es\\\/#website\",\"url\":\"https:\\\/\\\/www.elspagesos.com\\\/es\\\/\",\"name\":\"pagesos\",\"inLanguage\":\"es-ES\",\"publisher\":{\"@id\":\"https:\\\/\\\/www.elspagesos.com\\\/es\\\/#organization\"}}]}\n\t\t<\/script>\n\t\t<!-- All in One SEO -->\n\n","aioseo_head_json":{"title":"JAM PO\u00c9TICA: DANI BARALD\u00c9S & THE xXx BAND - Els pagesos","description":"Per inaugurar la III Setmana de la Poesia, L'Ajuntament de Sant Feliu juntament amb Els Pagesos i els Grups literaris santfeliuencs us tenim preparada una Jam po\u00e8tica molt especial: un recital de la m\u00e0 del Dani Barald\u00e9s i la xXx Band. Dani Barald\u00e9s & The xXx Band presenta la seva aventura s\u00f2nica: un concert que","canonical_url":"https:\/\/www.elspagesos.com\/es\/agenda\/jam-poetica-dani-baraldes-the-xxx-band\/","robots":"max-image-preview:large","keywords":"","webmasterTools":{"miscellaneous":""},"schema":{"@context":"https:\/\/schema.org","@graph":[{"@type":"BreadcrumbList","@id":"https:\/\/www.elspagesos.com\/es\/agenda\/jam-poetica-dani-baraldes-the-xxx-band\/#breadcrumblist","itemListElement":[{"@type":"ListItem","@id":"https:\/\/www.elspagesos.com\/es\/#listItem","position":1,"name":"Inicio","item":"https:\/\/www.elspagesos.com\/es\/","nextItem":{"@type":"ListItem","@id":"https:\/\/www.elspagesos.com\/es\/agenda\/#listItem","name":"Agenda"}},{"@type":"ListItem","@id":"https:\/\/www.elspagesos.com\/es\/agenda\/#listItem","position":2,"name":"Agenda","item":"https:\/\/www.elspagesos.com\/es\/agenda\/","nextItem":{"@type":"ListItem","@id":"https:\/\/www.elspagesos.com\/es\/agenda\/jam-poetica-dani-baraldes-the-xxx-band\/#listItem","name":"JAM PO\u00c9TICA: DANI BARALD\u00c9S &#038; THE xXx BAND"},"previousItem":{"@type":"ListItem","@id":"https:\/\/www.elspagesos.com\/es\/#listItem","name":"Inicio"}},{"@type":"ListItem","@id":"https:\/\/www.elspagesos.com\/es\/agenda\/jam-poetica-dani-baraldes-the-xxx-band\/#listItem","position":3,"name":"JAM PO\u00c9TICA: DANI BARALD\u00c9S &#038; THE xXx BAND","previousItem":{"@type":"ListItem","@id":"https:\/\/www.elspagesos.com\/es\/agenda\/#listItem","name":"Agenda"}}]},{"@type":"Organization","@id":"https:\/\/www.elspagesos.com\/es\/#organization","name":"pagesos","url":"https:\/\/www.elspagesos.com\/es\/"},{"@type":"WebPage","@id":"https:\/\/www.elspagesos.com\/es\/agenda\/jam-poetica-dani-baraldes-the-xxx-band\/#webpage","url":"https:\/\/www.elspagesos.com\/es\/agenda\/jam-poetica-dani-baraldes-the-xxx-band\/","name":"JAM PO\u00c9TICA: DANI BARALD\u00c9S & THE xXx BAND - Els pagesos","description":"Per inaugurar la III Setmana de la Poesia, L'Ajuntament de Sant Feliu juntament amb Els Pagesos i els Grups literaris santfeliuencs us tenim preparada una Jam po\u00e8tica molt especial: un recital de la m\u00e0 del Dani Barald\u00e9s i la xXx Band. Dani Barald\u00e9s & The xXx Band presenta la seva aventura s\u00f2nica: un concert que","inLanguage":"es-ES","isPartOf":{"@id":"https:\/\/www.elspagesos.com\/es\/#website"},"breadcrumb":{"@id":"https:\/\/www.elspagesos.com\/es\/agenda\/jam-poetica-dani-baraldes-the-xxx-band\/#breadcrumblist"},"image":{"@type":"ImageObject","url":"https:\/\/www.elspagesos.com\/wp-content\/uploads\/2023\/10\/flyer_176.jpg","@id":"https:\/\/www.elspagesos.com\/es\/agenda\/jam-poetica-dani-baraldes-the-xxx-band\/#mainImage","width":550,"height":825},"primaryImageOfPage":{"@id":"https:\/\/www.elspagesos.com\/es\/agenda\/jam-poetica-dani-baraldes-the-xxx-band\/#mainImage"},"datePublished":"2023-10-09T17:06:31+02:00","dateModified":"2023-10-09T17:06:47+02:00"},{"@type":"WebSite","@id":"https:\/\/www.elspagesos.com\/es\/#website","url":"https:\/\/www.elspagesos.com\/es\/","name":"pagesos","inLanguage":"es-ES","publisher":{"@id":"https:\/\/www.elspagesos.com\/es\/#organization"}}]},"og:locale":"es_ES","og:site_name":"Els pagesos -","og:type":"article","og:title":"JAM PO\u00c9TICA: DANI BARALD\u00c9S &amp; THE xXx BAND - Els pagesos","og:description":"Per inaugurar la III Setmana de la Poesia, L'Ajuntament de Sant Feliu juntament amb Els Pagesos i els Grups literaris santfeliuencs us tenim preparada una Jam po\u00e8tica molt especial: un recital de la m\u00e0 del Dani Barald\u00e9s i la xXx Band. Dani Barald\u00e9s &amp; The xXx Band presenta la seva aventura s\u00f2nica: un concert que","og:url":"https:\/\/www.elspagesos.com\/es\/agenda\/jam-poetica-dani-baraldes-the-xxx-band\/","article:published_time":"2023-10-09T15:06:31+00:00","article:modified_time":"2023-10-09T15:06:47+00:00","twitter:card":"summary_large_image","twitter:title":"JAM PO\u00c9TICA: DANI BARALD\u00c9S &amp; THE xXx BAND - Els pagesos","twitter:description":"Per inaugurar la III Setmana de la Poesia, L'Ajuntament de Sant Feliu juntament amb Els Pagesos i els Grups literaris santfeliuencs us tenim preparada una Jam po\u00e8tica molt especial: un recital de la m\u00e0 del Dani Barald\u00e9s i la xXx Band. Dani Barald\u00e9s &amp; The xXx Band presenta la seva aventura s\u00f2nica: un concert que"},"aioseo_meta_data":{"post_id":"5208","title":null,"description":null,"keywords":null,"keyphrases":null,"primary_term":null,"canonical_url":null,"og_title":null,"og_description":null,"og_object_type":"default","og_image_type":"default","og_image_url":null,"og_image_width":null,"og_image_height":null,"og_image_custom_url":null,"og_image_custom_fields":null,"og_video":null,"og_custom_url":null,"og_article_section":null,"og_article_tags":null,"twitter_use_og":false,"twitter_card":"default","twitter_image_type":"default","twitter_image_url":null,"twitter_image_custom_url":null,"twitter_image_custom_fields":null,"twitter_title":null,"twitter_description":null,"schema":{"blockGraphs":[],"customGraphs":[],"default":{"data":{"Article":[],"Course":[],"Dataset":[],"FAQPage":[],"Movie":[],"Person":[],"Product":[],"ProductReview":[],"Car":[],"Recipe":[],"Service":[],"SoftwareApplication":[],"WebPage":[]},"graphName":"","isEnabled":true},"graphs":[]},"schema_type":"default","schema_type_options":null,"pillar_content":false,"robots_default":true,"robots_noindex":false,"robots_noarchive":false,"robots_nosnippet":false,"robots_nofollow":false,"robots_noimageindex":false,"robots_noodp":false,"robots_notranslate":false,"robots_max_snippet":null,"robots_max_videopreview":null,"robots_max_imagepreview":"large","priority":null,"frequency":null,"local_seo":null,"breadcrumb_settings":null,"limit_modified_date":false,"ai":null,"created":"2023-10-09 13:02:23","updated":"2025-10-15 01:12:16","seo_analyzer_scan_date":null,"focus_keyword":null,"additional_keywords":null,"truseo_locale":null},"aioseo_breadcrumb":"<div class=\"aioseo-breadcrumbs\"><span class=\"aioseo-breadcrumb\">\n\t\t\t<a href=\"https:\/\/www.elspagesos.com\/es\/\" title=\"Inicio\">Inicio<\/a>\n\t\t<\/span><span class=\"aioseo-breadcrumb-separator\">\u00bb<\/span><span class=\"aioseo-breadcrumb\">\n\t\t\t<a href=\"https:\/\/www.elspagesos.com\/es\/agenda\/\" title=\"Agenda\">Agenda<\/a>\n\t\t<\/span><span class=\"aioseo-breadcrumb-separator\">\u00bb<\/span><span class=\"aioseo-breadcrumb\">\n\t\t\tJAM PO\u00c9TICA: DANI BARALD\u00c9S &amp; THE xXx BAND\n\t\t<\/span><\/div>","aioseo_breadcrumb_json":[{"label":"Inicio","link":"https:\/\/www.elspagesos.com\/es\/"},{"label":"Agenda","link":"https:\/\/www.elspagesos.com\/es\/agenda\/"},{"label":"JAM PO\u00c9TICA: DANI BARALD\u00c9S &#038; THE xXx BAND","link":"https:\/\/www.elspagesos.com\/es\/agenda\/jam-poetica-dani-baraldes-the-xxx-band\/"}],"_links":{"self":[{"href":"https:\/\/www.elspagesos.com\/es\/wp-json\/wp\/v2\/event\/5208","targetHints":{"allow":["GET"]}}],"collection":[{"href":"https:\/\/www.elspagesos.com\/es\/wp-json\/wp\/v2\/event"}],"about":[{"href":"https:\/\/www.elspagesos.com\/es\/wp-json\/wp\/v2\/types\/event"}],"version-history":[{"count":1,"href":"https:\/\/www.elspagesos.com\/es\/wp-json\/wp\/v2\/event\/5208\/revisions"}],"predecessor-version":[{"id":6090,"href":"https:\/\/www.elspagesos.com\/es\/wp-json\/wp\/v2\/event\/5208\/revisions\/6090"}],"wp:featuredmedia":[{"embeddable":true,"href":"https:\/\/www.elspagesos.com\/es\/wp-json\/wp\/v2\/media\/2276"}],"wp:attachment":[{"href":"https:\/\/www.elspagesos.com\/es\/wp-json\/wp\/v2\/media?parent=5208"}],"curies":[{"name":"wp","href":"https:\/\/api.w.org\/{rel}","templated":true}]}}