{"id":5174,"date":"2023-10-09T17:06:07","date_gmt":"2023-10-09T15:06:07","guid":{"rendered":"https:\/\/www.elspagesos.com\/event\/cor-sisvuitcinc\/"},"modified":"2023-10-09T17:06:28","modified_gmt":"2023-10-09T15:06:28","slug":"cor-sisvuitcinc","status":"publish","type":"event","link":"https:\/\/www.elspagesos.com\/es\/agenda\/cor-sisvuitcinc\/","title":{"rendered":"COR SISVUITCINC"},"content":{"rendered":"<p><img decoding=\"async\" src=\"\/\/www.elspagesos.com\/wp-content\/uploads\/2023\/10\/flyer_142.jpg\" alt=\"COR SISVUITCINC\" \/><\/p>\n<div>\n<p>\n\t<span style=\"color: rgb(68, 68, 68); \">Canten cl&agrave;ssics de la m&uacute;sica pop, can&ccedil;ons irlandeses, m&uacute;sica tradicional i versions sorprenents. S&oacute;n 20 joves de Sant Feliu dirigits per la Marta Carret&oacute;n. Junts formen el Cor Sisvuitcinc. Un conjunt coral poc convencional que s&#39;atreveix amb peces modernes i ho combina amb can&ccedil;ons m&eacute;s tradicionals a tres veus.<\/span><\/p>\n<div>\n\t<font color=\"#444444\"><br \/>\n\t<\/font><\/div>\n<div>\n\t<font color=\"#444444\">Dissabte 15 de juny teniu l&#39;oportunitat d&#39;escoltar-los a Els Pagesos. Un concert on interpretaran un repertori ben divers a c&agrave;rrec de vint veus diferents. No us ho perdeu!<\/font><\/div>\n<\/div>\n","protected":false},"excerpt":{"rendered":"<p>Canten cl&agrave;ssics de la m&uacute;sica pop, can&ccedil;ons irlandeses, m&uacute;sica tradicional i versions sorprenents. S&oacute;n 20 joves de Sant Feliu dirigits per la Marta Carret&oacute;n. Junts formen el Cor Sisvuitcinc. Un conjunt coral poc convencional que s&#39;atreveix amb peces modernes i ho combina amb can&ccedil;ons m&eacute;s tradicionals a tres veus. Dissabte 15 de juny teniu l&#39;oportunitat [&hellip;]<\/p>\n","protected":false},"featured_media":2210,"menu_order":0,"template":"","class_list":["post-5174","event","type-event","status-publish","has-post-thumbnail","hentry"],"aioseo_notices":[],"aioseo_head":"\n\t\t<!-- All in One SEO 5.0.0.1 - aioseo.com -->\n\t<meta name=\"description\" content=\"Canten cl\u00e0ssics de la m\u00fasica pop, can\u00e7ons irlandeses, m\u00fasica tradicional i versions sorprenents. S\u00f3n 20 joves de Sant Feliu dirigits per la Marta Carret\u00f3n. Junts formen el Cor Sisvuitcinc. Un conjunt coral poc convencional que s&#039;atreveix amb peces modernes i ho combina amb can\u00e7ons m\u00e9s tradicionals a tres veus. Dissabte 15 de juny teniu l&#039;oportunitat\" \/>\n\t<meta name=\"robots\" content=\"max-image-preview:large\" \/>\n\t<link rel=\"canonical\" href=\"https:\/\/www.elspagesos.com\/es\/agenda\/cor-sisvuitcinc\/\" \/>\n\t<meta name=\"generator\" content=\"All in One SEO (AIOSEO) 5.0.0.1\" \/>\n\t\t<meta property=\"og:locale\" content=\"es_ES\" \/>\n\t\t<meta property=\"og:site_name\" content=\"Els pagesos -\" \/>\n\t\t<meta property=\"og:type\" content=\"article\" \/>\n\t\t<meta property=\"og:title\" content=\"COR SISVUITCINC - Els pagesos\" \/>\n\t\t<meta property=\"og:description\" content=\"Canten cl\u00e0ssics de la m\u00fasica pop, can\u00e7ons irlandeses, m\u00fasica tradicional i versions sorprenents. S\u00f3n 20 joves de Sant Feliu dirigits per la Marta Carret\u00f3n. Junts formen el Cor Sisvuitcinc. Un conjunt coral poc convencional que s&#039;atreveix amb peces modernes i ho combina amb can\u00e7ons m\u00e9s tradicionals a tres veus. Dissabte 15 de juny teniu l&#039;oportunitat\" \/>\n\t\t<meta property=\"og:url\" content=\"https:\/\/www.elspagesos.com\/es\/agenda\/cor-sisvuitcinc\/\" \/>\n\t\t<meta property=\"article:published_time\" content=\"2023-10-09T15:06:07+00:00\" \/>\n\t\t<meta property=\"article:modified_time\" content=\"2023-10-09T15:06:28+00:00\" \/>\n\t\t<meta name=\"twitter:card\" content=\"summary_large_image\" \/>\n\t\t<meta name=\"twitter:title\" content=\"COR SISVUITCINC - Els pagesos\" \/>\n\t\t<meta name=\"twitter:description\" content=\"Canten cl\u00e0ssics de la m\u00fasica pop, can\u00e7ons irlandeses, m\u00fasica tradicional i versions sorprenents. S\u00f3n 20 joves de Sant Feliu dirigits per la Marta Carret\u00f3n. Junts formen el Cor Sisvuitcinc. Un conjunt coral poc convencional que s&#039;atreveix amb peces modernes i ho combina amb can\u00e7ons m\u00e9s tradicionals a tres veus. Dissabte 15 de juny teniu l&#039;oportunitat\" \/>\n\t\t<script type=\"application\/ld+json\" class=\"aioseo-schema\">\n\t\t\t{\"@context\":\"https:\\\/\\\/schema.org\",\"@graph\":[{\"@type\":\"BreadcrumbList\",\"@id\":\"https:\\\/\\\/www.elspagesos.com\\\/es\\\/agenda\\\/cor-sisvuitcinc\\\/#breadcrumblist\",\"itemListElement\":[{\"@type\":\"ListItem\",\"@id\":\"https:\\\/\\\/www.elspagesos.com\\\/es\\\/#listItem\",\"position\":1,\"name\":\"Inicio\",\"item\":\"https:\\\/\\\/www.elspagesos.com\\\/es\\\/\",\"nextItem\":{\"@type\":\"ListItem\",\"@id\":\"https:\\\/\\\/www.elspagesos.com\\\/es\\\/agenda\\\/#listItem\",\"name\":\"Agenda\"}},{\"@type\":\"ListItem\",\"@id\":\"https:\\\/\\\/www.elspagesos.com\\\/es\\\/agenda\\\/#listItem\",\"position\":2,\"name\":\"Agenda\",\"item\":\"https:\\\/\\\/www.elspagesos.com\\\/es\\\/agenda\\\/\",\"nextItem\":{\"@type\":\"ListItem\",\"@id\":\"https:\\\/\\\/www.elspagesos.com\\\/es\\\/agenda\\\/cor-sisvuitcinc\\\/#listItem\",\"name\":\"COR SISVUITCINC\"},\"previousItem\":{\"@type\":\"ListItem\",\"@id\":\"https:\\\/\\\/www.elspagesos.com\\\/es\\\/#listItem\",\"name\":\"Inicio\"}},{\"@type\":\"ListItem\",\"@id\":\"https:\\\/\\\/www.elspagesos.com\\\/es\\\/agenda\\\/cor-sisvuitcinc\\\/#listItem\",\"position\":3,\"name\":\"COR SISVUITCINC\",\"previousItem\":{\"@type\":\"ListItem\",\"@id\":\"https:\\\/\\\/www.elspagesos.com\\\/es\\\/agenda\\\/#listItem\",\"name\":\"Agenda\"}}]},{\"@type\":\"Organization\",\"@id\":\"https:\\\/\\\/www.elspagesos.com\\\/es\\\/#organization\",\"name\":\"pagesos\",\"url\":\"https:\\\/\\\/www.elspagesos.com\\\/es\\\/\"},{\"@type\":\"WebPage\",\"@id\":\"https:\\\/\\\/www.elspagesos.com\\\/es\\\/agenda\\\/cor-sisvuitcinc\\\/#webpage\",\"url\":\"https:\\\/\\\/www.elspagesos.com\\\/es\\\/agenda\\\/cor-sisvuitcinc\\\/\",\"name\":\"COR SISVUITCINC - Els pagesos\",\"description\":\"Canten cl\\u00e0ssics de la m\\u00fasica pop, can\\u00e7ons irlandeses, m\\u00fasica tradicional i versions sorprenents. S\\u00f3n 20 joves de Sant Feliu dirigits per la Marta Carret\\u00f3n. Junts formen el Cor Sisvuitcinc. Un conjunt coral poc convencional que s'atreveix amb peces modernes i ho combina amb can\\u00e7ons m\\u00e9s tradicionals a tres veus. Dissabte 15 de juny teniu l'oportunitat\",\"inLanguage\":\"es-ES\",\"isPartOf\":{\"@id\":\"https:\\\/\\\/www.elspagesos.com\\\/es\\\/#website\"},\"breadcrumb\":{\"@id\":\"https:\\\/\\\/www.elspagesos.com\\\/es\\\/agenda\\\/cor-sisvuitcinc\\\/#breadcrumblist\"},\"image\":{\"@type\":\"ImageObject\",\"url\":\"https:\\\/\\\/www.elspagesos.com\\\/wp-content\\\/uploads\\\/2023\\\/10\\\/flyer_142.jpg\",\"@id\":\"https:\\\/\\\/www.elspagesos.com\\\/es\\\/agenda\\\/cor-sisvuitcinc\\\/#mainImage\",\"width\":550,\"height\":275},\"primaryImageOfPage\":{\"@id\":\"https:\\\/\\\/www.elspagesos.com\\\/es\\\/agenda\\\/cor-sisvuitcinc\\\/#mainImage\"},\"datePublished\":\"2023-10-09T17:06:07+02:00\",\"dateModified\":\"2023-10-09T17:06:28+02:00\"},{\"@type\":\"WebSite\",\"@id\":\"https:\\\/\\\/www.elspagesos.com\\\/es\\\/#website\",\"url\":\"https:\\\/\\\/www.elspagesos.com\\\/es\\\/\",\"name\":\"pagesos\",\"inLanguage\":\"es-ES\",\"publisher\":{\"@id\":\"https:\\\/\\\/www.elspagesos.com\\\/es\\\/#organization\"}}]}\n\t\t<\/script>\n\t\t<!-- All in One SEO -->\n\n","aioseo_head_json":{"title":"COR SISVUITCINC - Els pagesos","description":"Canten cl\u00e0ssics de la m\u00fasica pop, can\u00e7ons irlandeses, m\u00fasica tradicional i versions sorprenents. S\u00f3n 20 joves de Sant Feliu dirigits per la Marta Carret\u00f3n. Junts formen el Cor Sisvuitcinc. Un conjunt coral poc convencional que s'atreveix amb peces modernes i ho combina amb can\u00e7ons m\u00e9s tradicionals a tres veus. Dissabte 15 de juny teniu l'oportunitat","canonical_url":"https:\/\/www.elspagesos.com\/es\/agenda\/cor-sisvuitcinc\/","robots":"max-image-preview:large","keywords":"","webmasterTools":{"miscellaneous":""},"schema":{"@context":"https:\/\/schema.org","@graph":[{"@type":"BreadcrumbList","@id":"https:\/\/www.elspagesos.com\/es\/agenda\/cor-sisvuitcinc\/#breadcrumblist","itemListElement":[{"@type":"ListItem","@id":"https:\/\/www.elspagesos.com\/es\/#listItem","position":1,"name":"Inicio","item":"https:\/\/www.elspagesos.com\/es\/","nextItem":{"@type":"ListItem","@id":"https:\/\/www.elspagesos.com\/es\/agenda\/#listItem","name":"Agenda"}},{"@type":"ListItem","@id":"https:\/\/www.elspagesos.com\/es\/agenda\/#listItem","position":2,"name":"Agenda","item":"https:\/\/www.elspagesos.com\/es\/agenda\/","nextItem":{"@type":"ListItem","@id":"https:\/\/www.elspagesos.com\/es\/agenda\/cor-sisvuitcinc\/#listItem","name":"COR SISVUITCINC"},"previousItem":{"@type":"ListItem","@id":"https:\/\/www.elspagesos.com\/es\/#listItem","name":"Inicio"}},{"@type":"ListItem","@id":"https:\/\/www.elspagesos.com\/es\/agenda\/cor-sisvuitcinc\/#listItem","position":3,"name":"COR SISVUITCINC","previousItem":{"@type":"ListItem","@id":"https:\/\/www.elspagesos.com\/es\/agenda\/#listItem","name":"Agenda"}}]},{"@type":"Organization","@id":"https:\/\/www.elspagesos.com\/es\/#organization","name":"pagesos","url":"https:\/\/www.elspagesos.com\/es\/"},{"@type":"WebPage","@id":"https:\/\/www.elspagesos.com\/es\/agenda\/cor-sisvuitcinc\/#webpage","url":"https:\/\/www.elspagesos.com\/es\/agenda\/cor-sisvuitcinc\/","name":"COR SISVUITCINC - Els pagesos","description":"Canten cl\u00e0ssics de la m\u00fasica pop, can\u00e7ons irlandeses, m\u00fasica tradicional i versions sorprenents. S\u00f3n 20 joves de Sant Feliu dirigits per la Marta Carret\u00f3n. Junts formen el Cor Sisvuitcinc. Un conjunt coral poc convencional que s'atreveix amb peces modernes i ho combina amb can\u00e7ons m\u00e9s tradicionals a tres veus. Dissabte 15 de juny teniu l'oportunitat","inLanguage":"es-ES","isPartOf":{"@id":"https:\/\/www.elspagesos.com\/es\/#website"},"breadcrumb":{"@id":"https:\/\/www.elspagesos.com\/es\/agenda\/cor-sisvuitcinc\/#breadcrumblist"},"image":{"@type":"ImageObject","url":"https:\/\/www.elspagesos.com\/wp-content\/uploads\/2023\/10\/flyer_142.jpg","@id":"https:\/\/www.elspagesos.com\/es\/agenda\/cor-sisvuitcinc\/#mainImage","width":550,"height":275},"primaryImageOfPage":{"@id":"https:\/\/www.elspagesos.com\/es\/agenda\/cor-sisvuitcinc\/#mainImage"},"datePublished":"2023-10-09T17:06:07+02:00","dateModified":"2023-10-09T17:06:28+02:00"},{"@type":"WebSite","@id":"https:\/\/www.elspagesos.com\/es\/#website","url":"https:\/\/www.elspagesos.com\/es\/","name":"pagesos","inLanguage":"es-ES","publisher":{"@id":"https:\/\/www.elspagesos.com\/es\/#organization"}}]},"og:locale":"es_ES","og:site_name":"Els pagesos -","og:type":"article","og:title":"COR SISVUITCINC - Els pagesos","og:description":"Canten cl\u00e0ssics de la m\u00fasica pop, can\u00e7ons irlandeses, m\u00fasica tradicional i versions sorprenents. S\u00f3n 20 joves de Sant Feliu dirigits per la Marta Carret\u00f3n. Junts formen el Cor Sisvuitcinc. Un conjunt coral poc convencional que s'atreveix amb peces modernes i ho combina amb can\u00e7ons m\u00e9s tradicionals a tres veus. Dissabte 15 de juny teniu l'oportunitat","og:url":"https:\/\/www.elspagesos.com\/es\/agenda\/cor-sisvuitcinc\/","article:published_time":"2023-10-09T15:06:07+00:00","article:modified_time":"2023-10-09T15:06:28+00:00","twitter:card":"summary_large_image","twitter:title":"COR SISVUITCINC - Els pagesos","twitter:description":"Canten cl\u00e0ssics de la m\u00fasica pop, can\u00e7ons irlandeses, m\u00fasica tradicional i versions sorprenents. S\u00f3n 20 joves de Sant Feliu dirigits per la Marta Carret\u00f3n. Junts formen el Cor Sisvuitcinc. Un conjunt coral poc convencional que s'atreveix amb peces modernes i ho combina amb can\u00e7ons m\u00e9s tradicionals a tres veus. Dissabte 15 de juny teniu l'oportunitat"},"aioseo_meta_data":{"post_id":"5174","title":null,"description":null,"keywords":null,"keyphrases":null,"primary_term":null,"canonical_url":null,"og_title":null,"og_description":null,"og_object_type":"default","og_image_type":"default","og_image_url":null,"og_image_width":null,"og_image_height":null,"og_image_custom_url":null,"og_image_custom_fields":null,"og_video":null,"og_custom_url":null,"og_article_section":null,"og_article_tags":null,"twitter_use_og":false,"twitter_card":"default","twitter_image_type":"default","twitter_image_url":null,"twitter_image_custom_url":null,"twitter_image_custom_fields":null,"twitter_title":null,"twitter_description":null,"schema":{"blockGraphs":[],"customGraphs":[],"default":{"data":{"Article":[],"Course":[],"Dataset":[],"FAQPage":[],"Movie":[],"Person":[],"Product":[],"ProductReview":[],"Car":[],"Recipe":[],"Service":[],"SoftwareApplication":[],"WebPage":[]},"graphName":"","isEnabled":true},"graphs":[]},"schema_type":"default","schema_type_options":null,"pillar_content":false,"robots_default":true,"robots_noindex":false,"robots_noarchive":false,"robots_nosnippet":false,"robots_nofollow":false,"robots_noimageindex":false,"robots_noodp":false,"robots_notranslate":false,"robots_max_snippet":null,"robots_max_videopreview":null,"robots_max_imagepreview":"large","priority":null,"frequency":null,"local_seo":null,"breadcrumb_settings":null,"limit_modified_date":false,"ai":null,"created":"2023-10-09 12:55:09","updated":"2025-10-15 00:48:21","seo_analyzer_scan_date":null,"focus_keyword":null,"additional_keywords":null,"truseo_locale":null},"aioseo_breadcrumb":"<div class=\"aioseo-breadcrumbs\"><span class=\"aioseo-breadcrumb\">\n\t\t\t<a href=\"https:\/\/www.elspagesos.com\/es\/\" title=\"Inicio\">Inicio<\/a>\n\t\t<\/span><span class=\"aioseo-breadcrumb-separator\">\u00bb<\/span><span class=\"aioseo-breadcrumb\">\n\t\t\t<a href=\"https:\/\/www.elspagesos.com\/es\/agenda\/\" title=\"Agenda\">Agenda<\/a>\n\t\t<\/span><span class=\"aioseo-breadcrumb-separator\">\u00bb<\/span><span class=\"aioseo-breadcrumb\">\n\t\t\tCOR SISVUITCINC\n\t\t<\/span><\/div>","aioseo_breadcrumb_json":[{"label":"Inicio","link":"https:\/\/www.elspagesos.com\/es\/"},{"label":"Agenda","link":"https:\/\/www.elspagesos.com\/es\/agenda\/"},{"label":"COR SISVUITCINC","link":"https:\/\/www.elspagesos.com\/es\/agenda\/cor-sisvuitcinc\/"}],"_links":{"self":[{"href":"https:\/\/www.elspagesos.com\/es\/wp-json\/wp\/v2\/event\/5174","targetHints":{"allow":["GET"]}}],"collection":[{"href":"https:\/\/www.elspagesos.com\/es\/wp-json\/wp\/v2\/event"}],"about":[{"href":"https:\/\/www.elspagesos.com\/es\/wp-json\/wp\/v2\/types\/event"}],"version-history":[{"count":1,"href":"https:\/\/www.elspagesos.com\/es\/wp-json\/wp\/v2\/event\/5174\/revisions"}],"predecessor-version":[{"id":6023,"href":"https:\/\/www.elspagesos.com\/es\/wp-json\/wp\/v2\/event\/5174\/revisions\/6023"}],"wp:featuredmedia":[{"embeddable":true,"href":"https:\/\/www.elspagesos.com\/es\/wp-json\/wp\/v2\/media\/2210"}],"wp:attachment":[{"href":"https:\/\/www.elspagesos.com\/es\/wp-json\/wp\/v2\/media?parent=5174"}],"curies":[{"name":"wp","href":"https:\/\/api.w.org\/{rel}","templated":true}]}}