{"id":5121,"date":"2023-10-09T17:05:44","date_gmt":"2023-10-09T15:05:44","guid":{"rendered":"https:\/\/www.elspagesos.com\/event\/the-seihos-hans-laguna\/"},"modified":"2023-10-09T17:05:53","modified_gmt":"2023-10-09T15:05:53","slug":"the-seihos-hans-laguna","status":"publish","type":"event","link":"https:\/\/www.elspagesos.com\/es\/agenda\/the-seihos-hans-laguna\/","title":{"rendered":"THE SEIHOS + HANS LAGUNA"},"content":{"rendered":"<p><img decoding=\"async\" src=\"\/\/www.elspagesos.com\/wp-content\/uploads\/2023\/10\/flyer_89.jpg\" alt=\"THE SEIHOS + HANS LAGUNA\" \/><\/p>\n<div>\n<div>\n\t<strong>The Seihos <\/strong>no es un grupo novel. Hace m&aacute;s de diez a&ntilde;os que ensayan y crean sus canciones, pero ahora empiezan a hacerse un hueco en el panorama musical. Su bajista, <em>Mart&iacute; Maym&oacute;,<\/em> est&aacute; saboreando el &eacute;xito con su otra formaci&oacute;n, <em>Manel<\/em>, pero dice que no se plantea abandonar a The Seihos, y es que The Seihos son diversi&oacute;n, <em>pop cl&aacute;sico <\/em>con aires <em>psicod&eacute;licos<\/em>. Su m&uacute;sica recuerda a bandas como <em>The Strokes<\/em> o <em>The Kinks<\/em>, y capta la genialidad de <em>Syd Barrett<\/em><strong>,<\/strong> a quien consideran una referencia.<\/div>\n<div>\n\t&nbsp;<\/div>\n<div>\n\t<span><span><font size=\"2\"><strong>Hans Laguna <\/strong>bebe del folk con raices americanas, as&iacute; como del pop m&aacute;s puro. Este viernes presentar&aacute; un primicia las canciones que formar&aacute;n parte de &quot;<em>Primeras marcas<\/em>&quot;, su LP de debut. Sus actuaciones en directo, acompa&ntilde;ado de su banda, son la ocasi&oacute;n perfecta para comprobar que es posible unir el <em>pop de autor <\/em>con el <em>indie rock<\/em>, la <em>psicodelia <\/em>o el <em>noise<\/em>.<\/font><\/span><\/span><\/div>\n<\/div>\n<p><iframe width=\"552\" height=\"310\" src=\"http:\/\/www.youtube.com\/embed\/GT2OcjsOkmI\" frameborder=\"0\" allowfullscreen><\/iframe><\/p>\n","protected":false},"excerpt":{"rendered":"<p>The Seihos no es un grupo novel. Hace m&aacute;s de diez a&ntilde;os que ensayan y crean sus canciones, pero ahora empiezan a hacerse un hueco en el panorama musical. Su bajista, Mart&iacute; Maym&oacute;, est&aacute; saboreando el &eacute;xito con su otra formaci&oacute;n, Manel, pero dice que no se plantea abandonar a The Seihos, y es que [&hellip;]<\/p>\n","protected":false},"featured_media":2104,"menu_order":0,"template":"","class_list":["post-5121","event","type-event","status-publish","has-post-thumbnail","hentry"],"aioseo_notices":[],"aioseo_head":"\n\t\t<!-- All in One SEO 5.0.0.1 - aioseo.com -->\n\t<meta name=\"description\" content=\"The Seihos no es un grupo novel. Hace m\u00e1s de diez a\u00f1os que ensayan y crean sus canciones, pero ahora empiezan a hacerse un hueco en el panorama musical. Su bajista, Mart\u00ed Maym\u00f3, est\u00e1 saboreando el \u00e9xito con su otra formaci\u00f3n, Manel, pero dice que no se plantea abandonar a The Seihos, y es que\" \/>\n\t<meta name=\"robots\" content=\"max-image-preview:large\" \/>\n\t<link rel=\"canonical\" href=\"https:\/\/www.elspagesos.com\/es\/agenda\/the-seihos-hans-laguna\/\" \/>\n\t<meta name=\"generator\" content=\"All in One SEO (AIOSEO) 5.0.0.1\" \/>\n\t\t<meta property=\"og:locale\" content=\"es_ES\" \/>\n\t\t<meta property=\"og:site_name\" content=\"Els pagesos -\" \/>\n\t\t<meta property=\"og:type\" content=\"article\" \/>\n\t\t<meta property=\"og:title\" content=\"THE SEIHOS + HANS LAGUNA - Els pagesos\" \/>\n\t\t<meta property=\"og:description\" content=\"The Seihos no es un grupo novel. Hace m\u00e1s de diez a\u00f1os que ensayan y crean sus canciones, pero ahora empiezan a hacerse un hueco en el panorama musical. Su bajista, Mart\u00ed Maym\u00f3, est\u00e1 saboreando el \u00e9xito con su otra formaci\u00f3n, Manel, pero dice que no se plantea abandonar a The Seihos, y es que\" \/>\n\t\t<meta property=\"og:url\" content=\"https:\/\/www.elspagesos.com\/es\/agenda\/the-seihos-hans-laguna\/\" \/>\n\t\t<meta property=\"article:published_time\" content=\"2023-10-09T15:05:44+00:00\" \/>\n\t\t<meta property=\"article:modified_time\" content=\"2023-10-09T15:05:53+00:00\" \/>\n\t\t<meta name=\"twitter:card\" content=\"summary_large_image\" \/>\n\t\t<meta name=\"twitter:title\" content=\"THE SEIHOS + HANS LAGUNA - Els pagesos\" \/>\n\t\t<meta name=\"twitter:description\" content=\"The Seihos no es un grupo novel. Hace m\u00e1s de diez a\u00f1os que ensayan y crean sus canciones, pero ahora empiezan a hacerse un hueco en el panorama musical. Su bajista, Mart\u00ed Maym\u00f3, est\u00e1 saboreando el \u00e9xito con su otra formaci\u00f3n, Manel, pero dice que no se plantea abandonar a The Seihos, y es que\" \/>\n\t\t<script type=\"application\/ld+json\" class=\"aioseo-schema\">\n\t\t\t{\"@context\":\"https:\\\/\\\/schema.org\",\"@graph\":[{\"@type\":\"BreadcrumbList\",\"@id\":\"https:\\\/\\\/www.elspagesos.com\\\/es\\\/agenda\\\/the-seihos-hans-laguna\\\/#breadcrumblist\",\"itemListElement\":[{\"@type\":\"ListItem\",\"@id\":\"https:\\\/\\\/www.elspagesos.com\\\/es\\\/#listItem\",\"position\":1,\"name\":\"Inicio\",\"item\":\"https:\\\/\\\/www.elspagesos.com\\\/es\\\/\",\"nextItem\":{\"@type\":\"ListItem\",\"@id\":\"https:\\\/\\\/www.elspagesos.com\\\/es\\\/agenda\\\/#listItem\",\"name\":\"Agenda\"}},{\"@type\":\"ListItem\",\"@id\":\"https:\\\/\\\/www.elspagesos.com\\\/es\\\/agenda\\\/#listItem\",\"position\":2,\"name\":\"Agenda\",\"item\":\"https:\\\/\\\/www.elspagesos.com\\\/es\\\/agenda\\\/\",\"nextItem\":{\"@type\":\"ListItem\",\"@id\":\"https:\\\/\\\/www.elspagesos.com\\\/es\\\/agenda\\\/the-seihos-hans-laguna\\\/#listItem\",\"name\":\"THE SEIHOS + HANS LAGUNA\"},\"previousItem\":{\"@type\":\"ListItem\",\"@id\":\"https:\\\/\\\/www.elspagesos.com\\\/es\\\/#listItem\",\"name\":\"Inicio\"}},{\"@type\":\"ListItem\",\"@id\":\"https:\\\/\\\/www.elspagesos.com\\\/es\\\/agenda\\\/the-seihos-hans-laguna\\\/#listItem\",\"position\":3,\"name\":\"THE SEIHOS + HANS LAGUNA\",\"previousItem\":{\"@type\":\"ListItem\",\"@id\":\"https:\\\/\\\/www.elspagesos.com\\\/es\\\/agenda\\\/#listItem\",\"name\":\"Agenda\"}}]},{\"@type\":\"Organization\",\"@id\":\"https:\\\/\\\/www.elspagesos.com\\\/es\\\/#organization\",\"name\":\"pagesos\",\"url\":\"https:\\\/\\\/www.elspagesos.com\\\/es\\\/\"},{\"@type\":\"WebPage\",\"@id\":\"https:\\\/\\\/www.elspagesos.com\\\/es\\\/agenda\\\/the-seihos-hans-laguna\\\/#webpage\",\"url\":\"https:\\\/\\\/www.elspagesos.com\\\/es\\\/agenda\\\/the-seihos-hans-laguna\\\/\",\"name\":\"THE SEIHOS + HANS LAGUNA - Els pagesos\",\"description\":\"The Seihos no es un grupo novel. Hace m\\u00e1s de diez a\\u00f1os que ensayan y crean sus canciones, pero ahora empiezan a hacerse un hueco en el panorama musical. Su bajista, Mart\\u00ed Maym\\u00f3, est\\u00e1 saboreando el \\u00e9xito con su otra formaci\\u00f3n, Manel, pero dice que no se plantea abandonar a The Seihos, y es que\",\"inLanguage\":\"es-ES\",\"isPartOf\":{\"@id\":\"https:\\\/\\\/www.elspagesos.com\\\/es\\\/#website\"},\"breadcrumb\":{\"@id\":\"https:\\\/\\\/www.elspagesos.com\\\/es\\\/agenda\\\/the-seihos-hans-laguna\\\/#breadcrumblist\"},\"image\":{\"@type\":\"ImageObject\",\"url\":\"https:\\\/\\\/www.elspagesos.com\\\/wp-content\\\/uploads\\\/2023\\\/10\\\/flyer_89.jpg\",\"@id\":\"https:\\\/\\\/www.elspagesos.com\\\/es\\\/agenda\\\/the-seihos-hans-laguna\\\/#mainImage\",\"width\":550,\"height\":275},\"primaryImageOfPage\":{\"@id\":\"https:\\\/\\\/www.elspagesos.com\\\/es\\\/agenda\\\/the-seihos-hans-laguna\\\/#mainImage\"},\"datePublished\":\"2023-10-09T17:05:44+02:00\",\"dateModified\":\"2023-10-09T17:05:53+02:00\"},{\"@type\":\"WebSite\",\"@id\":\"https:\\\/\\\/www.elspagesos.com\\\/es\\\/#website\",\"url\":\"https:\\\/\\\/www.elspagesos.com\\\/es\\\/\",\"name\":\"pagesos\",\"inLanguage\":\"es-ES\",\"publisher\":{\"@id\":\"https:\\\/\\\/www.elspagesos.com\\\/es\\\/#organization\"}}]}\n\t\t<\/script>\n\t\t<!-- All in One SEO -->\n\n","aioseo_head_json":{"title":"THE SEIHOS + HANS LAGUNA - Els pagesos","description":"The Seihos no es un grupo novel. Hace m\u00e1s de diez a\u00f1os que ensayan y crean sus canciones, pero ahora empiezan a hacerse un hueco en el panorama musical. Su bajista, Mart\u00ed Maym\u00f3, est\u00e1 saboreando el \u00e9xito con su otra formaci\u00f3n, Manel, pero dice que no se plantea abandonar a The Seihos, y es que","canonical_url":"https:\/\/www.elspagesos.com\/es\/agenda\/the-seihos-hans-laguna\/","robots":"max-image-preview:large","keywords":"","webmasterTools":{"miscellaneous":""},"schema":{"@context":"https:\/\/schema.org","@graph":[{"@type":"BreadcrumbList","@id":"https:\/\/www.elspagesos.com\/es\/agenda\/the-seihos-hans-laguna\/#breadcrumblist","itemListElement":[{"@type":"ListItem","@id":"https:\/\/www.elspagesos.com\/es\/#listItem","position":1,"name":"Inicio","item":"https:\/\/www.elspagesos.com\/es\/","nextItem":{"@type":"ListItem","@id":"https:\/\/www.elspagesos.com\/es\/agenda\/#listItem","name":"Agenda"}},{"@type":"ListItem","@id":"https:\/\/www.elspagesos.com\/es\/agenda\/#listItem","position":2,"name":"Agenda","item":"https:\/\/www.elspagesos.com\/es\/agenda\/","nextItem":{"@type":"ListItem","@id":"https:\/\/www.elspagesos.com\/es\/agenda\/the-seihos-hans-laguna\/#listItem","name":"THE SEIHOS + HANS LAGUNA"},"previousItem":{"@type":"ListItem","@id":"https:\/\/www.elspagesos.com\/es\/#listItem","name":"Inicio"}},{"@type":"ListItem","@id":"https:\/\/www.elspagesos.com\/es\/agenda\/the-seihos-hans-laguna\/#listItem","position":3,"name":"THE SEIHOS + HANS LAGUNA","previousItem":{"@type":"ListItem","@id":"https:\/\/www.elspagesos.com\/es\/agenda\/#listItem","name":"Agenda"}}]},{"@type":"Organization","@id":"https:\/\/www.elspagesos.com\/es\/#organization","name":"pagesos","url":"https:\/\/www.elspagesos.com\/es\/"},{"@type":"WebPage","@id":"https:\/\/www.elspagesos.com\/es\/agenda\/the-seihos-hans-laguna\/#webpage","url":"https:\/\/www.elspagesos.com\/es\/agenda\/the-seihos-hans-laguna\/","name":"THE SEIHOS + HANS LAGUNA - Els pagesos","description":"The Seihos no es un grupo novel. Hace m\u00e1s de diez a\u00f1os que ensayan y crean sus canciones, pero ahora empiezan a hacerse un hueco en el panorama musical. Su bajista, Mart\u00ed Maym\u00f3, est\u00e1 saboreando el \u00e9xito con su otra formaci\u00f3n, Manel, pero dice que no se plantea abandonar a The Seihos, y es que","inLanguage":"es-ES","isPartOf":{"@id":"https:\/\/www.elspagesos.com\/es\/#website"},"breadcrumb":{"@id":"https:\/\/www.elspagesos.com\/es\/agenda\/the-seihos-hans-laguna\/#breadcrumblist"},"image":{"@type":"ImageObject","url":"https:\/\/www.elspagesos.com\/wp-content\/uploads\/2023\/10\/flyer_89.jpg","@id":"https:\/\/www.elspagesos.com\/es\/agenda\/the-seihos-hans-laguna\/#mainImage","width":550,"height":275},"primaryImageOfPage":{"@id":"https:\/\/www.elspagesos.com\/es\/agenda\/the-seihos-hans-laguna\/#mainImage"},"datePublished":"2023-10-09T17:05:44+02:00","dateModified":"2023-10-09T17:05:53+02:00"},{"@type":"WebSite","@id":"https:\/\/www.elspagesos.com\/es\/#website","url":"https:\/\/www.elspagesos.com\/es\/","name":"pagesos","inLanguage":"es-ES","publisher":{"@id":"https:\/\/www.elspagesos.com\/es\/#organization"}}]},"og:locale":"es_ES","og:site_name":"Els pagesos -","og:type":"article","og:title":"THE SEIHOS + HANS LAGUNA - Els pagesos","og:description":"The Seihos no es un grupo novel. Hace m\u00e1s de diez a\u00f1os que ensayan y crean sus canciones, pero ahora empiezan a hacerse un hueco en el panorama musical. Su bajista, Mart\u00ed Maym\u00f3, est\u00e1 saboreando el \u00e9xito con su otra formaci\u00f3n, Manel, pero dice que no se plantea abandonar a The Seihos, y es que","og:url":"https:\/\/www.elspagesos.com\/es\/agenda\/the-seihos-hans-laguna\/","article:published_time":"2023-10-09T15:05:44+00:00","article:modified_time":"2023-10-09T15:05:53+00:00","twitter:card":"summary_large_image","twitter:title":"THE SEIHOS + HANS LAGUNA - Els pagesos","twitter:description":"The Seihos no es un grupo novel. Hace m\u00e1s de diez a\u00f1os que ensayan y crean sus canciones, pero ahora empiezan a hacerse un hueco en el panorama musical. Su bajista, Mart\u00ed Maym\u00f3, est\u00e1 saboreando el \u00e9xito con su otra formaci\u00f3n, Manel, pero dice que no se plantea abandonar a The Seihos, y es que"},"aioseo_meta_data":{"post_id":"5121","title":null,"description":null,"keywords":null,"keyphrases":null,"primary_term":null,"canonical_url":null,"og_title":null,"og_description":null,"og_object_type":"default","og_image_type":"default","og_image_url":null,"og_image_width":null,"og_image_height":null,"og_image_custom_url":null,"og_image_custom_fields":null,"og_video":null,"og_custom_url":null,"og_article_section":null,"og_article_tags":null,"twitter_use_og":false,"twitter_card":"default","twitter_image_type":"default","twitter_image_url":null,"twitter_image_custom_url":null,"twitter_image_custom_fields":null,"twitter_title":null,"twitter_description":null,"schema":{"blockGraphs":[],"customGraphs":[],"default":{"data":{"Article":[],"Course":[],"Dataset":[],"FAQPage":[],"Movie":[],"Person":[],"Product":[],"ProductReview":[],"Car":[],"Recipe":[],"Service":[],"SoftwareApplication":[],"WebPage":[]},"graphName":"","isEnabled":true},"graphs":[]},"schema_type":"default","schema_type_options":null,"pillar_content":false,"robots_default":true,"robots_noindex":false,"robots_noarchive":false,"robots_nosnippet":false,"robots_nofollow":false,"robots_noimageindex":false,"robots_noodp":false,"robots_notranslate":false,"robots_max_snippet":null,"robots_max_videopreview":null,"robots_max_imagepreview":"large","priority":null,"frequency":null,"local_seo":null,"breadcrumb_settings":null,"limit_modified_date":false,"ai":null,"created":"2023-10-09 12:43:05","updated":"2025-10-15 00:28:01","seo_analyzer_scan_date":null,"focus_keyword":null,"additional_keywords":null,"truseo_locale":null},"aioseo_breadcrumb":"<div class=\"aioseo-breadcrumbs\"><span class=\"aioseo-breadcrumb\">\n\t\t\t<a href=\"https:\/\/www.elspagesos.com\/es\/\" title=\"Inicio\">Inicio<\/a>\n\t\t<\/span><span class=\"aioseo-breadcrumb-separator\">\u00bb<\/span><span class=\"aioseo-breadcrumb\">\n\t\t\t<a href=\"https:\/\/www.elspagesos.com\/es\/agenda\/\" title=\"Agenda\">Agenda<\/a>\n\t\t<\/span><span class=\"aioseo-breadcrumb-separator\">\u00bb<\/span><span class=\"aioseo-breadcrumb\">\n\t\t\tTHE SEIHOS + HANS LAGUNA\n\t\t<\/span><\/div>","aioseo_breadcrumb_json":[{"label":"Inicio","link":"https:\/\/www.elspagesos.com\/es\/"},{"label":"Agenda","link":"https:\/\/www.elspagesos.com\/es\/agenda\/"},{"label":"THE SEIHOS + HANS LAGUNA","link":"https:\/\/www.elspagesos.com\/es\/agenda\/the-seihos-hans-laguna\/"}],"_links":{"self":[{"href":"https:\/\/www.elspagesos.com\/es\/wp-json\/wp\/v2\/event\/5121","targetHints":{"allow":["GET"]}}],"collection":[{"href":"https:\/\/www.elspagesos.com\/es\/wp-json\/wp\/v2\/event"}],"about":[{"href":"https:\/\/www.elspagesos.com\/es\/wp-json\/wp\/v2\/types\/event"}],"version-history":[{"count":1,"href":"https:\/\/www.elspagesos.com\/es\/wp-json\/wp\/v2\/event\/5121\/revisions"}],"predecessor-version":[{"id":5911,"href":"https:\/\/www.elspagesos.com\/es\/wp-json\/wp\/v2\/event\/5121\/revisions\/5911"}],"wp:featuredmedia":[{"embeddable":true,"href":"https:\/\/www.elspagesos.com\/es\/wp-json\/wp\/v2\/media\/2104"}],"wp:attachment":[{"href":"https:\/\/www.elspagesos.com\/es\/wp-json\/wp\/v2\/media?parent=5121"}],"curies":[{"name":"wp","href":"https:\/\/api.w.org\/{rel}","templated":true}]}}