{"id":11339,"date":"2026-09-03T18:52:07","date_gmt":"2026-09-03T16:52:07","guid":{"rendered":"https:\/\/www.elspagesos.com\/?post_type=event&#038;p=11339"},"modified":"2026-09-03T18:54:16","modified_gmt":"2026-09-03T16:54:16","slug":"prostibulo-poetico","status":"publish","type":"event","link":"https:\/\/www.elspagesos.com\/es\/agenda\/prostibulo-poetico\/","title":{"rendered":"PROST\u00cdBULO PO\u00c9TICO"},"content":{"rendered":"\t\t<div data-elementor-type=\"wp-post\" data-elementor-id=\"11339\" class=\"elementor elementor-11339\" data-elementor-post-type=\"event\">\n\t\t\t\t<div class=\"elementor-element elementor-element-2a04679 e-flex e-con-boxed e-con e-parent\" data-id=\"2a04679\" data-element_type=\"container\" data-e-type=\"container\">\r\n\t\t\t\t\t<div class=\"e-con-inner\">\r\n\t\t<div class=\"elementor-element elementor-element-7132cda e-con-full e-flex e-con e-child\" data-id=\"7132cda\" data-element_type=\"container\" data-e-type=\"container\">\r\n\t\t\t\t<div class=\"elementor-element elementor-element-1577220 elementor-widget elementor-widget-image\" data-id=\"1577220\" data-element_type=\"widget\" data-e-type=\"widget\" data-widget_type=\"image.default\">\n\t\t\t\t<div class=\"elementor-widget-container\">\n\t\t\t\t\t\t\t\t\t\t\t\t\t\t\t<img fetchpriority=\"high\" decoding=\"async\" width=\"724\" height=\"1024\" src=\"https:\/\/www.elspagesos.com\/wp-content\/uploads\/2026\/08\/2026-prostibulo-A3-BLUR-ok-WEB-724x1024.jpg\" class=\"attachment-large size-large wp-image-11371\" alt=\"\" srcset=\"https:\/\/www.elspagesos.com\/wp-content\/uploads\/2026\/08\/2026-prostibulo-A3-BLUR-ok-WEB-724x1024.jpg 724w, https:\/\/www.elspagesos.com\/wp-content\/uploads\/2026\/08\/2026-prostibulo-A3-BLUR-ok-WEB-640x905.jpg 640w, https:\/\/www.elspagesos.com\/wp-content\/uploads\/2026\/08\/2026-prostibulo-A3-BLUR-ok-WEB-400x565.jpg 400w\" sizes=\"(max-width: 724px) 100vw, 724px\" \/>\t\t\t\t\t\t\t\t\t\t\t\t\t\t\t<\/div>\n\t\t\t\t<\/div>\n\t\t\t\t<\/div>\n\t\t<div class=\"elementor-element elementor-element-f1eb495 e-con-full e-flex e-con e-child\" data-id=\"f1eb495\" data-element_type=\"container\" data-e-type=\"container\">\r\n\t\t\t\t<div class=\"elementor-element elementor-element-ff5435d elementor-widget elementor-widget-text-editor\" data-id=\"ff5435d\" data-element_type=\"widget\" data-e-type=\"widget\" data-widget_type=\"text-editor.default\">\n\t\t\t\t<div class=\"elementor-widget-container\">\n\t\t\t\t\t\t\t\t\t<p>El <strong>Prost\u00edbul Po\u00e8tic<\/strong> arriba a Els Pagesos per convertir-lo en un cabaret literari on la poesia se xiuxiueja a cau d\u2019orella, es juga, es provoca i es gaudeix de ben a prop.<\/p><p>Una tarda de poesia, desig, irrever\u00e8ncia i paraules que potser no haurien de dir-se en veu alta.<\/p><p>Benvingudes al Prost\u00edbul Po\u00e8tic. Entreu, la Madame ja us espera.<\/p>\t\t\t\t\t\t\t\t<\/div>\n\t\t\t\t<\/div>\n\t\t\t\t<\/div>\n\t\t<div class=\"elementor-element elementor-element-ad81525 e-con-full e-flex e-con e-child\" data-id=\"ad81525\" data-element_type=\"container\" data-e-type=\"container\">\r\n\t\t\t\t<div class=\"elementor-element elementor-element-c913c68 elementor-widget elementor-widget-video\" data-id=\"c913c68\" data-element_type=\"widget\" data-e-type=\"widget\" data-settings=\"{&quot;youtube_url&quot;:&quot;https:\\\/\\\/www.youtube.com\\\/watch?v=0WkLisPbTh0&quot;,&quot;video_type&quot;:&quot;youtube&quot;,&quot;controls&quot;:&quot;yes&quot;}\" data-widget_type=\"video.default\">\n\t\t\t\t<div class=\"elementor-widget-container\">\n\t\t\t\t\t\t\t<div class=\"elementor-wrapper elementor-open-inline\">\n\t\t\t<div class=\"elementor-video\"><\/div>\t\t<\/div>\n\t\t\t\t\t\t<\/div>\n\t\t\t\t<\/div>\n\t\t\t\t<\/div>\n\t\t\t\t\t<\/div>\n\t\t\t\t<\/div>\n\t\t\t\t<\/div>\n\t\t","protected":false},"excerpt":{"rendered":"<p>El Prost\u00edbul Po\u00e8tic arriba a Els Pagesos per convertir-lo en un cabaret literari on la poesia se xiuxiueja a cau d\u2019orella, es juga, es provoca i es gaudeix de ben a prop. Una tarda de poesia, desig, irrever\u00e8ncia i paraules que potser no haurien de dir-se en veu alta. Benvingudes al Prost\u00edbul Po\u00e8tic. Entreu, la [&hellip;]<\/p>\n","protected":false},"featured_media":11371,"menu_order":0,"template":"","class_list":["post-11339","event","type-event","status-publish","has-post-thumbnail","hentry"],"aioseo_notices":[],"aioseo_head":"\n\t\t<!-- All in One SEO 5.0.0.1 - aioseo.com -->\n\t<meta name=\"description\" content=\"El Prost\u00edbul Po\u00e8tic arriba a Els Pagesos per convertir-lo en un cabaret literari on la poesia se xiuxiueja a cau d\u2019orella, es juga, es provoca i es gaudeix de ben a prop.Una tarda de poesia, desig, irrever\u00e8ncia i paraules que potser no haurien de dir-se en veu alta.Benvingudes al Prost\u00edbul Po\u00e8tic. Entreu, la Madame ja\" \/>\n\t<meta name=\"robots\" content=\"max-image-preview:large\" \/>\n\t<link rel=\"canonical\" href=\"https:\/\/www.elspagesos.com\/es\/agenda\/prostibulo-poetico\/\" \/>\n\t<meta name=\"generator\" content=\"All in One SEO (AIOSEO) 5.0.0.1\" \/>\n\t\t<meta property=\"og:locale\" content=\"es_ES\" \/>\n\t\t<meta property=\"og:site_name\" content=\"Els pagesos -\" \/>\n\t\t<meta property=\"og:type\" content=\"article\" \/>\n\t\t<meta property=\"og:title\" content=\"PROST\u00cdBULO PO\u00c9TICO - Els pagesos\" \/>\n\t\t<meta property=\"og:description\" content=\"El Prost\u00edbul Po\u00e8tic arriba a Els Pagesos per convertir-lo en un cabaret literari on la poesia se xiuxiueja a cau d\u2019orella, es juga, es provoca i es gaudeix de ben a prop.Una tarda de poesia, desig, irrever\u00e8ncia i paraules que potser no haurien de dir-se en veu alta.Benvingudes al Prost\u00edbul Po\u00e8tic. Entreu, la Madame ja\" \/>\n\t\t<meta property=\"og:url\" content=\"https:\/\/www.elspagesos.com\/es\/agenda\/prostibulo-poetico\/\" \/>\n\t\t<meta property=\"article:published_time\" content=\"2026-09-03T16:52:07+00:00\" \/>\n\t\t<meta property=\"article:modified_time\" content=\"2026-09-03T16:54:16+00:00\" \/>\n\t\t<meta name=\"twitter:card\" content=\"summary_large_image\" \/>\n\t\t<meta name=\"twitter:title\" content=\"PROST\u00cdBULO PO\u00c9TICO - Els pagesos\" \/>\n\t\t<meta name=\"twitter:description\" content=\"El Prost\u00edbul Po\u00e8tic arriba a Els Pagesos per convertir-lo en un cabaret literari on la poesia se xiuxiueja a cau d\u2019orella, es juga, es provoca i es gaudeix de ben a prop.Una tarda de poesia, desig, irrever\u00e8ncia i paraules que potser no haurien de dir-se en veu alta.Benvingudes al Prost\u00edbul Po\u00e8tic. Entreu, la Madame ja\" \/>\n\t\t<script type=\"application\/ld+json\" class=\"aioseo-schema\">\n\t\t\t{\"@context\":\"https:\\\/\\\/schema.org\",\"@graph\":[{\"@type\":\"BreadcrumbList\",\"@id\":\"https:\\\/\\\/www.elspagesos.com\\\/es\\\/agenda\\\/prostibulo-poetico\\\/#breadcrumblist\",\"itemListElement\":[{\"@type\":\"ListItem\",\"@id\":\"https:\\\/\\\/www.elspagesos.com\\\/es\\\/#listItem\",\"position\":1,\"name\":\"Inicio\",\"item\":\"https:\\\/\\\/www.elspagesos.com\\\/es\\\/\",\"nextItem\":{\"@type\":\"ListItem\",\"@id\":\"https:\\\/\\\/www.elspagesos.com\\\/es\\\/agenda\\\/#listItem\",\"name\":\"Agenda\"}},{\"@type\":\"ListItem\",\"@id\":\"https:\\\/\\\/www.elspagesos.com\\\/es\\\/agenda\\\/#listItem\",\"position\":2,\"name\":\"Agenda\",\"item\":\"https:\\\/\\\/www.elspagesos.com\\\/es\\\/agenda\\\/\",\"nextItem\":{\"@type\":\"ListItem\",\"@id\":\"https:\\\/\\\/www.elspagesos.com\\\/es\\\/agenda\\\/prostibulo-poetico\\\/#listItem\",\"name\":\"PROST\\u00cdBULO PO\\u00c9TICO\"},\"previousItem\":{\"@type\":\"ListItem\",\"@id\":\"https:\\\/\\\/www.elspagesos.com\\\/es\\\/#listItem\",\"name\":\"Inicio\"}},{\"@type\":\"ListItem\",\"@id\":\"https:\\\/\\\/www.elspagesos.com\\\/es\\\/agenda\\\/prostibulo-poetico\\\/#listItem\",\"position\":3,\"name\":\"PROST\\u00cdBULO PO\\u00c9TICO\",\"previousItem\":{\"@type\":\"ListItem\",\"@id\":\"https:\\\/\\\/www.elspagesos.com\\\/es\\\/agenda\\\/#listItem\",\"name\":\"Agenda\"}}]},{\"@type\":\"Organization\",\"@id\":\"https:\\\/\\\/www.elspagesos.com\\\/es\\\/#organization\",\"name\":\"pagesos\",\"url\":\"https:\\\/\\\/www.elspagesos.com\\\/es\\\/\"},{\"@type\":\"WebPage\",\"@id\":\"https:\\\/\\\/www.elspagesos.com\\\/es\\\/agenda\\\/prostibulo-poetico\\\/#webpage\",\"url\":\"https:\\\/\\\/www.elspagesos.com\\\/es\\\/agenda\\\/prostibulo-poetico\\\/\",\"name\":\"PROST\\u00cdBULO PO\\u00c9TICO - Els pagesos\",\"description\":\"El Prost\\u00edbul Po\\u00e8tic arriba a Els Pagesos per convertir-lo en un cabaret literari on la poesia se xiuxiueja a cau d\\u2019orella, es juga, es provoca i es gaudeix de ben a prop.Una tarda de poesia, desig, irrever\\u00e8ncia i paraules que potser no haurien de dir-se en veu alta.Benvingudes al Prost\\u00edbul Po\\u00e8tic. Entreu, la Madame ja\",\"inLanguage\":\"es-ES\",\"isPartOf\":{\"@id\":\"https:\\\/\\\/www.elspagesos.com\\\/es\\\/#website\"},\"breadcrumb\":{\"@id\":\"https:\\\/\\\/www.elspagesos.com\\\/es\\\/agenda\\\/prostibulo-poetico\\\/#breadcrumblist\"},\"image\":{\"@type\":\"ImageObject\",\"url\":\"https:\\\/\\\/www.elspagesos.com\\\/wp-content\\\/uploads\\\/2026\\\/08\\\/2026-prostibulo-A3-BLUR-ok-WEB.jpg\",\"@id\":\"https:\\\/\\\/www.elspagesos.com\\\/es\\\/agenda\\\/prostibulo-poetico\\\/#mainImage\",\"width\":1755,\"height\":2481},\"primaryImageOfPage\":{\"@id\":\"https:\\\/\\\/www.elspagesos.com\\\/es\\\/agenda\\\/prostibulo-poetico\\\/#mainImage\"},\"datePublished\":\"2026-09-03T18:52:07+02:00\",\"dateModified\":\"2026-09-03T18:54:16+02:00\"},{\"@type\":\"WebSite\",\"@id\":\"https:\\\/\\\/www.elspagesos.com\\\/es\\\/#website\",\"url\":\"https:\\\/\\\/www.elspagesos.com\\\/es\\\/\",\"name\":\"pagesos\",\"inLanguage\":\"es-ES\",\"publisher\":{\"@id\":\"https:\\\/\\\/www.elspagesos.com\\\/es\\\/#organization\"}}]}\n\t\t<\/script>\n\t\t<!-- All in One SEO -->\n\n","aioseo_head_json":{"title":"PROST\u00cdBULO PO\u00c9TICO - Els pagesos","description":"El Prost\u00edbul Po\u00e8tic arriba a Els Pagesos per convertir-lo en un cabaret literari on la poesia se xiuxiueja a cau d\u2019orella, es juga, es provoca i es gaudeix de ben a prop.Una tarda de poesia, desig, irrever\u00e8ncia i paraules que potser no haurien de dir-se en veu alta.Benvingudes al Prost\u00edbul Po\u00e8tic. Entreu, la Madame ja","canonical_url":"https:\/\/www.elspagesos.com\/es\/agenda\/prostibulo-poetico\/","robots":"max-image-preview:large","keywords":"","webmasterTools":{"miscellaneous":""},"schema":{"@context":"https:\/\/schema.org","@graph":[{"@type":"BreadcrumbList","@id":"https:\/\/www.elspagesos.com\/es\/agenda\/prostibulo-poetico\/#breadcrumblist","itemListElement":[{"@type":"ListItem","@id":"https:\/\/www.elspagesos.com\/es\/#listItem","position":1,"name":"Inicio","item":"https:\/\/www.elspagesos.com\/es\/","nextItem":{"@type":"ListItem","@id":"https:\/\/www.elspagesos.com\/es\/agenda\/#listItem","name":"Agenda"}},{"@type":"ListItem","@id":"https:\/\/www.elspagesos.com\/es\/agenda\/#listItem","position":2,"name":"Agenda","item":"https:\/\/www.elspagesos.com\/es\/agenda\/","nextItem":{"@type":"ListItem","@id":"https:\/\/www.elspagesos.com\/es\/agenda\/prostibulo-poetico\/#listItem","name":"PROST\u00cdBULO PO\u00c9TICO"},"previousItem":{"@type":"ListItem","@id":"https:\/\/www.elspagesos.com\/es\/#listItem","name":"Inicio"}},{"@type":"ListItem","@id":"https:\/\/www.elspagesos.com\/es\/agenda\/prostibulo-poetico\/#listItem","position":3,"name":"PROST\u00cdBULO PO\u00c9TICO","previousItem":{"@type":"ListItem","@id":"https:\/\/www.elspagesos.com\/es\/agenda\/#listItem","name":"Agenda"}}]},{"@type":"Organization","@id":"https:\/\/www.elspagesos.com\/es\/#organization","name":"pagesos","url":"https:\/\/www.elspagesos.com\/es\/"},{"@type":"WebPage","@id":"https:\/\/www.elspagesos.com\/es\/agenda\/prostibulo-poetico\/#webpage","url":"https:\/\/www.elspagesos.com\/es\/agenda\/prostibulo-poetico\/","name":"PROST\u00cdBULO PO\u00c9TICO - Els pagesos","description":"El Prost\u00edbul Po\u00e8tic arriba a Els Pagesos per convertir-lo en un cabaret literari on la poesia se xiuxiueja a cau d\u2019orella, es juga, es provoca i es gaudeix de ben a prop.Una tarda de poesia, desig, irrever\u00e8ncia i paraules que potser no haurien de dir-se en veu alta.Benvingudes al Prost\u00edbul Po\u00e8tic. Entreu, la Madame ja","inLanguage":"es-ES","isPartOf":{"@id":"https:\/\/www.elspagesos.com\/es\/#website"},"breadcrumb":{"@id":"https:\/\/www.elspagesos.com\/es\/agenda\/prostibulo-poetico\/#breadcrumblist"},"image":{"@type":"ImageObject","url":"https:\/\/www.elspagesos.com\/wp-content\/uploads\/2026\/08\/2026-prostibulo-A3-BLUR-ok-WEB.jpg","@id":"https:\/\/www.elspagesos.com\/es\/agenda\/prostibulo-poetico\/#mainImage","width":1755,"height":2481},"primaryImageOfPage":{"@id":"https:\/\/www.elspagesos.com\/es\/agenda\/prostibulo-poetico\/#mainImage"},"datePublished":"2026-09-03T18:52:07+02:00","dateModified":"2026-09-03T18:54:16+02:00"},{"@type":"WebSite","@id":"https:\/\/www.elspagesos.com\/es\/#website","url":"https:\/\/www.elspagesos.com\/es\/","name":"pagesos","inLanguage":"es-ES","publisher":{"@id":"https:\/\/www.elspagesos.com\/es\/#organization"}}]},"og:locale":"es_ES","og:site_name":"Els pagesos -","og:type":"article","og:title":"PROST\u00cdBULO PO\u00c9TICO - Els pagesos","og:description":"El Prost\u00edbul Po\u00e8tic arriba a Els Pagesos per convertir-lo en un cabaret literari on la poesia se xiuxiueja a cau d\u2019orella, es juga, es provoca i es gaudeix de ben a prop.Una tarda de poesia, desig, irrever\u00e8ncia i paraules que potser no haurien de dir-se en veu alta.Benvingudes al Prost\u00edbul Po\u00e8tic. Entreu, la Madame ja","og:url":"https:\/\/www.elspagesos.com\/es\/agenda\/prostibulo-poetico\/","article:published_time":"2026-09-03T16:52:07+00:00","article:modified_time":"2026-09-03T16:54:16+00:00","twitter:card":"summary_large_image","twitter:title":"PROST\u00cdBULO PO\u00c9TICO - Els pagesos","twitter:description":"El Prost\u00edbul Po\u00e8tic arriba a Els Pagesos per convertir-lo en un cabaret literari on la poesia se xiuxiueja a cau d\u2019orella, es juga, es provoca i es gaudeix de ben a prop.Una tarda de poesia, desig, irrever\u00e8ncia i paraules que potser no haurien de dir-se en veu alta.Benvingudes al Prost\u00edbul Po\u00e8tic. Entreu, la Madame ja"},"aioseo_meta_data":{"post_id":"11339","title":null,"description":null,"keywords":null,"keyphrases":{"focus":{"keyphrase":"","score":0,"analysis":{"keyphraseInTitle":{"score":0,"maxScore":9,"error":1}}},"additional":[]},"primary_term":null,"canonical_url":null,"og_title":null,"og_description":null,"og_object_type":"default","og_image_type":"default","og_image_url":null,"og_image_width":null,"og_image_height":null,"og_image_custom_url":null,"og_image_custom_fields":null,"og_video":"","og_custom_url":null,"og_article_section":null,"og_article_tags":null,"twitter_use_og":false,"twitter_card":"default","twitter_image_type":"default","twitter_image_url":null,"twitter_image_custom_url":null,"twitter_image_custom_fields":null,"twitter_title":null,"twitter_description":null,"schema":{"blockGraphs":[],"customGraphs":[],"default":{"data":{"Article":[],"Course":[],"Dataset":[],"FAQPage":[],"Movie":[],"Person":[],"Product":[],"ProductReview":[],"Car":[],"Recipe":[],"Service":[],"SoftwareApplication":[],"WebPage":[]},"graphName":"WebPage","isEnabled":true},"graphs":[]},"schema_type":"default","schema_type_options":null,"pillar_content":false,"robots_default":true,"robots_noindex":false,"robots_noarchive":false,"robots_nosnippet":false,"robots_nofollow":false,"robots_noimageindex":false,"robots_noodp":false,"robots_notranslate":false,"robots_max_snippet":"-1","robots_max_videopreview":"-1","robots_max_imagepreview":"large","priority":null,"frequency":"default","local_seo":null,"breadcrumb_settings":null,"limit_modified_date":false,"ai":{"faqs":[],"keyPoints":[],"schemas":[],"titles":[],"descriptions":[],"socialPosts":{"email":{"subject":"","preview":"","content":""},"linkedin":[],"twitter":[],"facebook":[],"instagram":[]}},"created":"2026-08-27 00:20:44","updated":"2026-09-03 16:52:16","seo_analyzer_scan_date":null,"focus_keyword":null,"additional_keywords":null,"truseo_locale":null},"aioseo_breadcrumb":"<div class=\"aioseo-breadcrumbs\"><span class=\"aioseo-breadcrumb\">\n\t\t\t<a href=\"https:\/\/www.elspagesos.com\/es\/\" title=\"Inicio\">Inicio<\/a>\n\t\t<\/span><span class=\"aioseo-breadcrumb-separator\">\u00bb<\/span><span class=\"aioseo-breadcrumb\">\n\t\t\t<a href=\"https:\/\/www.elspagesos.com\/es\/agenda\/\" title=\"Agenda\">Agenda<\/a>\n\t\t<\/span><span class=\"aioseo-breadcrumb-separator\">\u00bb<\/span><span class=\"aioseo-breadcrumb\">\n\t\t\tPROST\u00cdBULO PO\u00c9TICO\n\t\t<\/span><\/div>","aioseo_breadcrumb_json":[{"label":"Inicio","link":"https:\/\/www.elspagesos.com\/es\/"},{"label":"Agenda","link":"https:\/\/www.elspagesos.com\/es\/agenda\/"},{"label":"PROST\u00cdBULO PO\u00c9TICO","link":"https:\/\/www.elspagesos.com\/es\/agenda\/prostibulo-poetico\/"}],"_links":{"self":[{"href":"https:\/\/www.elspagesos.com\/es\/wp-json\/wp\/v2\/event\/11339","targetHints":{"allow":["GET"]}}],"collection":[{"href":"https:\/\/www.elspagesos.com\/es\/wp-json\/wp\/v2\/event"}],"about":[{"href":"https:\/\/www.elspagesos.com\/es\/wp-json\/wp\/v2\/types\/event"}],"version-history":[{"count":5,"href":"https:\/\/www.elspagesos.com\/es\/wp-json\/wp\/v2\/event\/11339\/revisions"}],"predecessor-version":[{"id":11378,"href":"https:\/\/www.elspagesos.com\/es\/wp-json\/wp\/v2\/event\/11339\/revisions\/11378"}],"wp:featuredmedia":[{"embeddable":true,"href":"https:\/\/www.elspagesos.com\/es\/wp-json\/wp\/v2\/media\/11371"}],"wp:attachment":[{"href":"https:\/\/www.elspagesos.com\/es\/wp-json\/wp\/v2\/media?parent=11339"}],"curies":[{"name":"wp","href":"https:\/\/api.w.org\/{rel}","templated":true}]}}