{"id":11105,"date":"2026-03-12T12:24:06","date_gmt":"2026-03-12T11:24:06","guid":{"rendered":"https:\/\/www.elspagesos.com\/?post_type=event&#038;p=11105"},"modified":"2026-03-12T12:31:36","modified_gmt":"2026-03-12T11:31:36","slug":"el-nino-lord-cah","status":"publish","type":"event","link":"https:\/\/www.elspagesos.com\/es\/agenda\/el-nino-lord-cah\/","title":{"rendered":"EL NI\u00d1O LORD.CAH"},"content":{"rendered":"\t\t<div data-elementor-type=\"wp-post\" data-elementor-id=\"11105\" class=\"elementor elementor-11105\" data-elementor-post-type=\"event\">\n\t\t\t\t<div class=\"elementor-element elementor-element-2a04679 e-flex e-con-boxed e-con e-parent\" data-id=\"2a04679\" data-element_type=\"container\" data-e-type=\"container\">\r\n\t\t\t\t\t<div class=\"e-con-inner\">\r\n\t\t<div class=\"elementor-element elementor-element-7132cda e-con-full e-flex e-con e-child\" data-id=\"7132cda\" data-element_type=\"container\" data-e-type=\"container\">\r\n\t\t\t\t<div class=\"elementor-element elementor-element-1577220 elementor-widget elementor-widget-image\" data-id=\"1577220\" data-element_type=\"widget\" data-e-type=\"widget\" data-widget_type=\"image.default\">\n\t\t\t\t<div class=\"elementor-widget-container\">\n\t\t\t\t\t\t\t\t\t\t\t\t\t\t\t<img fetchpriority=\"high\" decoding=\"async\" width=\"724\" height=\"1024\" src=\"https:\/\/www.elspagesos.com\/wp-content\/uploads\/2026\/03\/NINO-LORCAH-V3-WEB-724x1024.jpg\" class=\"attachment-large size-large wp-image-11114\" alt=\"\" srcset=\"https:\/\/www.elspagesos.com\/wp-content\/uploads\/2026\/03\/NINO-LORCAH-V3-WEB-724x1024.jpg 724w, https:\/\/www.elspagesos.com\/wp-content\/uploads\/2026\/03\/NINO-LORCAH-V3-WEB-640x905.jpg 640w, https:\/\/www.elspagesos.com\/wp-content\/uploads\/2026\/03\/NINO-LORCAH-V3-WEB-400x566.jpg 400w\" sizes=\"(max-width: 724px) 100vw, 724px\" \/>\t\t\t\t\t\t\t\t\t\t\t\t\t\t\t<\/div>\n\t\t\t\t<\/div>\n\t\t\t\t<\/div>\n\t\t<div class=\"elementor-element elementor-element-f1eb495 e-con-full e-flex e-con e-child\" data-id=\"f1eb495\" data-element_type=\"container\" data-e-type=\"container\">\r\n\t\t\t\t<div class=\"elementor-element elementor-element-ff5435d elementor-widget elementor-widget-text-editor\" data-id=\"ff5435d\" data-element_type=\"widget\" data-e-type=\"widget\" data-widget_type=\"text-editor.default\">\n\t\t\t\t<div class=\"elementor-widget-container\">\n\t\t\t\t\t\t\t\t\t<p>El Ni\u00f1o Lord.Cah no \u00e9s nom\u00e9s m\u00fasica: \u00e9s una experi\u00e8ncia. El seu projecte trenca les fronteres entre l\u2019urb\u00e0 i el folkl\u00f2ric, barrejant l\u2019ess\u00e8ncia del carrer amb ritmes ancestrals en un so fresc, visceral i aut\u00e8ntic.<\/p><p>Amb una veu intensa, lletres irreverents i un directe carregat d\u2019energia, els seus concerts es viuen com un ritual: m\u00fasica, emoci\u00f3 i arrels que bateguen al mateix ritme.<\/p><p>No \u00e9s nom\u00e9s un concert. \u00c9s una experi\u00e8ncia que s\u2019ha de viure.<\/p><p><br \/>Aquest concert forma part del programa GPS16 i est\u00e0 finan\u00e7at per l&#8217;INAEM.<\/p>\t\t\t\t\t\t\t\t<\/div>\n\t\t\t\t<\/div>\n\t\t\t\t<\/div>\n\t\t<div class=\"elementor-element elementor-element-ad81525 e-con-full e-flex e-con e-child\" data-id=\"ad81525\" data-element_type=\"container\" data-e-type=\"container\">\r\n\t\t\t\t<div class=\"elementor-element elementor-element-c913c68 elementor-widget elementor-widget-video\" data-id=\"c913c68\" data-element_type=\"widget\" data-e-type=\"widget\" data-settings=\"{&quot;youtube_url&quot;:&quot;https:\\\/\\\/www.youtube.com\\\/watch?v=1ZJCptNrL_o&quot;,&quot;video_type&quot;:&quot;youtube&quot;,&quot;controls&quot;:&quot;yes&quot;}\" data-widget_type=\"video.default\">\n\t\t\t\t<div class=\"elementor-widget-container\">\n\t\t\t\t\t\t\t<div class=\"elementor-wrapper elementor-open-inline\">\n\t\t\t<div class=\"elementor-video\"><\/div>\t\t<\/div>\n\t\t\t\t\t\t<\/div>\n\t\t\t\t<\/div>\n\t\t\t\t<\/div>\n\t\t\t\t\t<\/div>\n\t\t\t\t<\/div>\n\t\t\t\t<\/div>\n\t\t","protected":false},"excerpt":{"rendered":"<p>El Ni\u00f1o Lord.Cah no \u00e9s nom\u00e9s m\u00fasica: \u00e9s una experi\u00e8ncia. El seu projecte trenca les fronteres entre l\u2019urb\u00e0 i el folkl\u00f2ric, barrejant l\u2019ess\u00e8ncia del carrer amb ritmes ancestrals en un so fresc, visceral i aut\u00e8ntic. Amb una veu intensa, lletres irreverents i un directe carregat d\u2019energia, els seus concerts es viuen com un ritual: m\u00fasica, [&hellip;]<\/p>\n","protected":false},"featured_media":11114,"menu_order":0,"template":"","class_list":["post-11105","event","type-event","status-publish","has-post-thumbnail","hentry"],"aioseo_notices":[],"_links":{"self":[{"href":"https:\/\/www.elspagesos.com\/es\/wp-json\/wp\/v2\/event\/11105","targetHints":{"allow":["GET"]}}],"collection":[{"href":"https:\/\/www.elspagesos.com\/es\/wp-json\/wp\/v2\/event"}],"about":[{"href":"https:\/\/www.elspagesos.com\/es\/wp-json\/wp\/v2\/types\/event"}],"version-history":[{"count":4,"href":"https:\/\/www.elspagesos.com\/es\/wp-json\/wp\/v2\/event\/11105\/revisions"}],"predecessor-version":[{"id":11120,"href":"https:\/\/www.elspagesos.com\/es\/wp-json\/wp\/v2\/event\/11105\/revisions\/11120"}],"wp:featuredmedia":[{"embeddable":true,"href":"https:\/\/www.elspagesos.com\/es\/wp-json\/wp\/v2\/media\/11114"}],"wp:attachment":[{"href":"https:\/\/www.elspagesos.com\/es\/wp-json\/wp\/v2\/media?parent=11105"}],"curies":[{"name":"wp","href":"https:\/\/api.w.org\/{rel}","templated":true}]}}