{"id":11099,"date":"2026-03-12T12:13:36","date_gmt":"2026-03-12T11:13:36","guid":{"rendered":"https:\/\/www.elspagesos.com\/?post_type=event&#038;p=11099"},"modified":"2026-03-12T12:16:03","modified_gmt":"2026-03-12T11:16:03","slug":"sp-2026-laura-garriga","status":"publish","type":"event","link":"https:\/\/www.elspagesos.com\/es\/agenda\/sp-2026-laura-garriga\/","title":{"rendered":"SP 2026: LAURA GARRIGA"},"content":{"rendered":"\t\t<div data-elementor-type=\"wp-post\" data-elementor-id=\"11099\" class=\"elementor elementor-11099\" data-elementor-post-type=\"event\">\n\t\t\t\t<div class=\"elementor-element elementor-element-2a04679 e-flex e-con-boxed e-con e-parent\" data-id=\"2a04679\" data-element_type=\"container\" data-e-type=\"container\">\r\n\t\t\t\t\t<div class=\"e-con-inner\">\r\n\t\t<div class=\"elementor-element elementor-element-7132cda e-con-full e-flex e-con e-child\" data-id=\"7132cda\" data-element_type=\"container\" data-e-type=\"container\">\r\n\t\t\t\t<div class=\"elementor-element elementor-element-1577220 elementor-widget elementor-widget-image\" data-id=\"1577220\" data-element_type=\"widget\" data-e-type=\"widget\" data-widget_type=\"image.default\">\n\t\t\t\t<div class=\"elementor-widget-container\">\n\t\t\t\t\t\t\t\t\t\t\t\t\t\t\t<img fetchpriority=\"high\" decoding=\"async\" width=\"724\" height=\"1024\" src=\"https:\/\/www.elspagesos.com\/wp-content\/uploads\/2026\/03\/POSTERS-2026-SP-WEB-laura-724x1024.jpg\" class=\"attachment-large size-large wp-image-11086\" alt=\"\" srcset=\"https:\/\/www.elspagesos.com\/wp-content\/uploads\/2026\/03\/POSTERS-2026-SP-WEB-laura-724x1024.jpg 724w, https:\/\/www.elspagesos.com\/wp-content\/uploads\/2026\/03\/POSTERS-2026-SP-WEB-laura-640x905.jpg 640w, https:\/\/www.elspagesos.com\/wp-content\/uploads\/2026\/03\/POSTERS-2026-SP-WEB-laura-400x566.jpg 400w\" sizes=\"(max-width: 724px) 100vw, 724px\" \/>\t\t\t\t\t\t\t\t\t\t\t\t\t\t\t<\/div>\n\t\t\t\t<\/div>\n\t\t\t\t<\/div>\n\t\t<div class=\"elementor-element elementor-element-f1eb495 e-con-full e-flex e-con e-child\" data-id=\"f1eb495\" data-element_type=\"container\" data-e-type=\"container\">\r\n\t\t\t\t<div class=\"elementor-element elementor-element-ff5435d elementor-widget elementor-widget-text-editor\" data-id=\"ff5435d\" data-element_type=\"widget\" data-e-type=\"widget\" data-widget_type=\"text-editor.default\">\n\t\t\t\t<div class=\"elementor-widget-container\">\n\t\t\t\t\t\t\t\t\t<p>Arriba la primavera i, amb ella, la Setmana de la Poesia a Sant Feliu de Llobregat. Durant aquests dies, la ciutat s\u2019omple de versos, m\u00fasica i paraules compartides. Un any m\u00e9s, casa nostra s\u2019afegeix al festival acollint diversos actes on la poesia dialoga amb la m\u00fasica, el pensament i l\u2019escenari.<\/p><p><strong>SP 2026: LAURA GARRIGA<\/strong><\/p><p><strong>Dissabte 21.3 \/ 18:00h <\/strong><\/p><p><strong>\u201cElegia\u201d, amb Laura Garriga<\/strong><\/p><p data-start=\"450\" data-end=\"824\">La cantautora Laura Garriga presenta <em data-start=\"487\" data-end=\"495\">Elegia<\/em>, un concert \u00edntim on veu i piano es converteixen en espai de poesia. Les seves can\u00e7ons reflexionen sobre el pas del temps, la mem\u00f2ria i la necessitat de viure amb m\u00e9s calma, fugint de la pressa del m\u00f3n contemporani. Una proposta delicada i emotiva on la paraula i la m\u00fasica respiren juntes.<\/p>\t\t\t\t\t\t\t\t<\/div>\n\t\t\t\t<\/div>\n\t\t\t\t<\/div>\n\t\t<div class=\"elementor-element elementor-element-ad81525 e-con-full e-flex e-con e-child\" data-id=\"ad81525\" data-element_type=\"container\" data-e-type=\"container\">\r\n\t\t\t\t<div class=\"elementor-element elementor-element-c913c68 elementor-widget elementor-widget-video\" data-id=\"c913c68\" data-element_type=\"widget\" data-e-type=\"widget\" data-settings=\"{&quot;youtube_url&quot;:&quot;https:\\\/\\\/www.youtube.com\\\/watch?v=7IXRmin63R4&quot;,&quot;video_type&quot;:&quot;youtube&quot;,&quot;controls&quot;:&quot;yes&quot;}\" data-widget_type=\"video.default\">\n\t\t\t\t<div class=\"elementor-widget-container\">\n\t\t\t\t\t\t\t<div class=\"elementor-wrapper elementor-open-inline\">\n\t\t\t<div class=\"elementor-video\"><\/div>\t\t<\/div>\n\t\t\t\t\t\t<\/div>\n\t\t\t\t<\/div>\n\t\t\t\t<\/div>\n\t\t\t\t\t<\/div>\n\t\t\t\t<\/div>\n\t\t\t\t<\/div>\n\t\t","protected":false},"excerpt":{"rendered":"<p>Arriba la primavera i, amb ella, la Setmana de la Poesia a Sant Feliu de Llobregat. Durant aquests dies, la ciutat s\u2019omple de versos, m\u00fasica i paraules compartides. Un any m\u00e9s, casa nostra s\u2019afegeix al festival acollint diversos actes on la poesia dialoga amb la m\u00fasica, el pensament i l\u2019escenari. SP 2026: LAURA GARRIGA Dissabte [&hellip;]<\/p>\n","protected":false},"featured_media":11086,"menu_order":0,"template":"","class_list":["post-11099","event","type-event","status-publish","has-post-thumbnail","hentry"],"aioseo_notices":[],"_links":{"self":[{"href":"https:\/\/www.elspagesos.com\/es\/wp-json\/wp\/v2\/event\/11099","targetHints":{"allow":["GET"]}}],"collection":[{"href":"https:\/\/www.elspagesos.com\/es\/wp-json\/wp\/v2\/event"}],"about":[{"href":"https:\/\/www.elspagesos.com\/es\/wp-json\/wp\/v2\/types\/event"}],"version-history":[{"count":4,"href":"https:\/\/www.elspagesos.com\/es\/wp-json\/wp\/v2\/event\/11099\/revisions"}],"predecessor-version":[{"id":11110,"href":"https:\/\/www.elspagesos.com\/es\/wp-json\/wp\/v2\/event\/11099\/revisions\/11110"}],"wp:featuredmedia":[{"embeddable":true,"href":"https:\/\/www.elspagesos.com\/es\/wp-json\/wp\/v2\/media\/11086"}],"wp:attachment":[{"href":"https:\/\/www.elspagesos.com\/es\/wp-json\/wp\/v2\/media?parent=11099"}],"curies":[{"name":"wp","href":"https:\/\/api.w.org\/{rel}","templated":true}]}}