{"id":11097,"date":"2026-03-12T11:37:26","date_gmt":"2026-03-12T10:37:26","guid":{"rendered":"https:\/\/www.elspagesos.com\/?post_type=event&#038;p=11097"},"modified":"2026-03-12T12:17:38","modified_gmt":"2026-03-12T11:17:38","slug":"sp-2026-ruth-vicente-andrea-buenavista","status":"publish","type":"event","link":"https:\/\/www.elspagesos.com\/es\/agenda\/sp-2026-ruth-vicente-andrea-buenavista\/","title":{"rendered":"SP 2026: RUTH VICENTE + ANDREA BUENAVISTA"},"content":{"rendered":"\t\t<div data-elementor-type=\"wp-post\" data-elementor-id=\"11097\" class=\"elementor elementor-11097\" data-elementor-post-type=\"event\">\n\t\t\t\t<div class=\"elementor-element elementor-element-2a04679 e-flex e-con-boxed e-con e-parent\" data-id=\"2a04679\" data-element_type=\"container\" data-e-type=\"container\">\r\n\t\t\t\t\t<div class=\"e-con-inner\">\r\n\t\t<div class=\"elementor-element elementor-element-7132cda e-con-full e-flex e-con e-child\" data-id=\"7132cda\" data-element_type=\"container\" data-e-type=\"container\">\r\n\t\t\t\t<div class=\"elementor-element elementor-element-1577220 elementor-widget elementor-widget-image\" data-id=\"1577220\" data-element_type=\"widget\" data-e-type=\"widget\" data-widget_type=\"image.default\">\n\t\t\t\t<div class=\"elementor-widget-container\">\n\t\t\t\t\t\t\t\t\t\t\t\t\t\t\t<img fetchpriority=\"high\" decoding=\"async\" width=\"724\" height=\"1024\" src=\"https:\/\/www.elspagesos.com\/wp-content\/uploads\/2026\/03\/POSTERS-2026-SP-WEB-ruth-724x1024.jpg\" class=\"attachment-large size-large wp-image-11090\" alt=\"\" srcset=\"https:\/\/www.elspagesos.com\/wp-content\/uploads\/2026\/03\/POSTERS-2026-SP-WEB-ruth-724x1024.jpg 724w, https:\/\/www.elspagesos.com\/wp-content\/uploads\/2026\/03\/POSTERS-2026-SP-WEB-ruth-640x905.jpg 640w, https:\/\/www.elspagesos.com\/wp-content\/uploads\/2026\/03\/POSTERS-2026-SP-WEB-ruth-400x566.jpg 400w\" sizes=\"(max-width: 724px) 100vw, 724px\" \/>\t\t\t\t\t\t\t\t\t\t\t\t\t\t\t<\/div>\n\t\t\t\t<\/div>\n\t\t\t\t<\/div>\n\t\t<div class=\"elementor-element elementor-element-f1eb495 e-con-full e-flex e-con e-child\" data-id=\"f1eb495\" data-element_type=\"container\" data-e-type=\"container\">\r\n\t\t\t\t<div class=\"elementor-element elementor-element-ff5435d elementor-widget elementor-widget-text-editor\" data-id=\"ff5435d\" data-element_type=\"widget\" data-e-type=\"widget\" data-widget_type=\"text-editor.default\">\n\t\t\t\t<div class=\"elementor-widget-container\">\n\t\t\t\t\t\t\t\t\t<p><strong>SP 2026: RUTH VICENTE + ANDREA BUENAVISTA<\/strong><\/p><p><strong>Dissabte 28.3 \/ 18:00h <\/strong><\/p><p><strong>\u201cLa belleza se sirve cruda\u201d, amb Ruth Vicente + Andrea Buenavista<\/strong><\/p><p><strong>\u00a0<\/strong><\/p><p><strong>Espectacle po\u00e8tic: \u201cLa belleza se sirve cruda\u201d, amb Ruth Vicente<\/strong><\/p><p data-start=\"1876\" data-end=\"2256\">La poeta barcelonina Ruth Vicente presenta un recital de poesia directa i visceral. Els seus textos, com els del poemari <em data-start=\"1997\" data-end=\"2007\">Contexto<\/em>, exploren l\u2019amor, la rutina, el dolor i la transformaci\u00f3 personal amb una veu honesta i sense filtres. Un viatge po\u00e8tic que parla del cos, de les ferides i del cam\u00ed cap a una mirada m\u00e9s conscient sobre la vida.<\/p><p><strong data-start=\"2262\" data-end=\"2293\">\u00a0<\/strong><\/p><p><strong>Concert: Andrea Buenavista<\/strong><\/p><p data-start=\"2295\" data-end=\"2698\">La tarda continua amb el concert d\u2019Andrea Buenavista, cantautora d\u2019esperit lliure i veu profunda, sovint descrita com una \u201ccrooner contempor\u00e0nia\u201d. La seva m\u00fasica es mou entre el pop independent, el bolero emocional i la can\u00e7\u00f3 d\u2019autor, amb lletres que parlen de desamor, ironia i fragilitat humana amb una eleg\u00e0ncia nocturna i una certa actitud de bar a altes hores.<\/p>\t\t\t\t\t\t\t\t<\/div>\n\t\t\t\t<\/div>\n\t\t\t\t<\/div>\n\t\t<div class=\"elementor-element elementor-element-ad81525 e-con-full e-flex e-con e-child\" data-id=\"ad81525\" data-element_type=\"container\" data-e-type=\"container\">\r\n\t\t\t\t<div class=\"elementor-element elementor-element-c913c68 elementor-widget elementor-widget-video\" data-id=\"c913c68\" data-element_type=\"widget\" data-e-type=\"widget\" data-settings=\"{&quot;youtube_url&quot;:&quot;https:\\\/\\\/www.youtube.com\\\/watch?v=_tij7MuaEDg&amp;list=RDEMfMBFFuRTyScdXzh4rxK-xA&amp;start_radio=1&quot;,&quot;video_type&quot;:&quot;youtube&quot;,&quot;controls&quot;:&quot;yes&quot;}\" data-widget_type=\"video.default\">\n\t\t\t\t<div class=\"elementor-widget-container\">\n\t\t\t\t\t\t\t<div class=\"elementor-wrapper elementor-open-inline\">\n\t\t\t<div class=\"elementor-video\"><\/div>\t\t<\/div>\n\t\t\t\t\t\t<\/div>\n\t\t\t\t<\/div>\n\t\t\t\t<\/div>\n\t\t\t\t\t<\/div>\n\t\t\t\t<\/div>\n\t\t\t\t<\/div>\n\t\t","protected":false},"excerpt":{"rendered":"<p>SP 2026: RUTH VICENTE + ANDREA BUENAVISTA Dissabte 28.3 \/ 18:00h \u201cLa belleza se sirve cruda\u201d, amb Ruth Vicente + Andrea Buenavista \u00a0 Espectacle po\u00e8tic: \u201cLa belleza se sirve cruda\u201d, amb Ruth Vicente La poeta barcelonina Ruth Vicente presenta un recital de poesia directa i visceral. Els seus textos, com els del poemari Contexto, exploren [&hellip;]<\/p>\n","protected":false},"featured_media":11090,"menu_order":0,"template":"","class_list":["post-11097","event","type-event","status-publish","has-post-thumbnail","hentry"],"aioseo_notices":[],"_links":{"self":[{"href":"https:\/\/www.elspagesos.com\/es\/wp-json\/wp\/v2\/event\/11097","targetHints":{"allow":["GET"]}}],"collection":[{"href":"https:\/\/www.elspagesos.com\/es\/wp-json\/wp\/v2\/event"}],"about":[{"href":"https:\/\/www.elspagesos.com\/es\/wp-json\/wp\/v2\/types\/event"}],"version-history":[{"count":5,"href":"https:\/\/www.elspagesos.com\/es\/wp-json\/wp\/v2\/event\/11097\/revisions"}],"predecessor-version":[{"id":11111,"href":"https:\/\/www.elspagesos.com\/es\/wp-json\/wp\/v2\/event\/11097\/revisions\/11111"}],"wp:featuredmedia":[{"embeddable":true,"href":"https:\/\/www.elspagesos.com\/es\/wp-json\/wp\/v2\/media\/11090"}],"wp:attachment":[{"href":"https:\/\/www.elspagesos.com\/es\/wp-json\/wp\/v2\/media?parent=11097"}],"curies":[{"name":"wp","href":"https:\/\/api.w.org\/{rel}","templated":true}]}}